{"id":5072,"date":"2023-01-06T12:55:47","date_gmt":"2023-01-06T12:55:47","guid":{"rendered":"https:\/\/muzeulgolesti.ro\/ro\/?page_id=5072"},"modified":"2023-01-06T12:56:37","modified_gmt":"2023-01-06T12:56:37","slug":"ghid-muzeul-viticulturii-si-pomiculturii-golesti","status":"publish","type":"page","link":"https:\/\/muzeulgolesti.ro\/en\/ghid-muzeul-viticulturii-si-pomiculturii-golesti\/","title":{"rendered":"Ghid Muzeul Viticulturii si Pomiculturii Golesti"},"content":{"rendered":"<div class=\"fusion-fullwidth fullwidth-box fusion-builder-row-1 fusion-flex-container has-pattern-background has-mask-background nonhundred-percent-fullwidth non-hundred-percent-height-scrolling\" style=\"--awb-border-radius-top-left:0px;--awb-border-radius-top-right:0px;--awb-border-radius-bottom-right:0px;--awb-border-radius-bottom-left:0px;--awb-flex-wrap:wrap;\" ><div class=\"fusion-builder-row fusion-row fusion-flex-align-items-flex-start fusion-flex-content-wrap\" style=\"max-width:93.6%;margin-left: calc(-4% \/ 2 );margin-right: calc(-4% \/ 2 );\"><div class=\"fusion-layout-column fusion_builder_column fusion-builder-column-0 fusion_builder_column_1_1 1_1 fusion-flex-column\" style=\"--awb-bg-size:cover;--awb-width-large:100%;--awb-margin-top-large:0px;--awb-spacing-right-large:1.92%;--awb-margin-bottom-large:20px;--awb-spacing-left-large:1.92%;--awb-width-medium:100%;--awb-order-medium:0;--awb-spacing-right-medium:1.92%;--awb-spacing-left-medium:1.92%;--awb-width-small:100%;--awb-order-small:0;--awb-spacing-right-small:1.92%;--awb-spacing-left-small:1.92%;\"><div class=\"fusion-column-wrapper fusion-column-has-shadow fusion-flex-justify-content-flex-start fusion-content-layout-column\"><div class=\"fusion-blog-shortcode fusion-blog-shortcode-1 fusion-blog-archive fusion-blog-layout-grid-wrapper fusion-blog-no\"><style type=\"text\/css\">.fusion-blog-shortcode-1 .fusion-blog-layout-grid .fusion-post-grid{padding:20px;}.fusion-blog-shortcode-1 .fusion-posts-container{margin-left: -20px !important; margin-right:-20px !important;}<\/style><div class=\"fusion-posts-container fusion-posts-container-no fusion-no-meta-info fusion-blog-rollover fusion-blog-layout-grid fusion-blog-layout-grid-2 isotope fusion-blog-equal-heights\" data-pages=\"12\" data-grid-col-space=\"40\" style=\"margin: -20px -20px 0;min-height:500px;\"><article id=\"blog-1-post-7835\" class=\"fusion-post-grid post-7835 post type-post status-publish format-standard has-post-thumbnail hentry category-evenimente\">\n<div class=\"fusion-post-wrapper\" style=\"background-color:rgba(255,255,255,0);border:1px solid var(--awb-color2);border-bottom-width:3px;\">\n\n\t\t\t<div class=\"fusion-flexslider flexslider fusion-flexslider-loading fusion-post-slideshow\" style=\"border-color:var(--awb-color2);\">\n\t\t<ul class=\"slides\">\n\t\t\t\n\t\t\t\t\t\t\t\t\t\t\t\t\t\t<li><div  class=\"fusion-image-wrapper\" aria-haspopup=\"true\">\n\t\t\t\t<img decoding=\"async\" width=\"900\" height=\"508\" src=\"https:\/\/muzeulgolesti.ro\/wp-content\/uploads\/2026\/04\/Untitled.jpg\" class=\"attachment-full size-full wp-post-image\" alt=\"\" srcset=\"https:\/\/muzeulgolesti.ro\/wp-content\/uploads\/2026\/04\/Untitled-200x113.jpg 200w, https:\/\/muzeulgolesti.ro\/wp-content\/uploads\/2026\/04\/Untitled-400x226.jpg 400w, https:\/\/muzeulgolesti.ro\/wp-content\/uploads\/2026\/04\/Untitled-600x339.jpg 600w, https:\/\/muzeulgolesti.ro\/wp-content\/uploads\/2026\/04\/Untitled-800x452.jpg 800w, https:\/\/muzeulgolesti.ro\/wp-content\/uploads\/2026\/04\/Untitled.jpg 900w\" sizes=\"(min-width: 2200px) 100vw, (min-width: 712px) 784px, (min-width: 640px) 712px, \" \/><div class=\"fusion-rollover\">\n\t<div class=\"fusion-rollover-content\">\n\n\t\t\t\t\t\t\t\t\t\t\t\t\t\t<a class=\"fusion-rollover-link\" href=\"https:\/\/muzeulgolesti.ro\/en\/evenimente\/conferinta-nationala-salvgardarea-patromoniului-cultural-imaterial-metode-si-perspective\/\">Conferin\u021ba Na\u021bional\u0103: SALVGARDAREA PATROMONIULUI CULTURAL IMATERIAL &#8211; METODE \u0218I PERSPECTIVE<\/a>\n\t\t\t\n\t\t\t\t\t\t\t\t\t\t\t\t\t\t\n\t\t\t\t\t\t\t\t\n\t\t\t\t\t\t\t\t\t\t\t\t\t<div class=\"fusion-rollover-sep\"><\/div>\n\t\t\t\t\n\t\t\t\t\t\t\t\t\t\t\t\t\t\t\t\t\t\t<a class=\"fusion-rollover-gallery\" href=\"https:\/\/muzeulgolesti.ro\/wp-content\/uploads\/2026\/04\/Untitled.jpg\" data-options=\"\" data-id=\"7835\" data-rel=\"iLightbox[gallery]\" data-title=\"Untitled\" data-caption=\"\">\n\t\t\t\t\t\tGallery\t\t\t\t\t<\/a>\n\t\t\t\t\t\t\t\t\t\t\t\t\t\t\n\t\t\n\t\t\t\t\t\t\t\t\t\t\t\t<h4 class=\"fusion-rollover-title\">\n\t\t\t\t\t<a class=\"fusion-rollover-title-link\" href=\"https:\/\/muzeulgolesti.ro\/en\/evenimente\/conferinta-nationala-salvgardarea-patromoniului-cultural-imaterial-metode-si-perspective\/\">\n\t\t\t\t\t\tConferin\u021ba Na\u021bional\u0103: SALVGARDAREA PATROMONIULUI CULTURAL IMATERIAL &#8211; METODE \u0218I PERSPECTIVE\t\t\t\t\t<\/a>\n\t\t\t\t<\/h4>\n\t\t\t\n\t\t\t\t\t\t\t\t\t\t<div class=\"fusion-rollover-categories\"><a href=\"https:\/\/muzeulgolesti.ro\/en\/category\/evenimente\/\" rel=\"tag\">Evenimente<\/a><\/div>\t\t\t\t\t\n\t\t\n\t\t\t\t\t\t<a class=\"fusion-link-wrapper\" href=\"https:\/\/muzeulgolesti.ro\/en\/evenimente\/conferinta-nationala-salvgardarea-patromoniului-cultural-imaterial-metode-si-perspective\/\" aria-label=\"Conferin\u021ba Na\u021bional\u0103: SALVGARDAREA PATROMONIULUI CULTURAL IMATERIAL &#8211; METODE \u0218I PERSPECTIVE\"><\/a>\n\t<\/div>\n<\/div>\n<\/div>\n<\/li>\n\t\t\t\n\t\t\t\n\t\t\t\t\t\t\t\t\t\t\t\t\t\t\t\t\t\t\t\t\t\t\t\t\t\t\t\t\t\t\t\t\t\t\t\t\t\t\t\t\t\t\t\t\t\t\t\t\t\t\t\t\t\t\t\t\t\t\t\t\t\t\t\t\t\t\t\t<\/ul>\n\t<\/div>\n\t<div class=\"fusion-post-content-wrapper\" style=\"padding:30px 25px 25px 25px;\"><div class=\"fusion-post-content post-content\"><h2 class=\"blog-shortcode-post-title entry-title\"><a href=\"https:\/\/muzeulgolesti.ro\/en\/evenimente\/conferinta-nationala-salvgardarea-patromoniului-cultural-imaterial-metode-si-perspective\/\">Conferin\u021ba Na\u021bional\u0103: SALVGARDAREA PATROMONIULUI CULTURAL IMATERIAL &#8211; METODE \u0218I PERSPECTIVE<\/a><\/h2><div class=\"fusion-post-content-container\"><p>PROGRAM Mar\u021bi, 5 mai 2026 CONFERIN\u021aA NA\u021aIONAL\u0102 SALVGARDAREA PATRIMONIULUI CULTURAL IMATERIAL- METODE \u0218I PERSPECTIVE ORGANIZATORI: Consiliul Jude\u021bean Arge\u0219 Muzeul Viticulturii \u0219i Pomiculturii [...]<\/p><\/div><\/div><\/div><div class=\"fusion-clearfix\"><\/div><\/div>\n<\/article>\n<article id=\"blog-1-post-7828\" class=\"fusion-post-grid post-7828 post type-post status-publish format-standard has-post-thumbnail hentry category-evenimente\">\n<div class=\"fusion-post-wrapper\" style=\"background-color:rgba(255,255,255,0);border:1px solid var(--awb-color2);border-bottom-width:3px;\">\n\n\t\t\t<div class=\"fusion-flexslider flexslider fusion-flexslider-loading fusion-post-slideshow\" style=\"border-color:var(--awb-color2);\">\n\t\t<ul class=\"slides\">\n\t\t\t\n\t\t\t\t\t\t\t\t\t\t\t\t\t\t<li><div  class=\"fusion-image-wrapper\" aria-haspopup=\"true\">\n\t\t\t\t<img decoding=\"async\" width=\"900\" height=\"508\" src=\"https:\/\/muzeulgolesti.ro\/wp-content\/uploads\/2026\/04\/coperta.jpg\" class=\"attachment-full size-full wp-post-image\" alt=\"\" srcset=\"https:\/\/muzeulgolesti.ro\/wp-content\/uploads\/2026\/04\/coperta-200x113.jpg 200w, https:\/\/muzeulgolesti.ro\/wp-content\/uploads\/2026\/04\/coperta-400x226.jpg 400w, https:\/\/muzeulgolesti.ro\/wp-content\/uploads\/2026\/04\/coperta-600x339.jpg 600w, https:\/\/muzeulgolesti.ro\/wp-content\/uploads\/2026\/04\/coperta-800x452.jpg 800w, https:\/\/muzeulgolesti.ro\/wp-content\/uploads\/2026\/04\/coperta.jpg 900w\" sizes=\"(min-width: 2200px) 100vw, (min-width: 712px) 784px, (min-width: 640px) 712px, \" \/><div class=\"fusion-rollover\">\n\t<div class=\"fusion-rollover-content\">\n\n\t\t\t\t\t\t\t\t\t\t\t\t\t\t<a class=\"fusion-rollover-link\" href=\"https:\/\/muzeulgolesti.ro\/en\/evenimente\/expozitie-brindusa-bontea-si-radu-florea-manuscrise-solare\/\">Exhibition by Br\u00eendu\u0219a Bontea and Radu Florea, \u201eSolar Manuscripts\u201d<\/a>\n\t\t\t\n\t\t\t\t\t\t\t\t\t\t\t\t\t\t\n\t\t\t\t\t\t\t\t\n\t\t\t\t\t\t\t\t\t\t\t\t\t<div class=\"fusion-rollover-sep\"><\/div>\n\t\t\t\t\n\t\t\t\t\t\t\t\t\t\t\t\t\t\t\t\t\t\t<a class=\"fusion-rollover-gallery\" href=\"https:\/\/muzeulgolesti.ro\/wp-content\/uploads\/2026\/04\/coperta.jpg\" data-options=\"\" data-id=\"7828\" data-rel=\"iLightbox[gallery]\" data-title=\"coperta\" data-caption=\"\">\n\t\t\t\t\t\tGallery\t\t\t\t\t<\/a>\n\t\t\t\t\t\t\t\t\t\t\t\t\t\t\n\t\t\n\t\t\t\t\t\t\t\t\t\t\t\t<h4 class=\"fusion-rollover-title\">\n\t\t\t\t\t<a class=\"fusion-rollover-title-link\" href=\"https:\/\/muzeulgolesti.ro\/en\/evenimente\/expozitie-brindusa-bontea-si-radu-florea-manuscrise-solare\/\">\n\t\t\t\t\t\tExhibition by Br\u00eendu\u0219a Bontea and Radu Florea, \u201eSolar Manuscripts\u201d\t\t\t\t\t<\/a>\n\t\t\t\t<\/h4>\n\t\t\t\n\t\t\t\t\t\t\t\t\t\t<div class=\"fusion-rollover-categories\"><a href=\"https:\/\/muzeulgolesti.ro\/en\/category\/evenimente\/\" rel=\"tag\">Evenimente<\/a><\/div>\t\t\t\t\t\n\t\t\n\t\t\t\t\t\t<a class=\"fusion-link-wrapper\" href=\"https:\/\/muzeulgolesti.ro\/en\/evenimente\/expozitie-brindusa-bontea-si-radu-florea-manuscrise-solare\/\" aria-label=\"Exhibition by Br\u00eendu\u0219a Bontea and Radu Florea, \u201eSolar Manuscripts\u201d\"><\/a>\n\t<\/div>\n<\/div>\n<\/div>\n<\/li>\n\t\t\t\n\t\t\t\n\t\t\t\t\t\t\t\t\t\t\t\t\t\t\t\t\t\t\t\t\t\t\t\t\t\t\t\t\t\t\t\t\t\t\t\t\t\t\t\t\t\t\t\t\t\t\t\t\t\t\t\t\t\t\t\t\t\t\t\t\t\t\t\t\t\t\t\t<\/ul>\n\t<\/div>\n\t<div class=\"fusion-post-content-wrapper\" style=\"padding:30px 25px 25px 25px;\"><div class=\"fusion-post-content post-content\"><h2 class=\"blog-shortcode-post-title entry-title\"><a href=\"https:\/\/muzeulgolesti.ro\/en\/evenimente\/expozitie-brindusa-bontea-si-radu-florea-manuscrise-solare\/\">Exhibition by Br\u00eendu\u0219a Bontea and Radu Florea, \u201eSolar Manuscripts\u201d<\/a><\/h2><div class=\"fusion-post-content-container\"><p>On Thursday, May 9, 2026, the painting exhibition entitled Solar Manuscripts, belonging to the artist couple Br\u00eendu\u015fa Bontea and Radu Florea, will [...]<\/p><\/div><\/div><\/div><div class=\"fusion-clearfix\"><\/div><\/div>\n<\/article>\n<article id=\"blog-1-post-7819\" class=\"fusion-post-grid post-7819 post type-post status-publish format-standard has-post-thumbnail hentry category-evenimente\">\n<div class=\"fusion-post-wrapper\" style=\"background-color:rgba(255,255,255,0);border:1px solid var(--awb-color2);border-bottom-width:3px;\">\n\n\t\t\t<div class=\"fusion-flexslider flexslider fusion-flexslider-loading fusion-post-slideshow\" style=\"border-color:var(--awb-color2);\">\n\t\t<ul class=\"slides\">\n\t\t\t\n\t\t\t\t\t\t\t\t\t\t\t\t\t\t<li><div  class=\"fusion-image-wrapper\" aria-haspopup=\"true\">\n\t\t\t\t<img decoding=\"async\" width=\"900\" height=\"508\" src=\"https:\/\/muzeulgolesti.ro\/wp-content\/uploads\/2026\/04\/coperta.png\" class=\"attachment-full size-full wp-post-image\" alt=\"\" srcset=\"https:\/\/muzeulgolesti.ro\/wp-content\/uploads\/2026\/04\/coperta-200x113.png 200w, https:\/\/muzeulgolesti.ro\/wp-content\/uploads\/2026\/04\/coperta-400x226.png 400w, https:\/\/muzeulgolesti.ro\/wp-content\/uploads\/2026\/04\/coperta-600x339.png 600w, https:\/\/muzeulgolesti.ro\/wp-content\/uploads\/2026\/04\/coperta-800x452.png 800w, https:\/\/muzeulgolesti.ro\/wp-content\/uploads\/2026\/04\/coperta.png 900w\" sizes=\"(min-width: 2200px) 100vw, (min-width: 712px) 784px, (min-width: 640px) 712px, \" \/><div class=\"fusion-rollover\">\n\t<div class=\"fusion-rollover-content\">\n\n\t\t\t\t\t\t\t\t\t\t\t\t\t\t<a class=\"fusion-rollover-link\" href=\"https:\/\/muzeulgolesti.ro\/en\/evenimente\/simpozion-judetean-200-de-ani-de-la-infiintarea-scolii-slobode-obstesti\/\">Symposium at Gole\u0219ti Museum: &#8220;200 years since the founding of the Free Public School&#8221;<\/a>\n\t\t\t\n\t\t\t\t\t\t\t\t\t\t\t\t\t\t\n\t\t\t\t\t\t\t\t\n\t\t\t\t\t\t\t\t\t\t\t\t\t<div class=\"fusion-rollover-sep\"><\/div>\n\t\t\t\t\n\t\t\t\t\t\t\t\t\t\t\t\t\t\t\t\t\t\t<a class=\"fusion-rollover-gallery\" href=\"https:\/\/muzeulgolesti.ro\/wp-content\/uploads\/2026\/04\/coperta.png\" data-options=\"\" data-id=\"7819\" data-rel=\"iLightbox[gallery]\" data-title=\"coperta\" data-caption=\"\">\n\t\t\t\t\t\tGallery\t\t\t\t\t<\/a>\n\t\t\t\t\t\t\t\t\t\t\t\t\t\t\n\t\t\n\t\t\t\t\t\t\t\t\t\t\t\t<h4 class=\"fusion-rollover-title\">\n\t\t\t\t\t<a class=\"fusion-rollover-title-link\" href=\"https:\/\/muzeulgolesti.ro\/en\/evenimente\/simpozion-judetean-200-de-ani-de-la-infiintarea-scolii-slobode-obstesti\/\">\n\t\t\t\t\t\tSymposium at Gole\u0219ti Museum: &#8220;200 years since the founding of the Free Public School&#8221;\t\t\t\t\t<\/a>\n\t\t\t\t<\/h4>\n\t\t\t\n\t\t\t\t\t\t\t\t\t\t<div class=\"fusion-rollover-categories\"><a href=\"https:\/\/muzeulgolesti.ro\/en\/category\/evenimente\/\" rel=\"tag\">Evenimente<\/a><\/div>\t\t\t\t\t\n\t\t\n\t\t\t\t\t\t<a class=\"fusion-link-wrapper\" href=\"https:\/\/muzeulgolesti.ro\/en\/evenimente\/simpozion-judetean-200-de-ani-de-la-infiintarea-scolii-slobode-obstesti\/\" aria-label=\"Symposium at Gole\u0219ti Museum: &#8220;200 years since the founding of the Free Public School&#8221;\"><\/a>\n\t<\/div>\n<\/div>\n<\/div>\n<\/li>\n\t\t\t\n\t\t\t\n\t\t\t\t\t\t\t\t\t\t\t\t\t\t\t\t\t\t\t\t\t\t\t\t\t\t\t\t\t\t\t\t\t\t\t\t\t\t\t\t\t\t\t\t\t\t\t\t\t\t\t\t\t\t\t\t\t\t\t\t\t\t\t\t\t\t\t\t<\/ul>\n\t<\/div>\n\t<div class=\"fusion-post-content-wrapper\" style=\"padding:30px 25px 25px 25px;\"><div class=\"fusion-post-content post-content\"><h2 class=\"blog-shortcode-post-title entry-title\"><a href=\"https:\/\/muzeulgolesti.ro\/en\/evenimente\/simpozion-judetean-200-de-ani-de-la-infiintarea-scolii-slobode-obstesti\/\">Symposium at Gole\u0219ti Museum: &#8220;200 years since the founding of the Free Public School&#8221;<\/a><\/h2><div class=\"fusion-post-content-container\"><p>On Thursday, April 30, 2026, at 11:00, the county symposium dedicated to the celebration of 200 years since the founding of the [...]<\/p><\/div><\/div><\/div><div class=\"fusion-clearfix\"><\/div><\/div>\n<\/article>\n<article id=\"blog-1-post-7810\" class=\"fusion-post-grid post-7810 post type-post status-publish format-standard has-post-thumbnail hentry category-evenimente\">\n<div class=\"fusion-post-wrapper\" style=\"background-color:rgba(255,255,255,0);border:1px solid var(--awb-color2);border-bottom-width:3px;\">\n\n\t\t\t<div class=\"fusion-flexslider flexslider fusion-flexslider-loading fusion-post-slideshow\" style=\"border-color:var(--awb-color2);\">\n\t\t<ul class=\"slides\">\n\t\t\t\n\t\t\t\t\t\t\t\t\t\t\t\t\t\t<li><div  class=\"fusion-image-wrapper\" aria-haspopup=\"true\">\n\t\t\t\t<img decoding=\"async\" width=\"900\" height=\"508\" src=\"https:\/\/muzeulgolesti.ro\/wp-content\/uploads\/2026\/04\/coperta-nicu-dumitrescu.jpg\" class=\"attachment-full size-full wp-post-image\" alt=\"\" srcset=\"https:\/\/muzeulgolesti.ro\/wp-content\/uploads\/2026\/04\/coperta-nicu-dumitrescu-200x113.jpg 200w, https:\/\/muzeulgolesti.ro\/wp-content\/uploads\/2026\/04\/coperta-nicu-dumitrescu-400x226.jpg 400w, https:\/\/muzeulgolesti.ro\/wp-content\/uploads\/2026\/04\/coperta-nicu-dumitrescu-600x339.jpg 600w, https:\/\/muzeulgolesti.ro\/wp-content\/uploads\/2026\/04\/coperta-nicu-dumitrescu-800x452.jpg 800w, https:\/\/muzeulgolesti.ro\/wp-content\/uploads\/2026\/04\/coperta-nicu-dumitrescu.jpg 900w\" sizes=\"(min-width: 2200px) 100vw, (min-width: 712px) 784px, (min-width: 640px) 712px, \" \/><div class=\"fusion-rollover\">\n\t<div class=\"fusion-rollover-content\">\n\n\t\t\t\t\t\t\t\t\t\t\t\t\t\t<a class=\"fusion-rollover-link\" href=\"https:\/\/muzeulgolesti.ro\/en\/evenimente\/expozitie-nicu-dumitrescu-in-hoc-signo-vinces\/\">Expozi\u021bie Nicu Dumitrescu: \u201eIn Hoc Signo Vinces\u201d<\/a>\n\t\t\t\n\t\t\t\t\t\t\t\t\t\t\t\t\t\t\n\t\t\t\t\t\t\t\t\n\t\t\t\t\t\t\t\t\t\t\t\t\t<div class=\"fusion-rollover-sep\"><\/div>\n\t\t\t\t\n\t\t\t\t\t\t\t\t\t\t\t\t\t\t\t\t\t\t<a class=\"fusion-rollover-gallery\" href=\"https:\/\/muzeulgolesti.ro\/wp-content\/uploads\/2026\/04\/coperta-nicu-dumitrescu.jpg\" data-options=\"\" data-id=\"7810\" data-rel=\"iLightbox[gallery]\" data-title=\"coperta nicu dumitrescu\" data-caption=\"\">\n\t\t\t\t\t\tGallery\t\t\t\t\t<\/a>\n\t\t\t\t\t\t\t\t\t\t\t\t\t\t\n\t\t\n\t\t\t\t\t\t\t\t\t\t\t\t<h4 class=\"fusion-rollover-title\">\n\t\t\t\t\t<a class=\"fusion-rollover-title-link\" href=\"https:\/\/muzeulgolesti.ro\/en\/evenimente\/expozitie-nicu-dumitrescu-in-hoc-signo-vinces\/\">\n\t\t\t\t\t\tExpozi\u021bie Nicu Dumitrescu: \u201eIn Hoc Signo Vinces\u201d\t\t\t\t\t<\/a>\n\t\t\t\t<\/h4>\n\t\t\t\n\t\t\t\t\t\t\t\t\t\t<div class=\"fusion-rollover-categories\"><a href=\"https:\/\/muzeulgolesti.ro\/en\/category\/evenimente\/\" rel=\"tag\">Evenimente<\/a><\/div>\t\t\t\t\t\n\t\t\n\t\t\t\t\t\t<a class=\"fusion-link-wrapper\" href=\"https:\/\/muzeulgolesti.ro\/en\/evenimente\/expozitie-nicu-dumitrescu-in-hoc-signo-vinces\/\" aria-label=\"Expozi\u021bie Nicu Dumitrescu: \u201eIn Hoc Signo Vinces\u201d\"><\/a>\n\t<\/div>\n<\/div>\n<\/div>\n<\/li>\n\t\t\t\n\t\t\t\n\t\t\t\t\t\t\t\t\t\t\t\t\t\t\t\t\t\t\t\t\t\t\t\t\t\t\t\t\t\t\t\t\t\t\t\t\t\t\t\t\t\t\t\t\t\t\t\t\t\t\t\t\t\t\t\t\t\t\t\t\t\t\t\t\t\t\t\t<\/ul>\n\t<\/div>\n\t<div class=\"fusion-post-content-wrapper\" style=\"padding:30px 25px 25px 25px;\"><div class=\"fusion-post-content post-content\"><h2 class=\"blog-shortcode-post-title entry-title\"><a href=\"https:\/\/muzeulgolesti.ro\/en\/evenimente\/expozitie-nicu-dumitrescu-in-hoc-signo-vinces\/\">Expozi\u021bie Nicu Dumitrescu: \u201eIn Hoc Signo Vinces\u201d<\/a><\/h2><div class=\"fusion-post-content-container\"><p>The Gole\u0219ti Museum of Viticulture and Fruit Growing invites the public on Thursday, April 23, 2026, at 2:30 PM, to the opening [...]<\/p><\/div><\/div><\/div><div class=\"fusion-clearfix\"><\/div><\/div>\n<\/article>\n<article id=\"blog-1-post-7802\" class=\"fusion-post-grid post-7802 post type-post status-publish format-standard has-post-thumbnail hentry category-stiri\">\n<div class=\"fusion-post-wrapper\" style=\"background-color:rgba(255,255,255,0);border:1px solid var(--awb-color2);border-bottom-width:3px;\">\n\n\t\t\t<div class=\"fusion-flexslider flexslider fusion-flexslider-loading fusion-post-slideshow\" style=\"border-color:var(--awb-color2);\">\n\t\t<ul class=\"slides\">\n\t\t\t\n\t\t\t\t\t\t\t\t\t\t\t\t\t\t<li><div  class=\"fusion-image-wrapper\" aria-haspopup=\"true\">\n\t\t\t\t<img decoding=\"async\" width=\"900\" height=\"508\" src=\"https:\/\/muzeulgolesti.ro\/wp-content\/uploads\/2025\/04\/paste-2025.jpg\" class=\"attachment-full size-full wp-post-image\" alt=\"\" srcset=\"https:\/\/muzeulgolesti.ro\/wp-content\/uploads\/2025\/04\/paste-2025-200x113.jpg 200w, https:\/\/muzeulgolesti.ro\/wp-content\/uploads\/2025\/04\/paste-2025-400x226.jpg 400w, https:\/\/muzeulgolesti.ro\/wp-content\/uploads\/2025\/04\/paste-2025-600x339.jpg 600w, https:\/\/muzeulgolesti.ro\/wp-content\/uploads\/2025\/04\/paste-2025-800x452.jpg 800w, https:\/\/muzeulgolesti.ro\/wp-content\/uploads\/2025\/04\/paste-2025.jpg 900w\" sizes=\"(min-width: 2200px) 100vw, (min-width: 712px) 784px, (min-width: 640px) 712px, \" \/><div class=\"fusion-rollover\">\n\t<div class=\"fusion-rollover-content\">\n\n\t\t\t\t\t\t\t\t\t\t\t\t\t\t<a class=\"fusion-rollover-link\" href=\"https:\/\/muzeulgolesti.ro\/en\/stiri\/programul-muzeului-golesti-in-perioada-sarbatorilor-pascale-2\/\">The Golesti Museum&#8217;s schedule during the Ortodox Easter holidays<\/a>\n\t\t\t\n\t\t\t\t\t\t\t\t\t\t\t\t\t\t\n\t\t\t\t\t\t\t\t\n\t\t\t\t\t\t\t\t\t\t\t\t\t<div class=\"fusion-rollover-sep\"><\/div>\n\t\t\t\t\n\t\t\t\t\t\t\t\t\t\t\t\t\t\t\t\t\t\t<a class=\"fusion-rollover-gallery\" href=\"https:\/\/muzeulgolesti.ro\/wp-content\/uploads\/2025\/04\/paste-2025.jpg\" data-options=\"\" data-id=\"7802\" data-rel=\"iLightbox[gallery]\" data-title=\"paste 2025\" data-caption=\"\">\n\t\t\t\t\t\tGallery\t\t\t\t\t<\/a>\n\t\t\t\t\t\t\t\t\t\t\t\t\t\t\n\t\t\n\t\t\t\t\t\t\t\t\t\t\t\t<h4 class=\"fusion-rollover-title\">\n\t\t\t\t\t<a class=\"fusion-rollover-title-link\" href=\"https:\/\/muzeulgolesti.ro\/en\/stiri\/programul-muzeului-golesti-in-perioada-sarbatorilor-pascale-2\/\">\n\t\t\t\t\t\tThe Golesti Museum&#8217;s schedule during the Ortodox Easter holidays\t\t\t\t\t<\/a>\n\t\t\t\t<\/h4>\n\t\t\t\n\t\t\t\t\t\t\t\t\t\t<div class=\"fusion-rollover-categories\"><a href=\"https:\/\/muzeulgolesti.ro\/en\/category\/stiri\/\" rel=\"tag\">Stiri<\/a><\/div>\t\t\t\t\t\n\t\t\n\t\t\t\t\t\t<a class=\"fusion-link-wrapper\" href=\"https:\/\/muzeulgolesti.ro\/en\/stiri\/programul-muzeului-golesti-in-perioada-sarbatorilor-pascale-2\/\" aria-label=\"The Golesti Museum&#8217;s schedule during the Ortodox Easter holidays\"><\/a>\n\t<\/div>\n<\/div>\n<\/div>\n<\/li>\n\t\t\t\n\t\t\t\n\t\t\t\t\t\t\t\t\t\t\t\t\t\t\t\t\t\t\t\t\t\t\t\t\t\t\t\t\t\t\t\t\t\t\t\t\t\t\t\t\t\t\t\t\t\t\t\t\t\t\t\t\t\t\t\t\t\t\t\t\t\t\t\t\t\t\t\t<\/ul>\n\t<\/div>\n\t<div class=\"fusion-post-content-wrapper\" style=\"padding:30px 25px 25px 25px;\"><div class=\"fusion-post-content post-content\"><h2 class=\"blog-shortcode-post-title entry-title\"><a href=\"https:\/\/muzeulgolesti.ro\/en\/stiri\/programul-muzeului-golesti-in-perioada-sarbatorilor-pascale-2\/\">The Golesti Museum&#8217;s schedule during the Ortodox Easter holidays<\/a><\/h2><div class=\"fusion-post-content-container\"><p>Dear friends, On the occasion of Easter, the team at the Golesti Museum sends you our warmest and most sincere wishes for [...]<\/p><\/div><\/div><\/div><div class=\"fusion-clearfix\"><\/div><\/div>\n<\/article>\n<article id=\"blog-1-post-7792\" class=\"fusion-post-grid post-7792 post type-post status-publish format-standard has-post-thumbnail hentry category-stiri\">\n<div class=\"fusion-post-wrapper\" style=\"background-color:rgba(255,255,255,0);border:1px solid var(--awb-color2);border-bottom-width:3px;\">\n\n\t\t\t<div class=\"fusion-flexslider flexslider fusion-flexslider-loading fusion-post-slideshow\" style=\"border-color:var(--awb-color2);\">\n\t\t<ul class=\"slides\">\n\t\t\t\n\t\t\t\t\t\t\t\t\t\t\t\t\t\t<li><div  class=\"fusion-image-wrapper\" aria-haspopup=\"true\">\n\t\t\t\t<img decoding=\"async\" width=\"900\" height=\"508\" src=\"https:\/\/muzeulgolesti.ro\/wp-content\/uploads\/2026\/03\/coperta-1.jpg\" class=\"attachment-full size-full wp-post-image\" alt=\"\" srcset=\"https:\/\/muzeulgolesti.ro\/wp-content\/uploads\/2026\/03\/coperta-1-200x113.jpg 200w, https:\/\/muzeulgolesti.ro\/wp-content\/uploads\/2026\/03\/coperta-1-400x226.jpg 400w, https:\/\/muzeulgolesti.ro\/wp-content\/uploads\/2026\/03\/coperta-1-600x339.jpg 600w, https:\/\/muzeulgolesti.ro\/wp-content\/uploads\/2026\/03\/coperta-1-800x452.jpg 800w, https:\/\/muzeulgolesti.ro\/wp-content\/uploads\/2026\/03\/coperta-1.jpg 900w\" sizes=\"(min-width: 2200px) 100vw, (min-width: 712px) 784px, (min-width: 640px) 712px, \" \/><div class=\"fusion-rollover\">\n\t<div class=\"fusion-rollover-content\">\n\n\t\t\t\t\t\t\t\t\t\t\t\t\t\t<a class=\"fusion-rollover-link\" href=\"https:\/\/muzeulgolesti.ro\/en\/stiri\/orarul-de-vara-al-muzeului-golesti\/\">Gole\u0219ti Museum Summer Schedule<\/a>\n\t\t\t\n\t\t\t\t\t\t\t\t\t\t\t\t\t\t\n\t\t\t\t\t\t\t\t\n\t\t\t\t\t\t\t\t\t\t\t\t\t<div class=\"fusion-rollover-sep\"><\/div>\n\t\t\t\t\n\t\t\t\t\t\t\t\t\t\t\t\t\t\t\t\t\t\t<a class=\"fusion-rollover-gallery\" href=\"https:\/\/muzeulgolesti.ro\/wp-content\/uploads\/2026\/03\/coperta-1.jpg\" data-options=\"\" data-id=\"7792\" data-rel=\"iLightbox[gallery]\" data-title=\"coperta\" data-caption=\"\">\n\t\t\t\t\t\tGallery\t\t\t\t\t<\/a>\n\t\t\t\t\t\t\t\t\t\t\t\t\t\t\n\t\t\n\t\t\t\t\t\t\t\t\t\t\t\t<h4 class=\"fusion-rollover-title\">\n\t\t\t\t\t<a class=\"fusion-rollover-title-link\" href=\"https:\/\/muzeulgolesti.ro\/en\/stiri\/orarul-de-vara-al-muzeului-golesti\/\">\n\t\t\t\t\t\tGole\u0219ti Museum Summer Schedule\t\t\t\t\t<\/a>\n\t\t\t\t<\/h4>\n\t\t\t\n\t\t\t\t\t\t\t\t\t\t<div class=\"fusion-rollover-categories\"><a href=\"https:\/\/muzeulgolesti.ro\/en\/category\/stiri\/\" rel=\"tag\">Stiri<\/a><\/div>\t\t\t\t\t\n\t\t\n\t\t\t\t\t\t<a class=\"fusion-link-wrapper\" href=\"https:\/\/muzeulgolesti.ro\/en\/stiri\/orarul-de-vara-al-muzeului-golesti\/\" aria-label=\"Gole\u0219ti Museum Summer Schedule\"><\/a>\n\t<\/div>\n<\/div>\n<\/div>\n<\/li>\n\t\t\t\n\t\t\t\n\t\t\t\t\t\t\t\t\t\t\t\t\t\t\t\t\t\t\t\t\t\t\t\t\t\t\t\t\t\t\t\t\t\t\t\t\t\t\t\t\t\t\t\t\t\t\t\t\t\t\t\t\t\t\t\t\t\t\t\t\t\t\t\t\t\t\t\t<\/ul>\n\t<\/div>\n\t<div class=\"fusion-post-content-wrapper\" style=\"padding:30px 25px 25px 25px;\"><div class=\"fusion-post-content post-content\"><h2 class=\"blog-shortcode-post-title entry-title\"><a href=\"https:\/\/muzeulgolesti.ro\/en\/stiri\/orarul-de-vara-al-muzeului-golesti\/\">Gole\u0219ti Museum Summer Schedule<\/a><\/h2><div class=\"fusion-post-content-container\"><p>Dear visitors, We are pleased to let you know that, starting March 30, 2026, we will switch to our summer schedule. We [...]<\/p><\/div><\/div><\/div><div class=\"fusion-clearfix\"><\/div><\/div>\n<\/article>\n<article id=\"blog-1-post-7774\" class=\"fusion-post-grid post-7774 post type-post status-publish format-standard has-post-thumbnail hentry category-stiri\">\n<div class=\"fusion-post-wrapper\" style=\"background-color:rgba(255,255,255,0);border:1px solid var(--awb-color2);border-bottom-width:3px;\">\n\n\t\t\t<div class=\"fusion-flexslider flexslider fusion-flexslider-loading fusion-post-slideshow\" style=\"border-color:var(--awb-color2);\">\n\t\t<ul class=\"slides\">\n\t\t\t\n\t\t\t\t\t\t\t\t\t\t\t\t\t\t<li><div  class=\"fusion-image-wrapper\" aria-haspopup=\"true\">\n\t\t\t\t<img decoding=\"async\" width=\"900\" height=\"508\" src=\"https:\/\/muzeulgolesti.ro\/wp-content\/uploads\/2026\/03\/vernisaje.jpg\" class=\"attachment-full size-full wp-post-image\" alt=\"\" srcset=\"https:\/\/muzeulgolesti.ro\/wp-content\/uploads\/2026\/03\/vernisaje-200x113.jpg 200w, https:\/\/muzeulgolesti.ro\/wp-content\/uploads\/2026\/03\/vernisaje-400x226.jpg 400w, https:\/\/muzeulgolesti.ro\/wp-content\/uploads\/2026\/03\/vernisaje-600x339.jpg 600w, https:\/\/muzeulgolesti.ro\/wp-content\/uploads\/2026\/03\/vernisaje-800x452.jpg 800w, https:\/\/muzeulgolesti.ro\/wp-content\/uploads\/2026\/03\/vernisaje.jpg 900w\" sizes=\"(min-width: 2200px) 100vw, (min-width: 712px) 784px, (min-width: 640px) 712px, \" \/><div class=\"fusion-rollover\">\n\t<div class=\"fusion-rollover-content\">\n\n\t\t\t\t\t\t\t\t\t\t\t\t\t\t<a class=\"fusion-rollover-link\" href=\"https:\/\/muzeulgolesti.ro\/en\/stiri\/muzeul-golesti-marcheaza-ziua-femeii-prin-vernisarea-expozitiilor-perspective-feminine-si-maria-tanase-suflet-romanesc\/\">The Gole\u0219ti Museum Marks International Women\u2019s Day with the Opening of the Exhibitions \u201cFeminine Perspectives\u201d and \u201cMaria T\u0103nase \u2013 Romanian Soul\u201d<\/a>\n\t\t\t\n\t\t\t\t\t\t\t\t\t\t\t\t\t\t\n\t\t\t\t\t\t\t\t\n\t\t\t\t\t\t\t\t\t\t\t\t\t<div class=\"fusion-rollover-sep\"><\/div>\n\t\t\t\t\n\t\t\t\t\t\t\t\t\t\t\t\t\t\t\t\t\t\t<a class=\"fusion-rollover-gallery\" href=\"https:\/\/muzeulgolesti.ro\/wp-content\/uploads\/2026\/03\/vernisaje.jpg\" data-options=\"\" data-id=\"7774\" data-rel=\"iLightbox[gallery]\" data-title=\"vernisaje\" data-caption=\"\">\n\t\t\t\t\t\tGallery\t\t\t\t\t<\/a>\n\t\t\t\t\t\t\t\t\t\t\t\t\t\t\n\t\t\n\t\t\t\t\t\t\t\t\t\t\t\t<h4 class=\"fusion-rollover-title\">\n\t\t\t\t\t<a class=\"fusion-rollover-title-link\" href=\"https:\/\/muzeulgolesti.ro\/en\/stiri\/muzeul-golesti-marcheaza-ziua-femeii-prin-vernisarea-expozitiilor-perspective-feminine-si-maria-tanase-suflet-romanesc\/\">\n\t\t\t\t\t\tThe Gole\u0219ti Museum Marks International Women\u2019s Day with the Opening of the Exhibitions \u201cFeminine Perspectives\u201d and \u201cMaria T\u0103nase \u2013 Romanian Soul\u201d\t\t\t\t\t<\/a>\n\t\t\t\t<\/h4>\n\t\t\t\n\t\t\t\t\t\t\t\t\t\t<div class=\"fusion-rollover-categories\"><a href=\"https:\/\/muzeulgolesti.ro\/en\/category\/stiri\/\" rel=\"tag\">Stiri<\/a><\/div>\t\t\t\t\t\n\t\t\n\t\t\t\t\t\t<a class=\"fusion-link-wrapper\" href=\"https:\/\/muzeulgolesti.ro\/en\/stiri\/muzeul-golesti-marcheaza-ziua-femeii-prin-vernisarea-expozitiilor-perspective-feminine-si-maria-tanase-suflet-romanesc\/\" aria-label=\"The Gole\u0219ti Museum Marks International Women\u2019s Day with the Opening of the Exhibitions \u201cFeminine Perspectives\u201d and \u201cMaria T\u0103nase \u2013 Romanian Soul\u201d\"><\/a>\n\t<\/div>\n<\/div>\n<\/div>\n<\/li>\n\t\t\t\n\t\t\t\n\t\t\t\t\t\t\t\t\t\t\t\t\t\t\t\t\t\t\t\t\t\t\t\t\t\t\t\t\t\t\t\t\t\t\t\t\t\t\t\t\t\t\t\t\t\t\t\t\t\t\t\t\t\t\t\t\t\t\t\t\t\t\t\t\t\t\t\t<\/ul>\n\t<\/div>\n\t<div class=\"fusion-post-content-wrapper\" style=\"padding:30px 25px 25px 25px;\"><div class=\"fusion-post-content post-content\"><h2 class=\"blog-shortcode-post-title entry-title\"><a href=\"https:\/\/muzeulgolesti.ro\/en\/stiri\/muzeul-golesti-marcheaza-ziua-femeii-prin-vernisarea-expozitiilor-perspective-feminine-si-maria-tanase-suflet-romanesc\/\">The Gole\u0219ti Museum Marks International Women\u2019s Day with the Opening of the Exhibitions \u201cFeminine Perspectives\u201d and \u201cMaria T\u0103nase \u2013 Romanian Soul\u201d<\/a><\/h2><div class=\"fusion-post-content-container\"><p>On the occasion of International Women\u2019s Day, the Gole\u0219ti Museum opened two exhibitions dedicated to the feminine universe: the painting exhibition \u201cFeminine [...]<\/p><\/div><\/div><\/div><div class=\"fusion-clearfix\"><\/div><\/div>\n<\/article>\n<article id=\"blog-1-post-7762\" class=\"fusion-post-grid post-7762 post type-post status-publish format-standard has-post-thumbnail hentry category-stiri\">\n<div class=\"fusion-post-wrapper\" style=\"background-color:rgba(255,255,255,0);border:1px solid var(--awb-color2);border-bottom-width:3px;\">\n\n\t\t\t<div class=\"fusion-flexslider flexslider fusion-flexslider-loading fusion-post-slideshow\" style=\"border-color:var(--awb-color2);\">\n\t\t<ul class=\"slides\">\n\t\t\t\n\t\t\t\t\t\t\t\t\t\t\t\t\t\t<li><div  class=\"fusion-image-wrapper\" aria-haspopup=\"true\">\n\t\t\t\t<div class=\"fusion-rollover\">\n\t<div class=\"fusion-rollover-content\">\n\n\t\t\t\t\t\t\t\t\t\t\t\t\t\t<a class=\"fusion-rollover-link\" href=\"https:\/\/muzeulgolesti.ro\/en\/stiri\/8-martie-acces-liber-pentru-doamne-in-muzeul-golesti\/\">March 8 \u2013 free access for the ladies at the Gole\u0219ti Museum<\/a>\n\t\t\t\n\t\t\t\t\t\t\t\t\t\t\t\t\t\t\n\t\t\t\t\t\t\t\t\n\t\t\t\t\t\t\t\t\n\t\t\t\t\t\t\t\t\t\t\t\t\t\n\t\t\n\t\t\t\t\t\t\t\t\t\t\t\t<h4 class=\"fusion-rollover-title\">\n\t\t\t\t\t<a class=\"fusion-rollover-title-link\" href=\"https:\/\/muzeulgolesti.ro\/en\/stiri\/8-martie-acces-liber-pentru-doamne-in-muzeul-golesti\/\">\n\t\t\t\t\t\tMarch 8 \u2013 free access for the ladies at the Gole\u0219ti Museum\t\t\t\t\t<\/a>\n\t\t\t\t<\/h4>\n\t\t\t\n\t\t\t\t\t\t\t\t\t\t<div class=\"fusion-rollover-categories\"><a href=\"https:\/\/muzeulgolesti.ro\/en\/category\/stiri\/\" rel=\"tag\">Stiri<\/a><\/div>\t\t\t\t\t\n\t\t\n\t\t\t\t\t\t<a class=\"fusion-link-wrapper\" href=\"https:\/\/muzeulgolesti.ro\/en\/stiri\/8-martie-acces-liber-pentru-doamne-in-muzeul-golesti\/\" aria-label=\"March 8 \u2013 free access for the ladies at the Gole\u0219ti Museum\"><\/a>\n\t<\/div>\n<\/div>\n<\/div>\n<\/li>\n\t\t\t\n\t\t\t\n\t\t\t\t\t\t\t\t\t\t\t\t\t\t\t\t\t\t\t\t\t\t\t\t\t\t\t\t\t\t\t\t\t\t\t\t\t\t\t\t\t\t\t\t\t\t\t\t\t\t\t\t\t\t\t\t\t\t\t\t\t\t\t\t\t\t\t\t<\/ul>\n\t<\/div>\n\t<div class=\"fusion-post-content-wrapper\" style=\"padding:30px 25px 25px 25px;\"><div class=\"fusion-post-content post-content\"><h2 class=\"blog-shortcode-post-title entry-title\"><a href=\"https:\/\/muzeulgolesti.ro\/en\/stiri\/8-martie-acces-liber-pentru-doamne-in-muzeul-golesti\/\">March 8 \u2013 free access for the ladies at the Gole\u0219ti Museum<\/a><\/h2><div class=\"fusion-post-content-container\"><p>On March 8, we celebrate the beauty, strength, sensitivity and inspiration that women bring every day to our lives. We wish you [...]<\/p><\/div><\/div><\/div><div class=\"fusion-clearfix\"><\/div><\/div>\n<\/article>\n<article id=\"blog-1-post-7752\" class=\"fusion-post-grid post-7752 post type-post status-publish format-standard has-post-thumbnail hentry category-evenimente\">\n<div class=\"fusion-post-wrapper\" style=\"background-color:rgba(255,255,255,0);border:1px solid var(--awb-color2);border-bottom-width:3px;\">\n\n\t\t\t<div class=\"fusion-flexslider flexslider fusion-flexslider-loading fusion-post-slideshow\" style=\"border-color:var(--awb-color2);\">\n\t\t<ul class=\"slides\">\n\t\t\t\n\t\t\t\t\t\t\t\t\t\t\t\t\t\t<li><div  class=\"fusion-image-wrapper\" aria-haspopup=\"true\">\n\t\t\t\t<img decoding=\"async\" width=\"900\" height=\"508\" src=\"https:\/\/muzeulgolesti.ro\/wp-content\/uploads\/2024\/03\/coperta-site-1.png\" class=\"attachment-full size-full wp-post-image\" alt=\"\" srcset=\"https:\/\/muzeulgolesti.ro\/wp-content\/uploads\/2024\/03\/coperta-site-1-200x113.png 200w, https:\/\/muzeulgolesti.ro\/wp-content\/uploads\/2024\/03\/coperta-site-1-400x226.png 400w, https:\/\/muzeulgolesti.ro\/wp-content\/uploads\/2024\/03\/coperta-site-1-600x339.png 600w, https:\/\/muzeulgolesti.ro\/wp-content\/uploads\/2024\/03\/coperta-site-1-800x452.png 800w, https:\/\/muzeulgolesti.ro\/wp-content\/uploads\/2024\/03\/coperta-site-1.png 900w\" sizes=\"(min-width: 2200px) 100vw, (min-width: 712px) 784px, (min-width: 640px) 712px, \" \/><div class=\"fusion-rollover\">\n\t<div class=\"fusion-rollover-content\">\n\n\t\t\t\t\t\t\t\t\t\t\t\t\t\t<a class=\"fusion-rollover-link\" href=\"https:\/\/muzeulgolesti.ro\/en\/evenimente\/ziua-poeziei-2026\/\">2026 Poetry Day at the Gole\u0219ti Manor<\/a>\n\t\t\t\n\t\t\t\t\t\t\t\t\t\t\t\t\t\t\n\t\t\t\t\t\t\t\t\n\t\t\t\t\t\t\t\t\t\t\t\t\t<div class=\"fusion-rollover-sep\"><\/div>\n\t\t\t\t\n\t\t\t\t\t\t\t\t\t\t\t\t\t\t\t\t\t\t<a class=\"fusion-rollover-gallery\" href=\"https:\/\/muzeulgolesti.ro\/wp-content\/uploads\/2024\/03\/coperta-site-1.png\" data-options=\"\" data-id=\"7752\" data-rel=\"iLightbox[gallery]\" data-title=\"coperta site\" data-caption=\"\">\n\t\t\t\t\t\tGallery\t\t\t\t\t<\/a>\n\t\t\t\t\t\t\t\t\t\t\t\t\t\t\n\t\t\n\t\t\t\t\t\t\t\t\t\t\t\t<h4 class=\"fusion-rollover-title\">\n\t\t\t\t\t<a class=\"fusion-rollover-title-link\" href=\"https:\/\/muzeulgolesti.ro\/en\/evenimente\/ziua-poeziei-2026\/\">\n\t\t\t\t\t\t2026 Poetry Day at the Gole\u0219ti Manor\t\t\t\t\t<\/a>\n\t\t\t\t<\/h4>\n\t\t\t\n\t\t\t\t\t\t\t\t\t\t<div class=\"fusion-rollover-categories\"><a href=\"https:\/\/muzeulgolesti.ro\/en\/category\/evenimente\/\" rel=\"tag\">Evenimente<\/a><\/div>\t\t\t\t\t\n\t\t\n\t\t\t\t\t\t<a class=\"fusion-link-wrapper\" href=\"https:\/\/muzeulgolesti.ro\/en\/evenimente\/ziua-poeziei-2026\/\" aria-label=\"2026 Poetry Day at the Gole\u0219ti Manor\"><\/a>\n\t<\/div>\n<\/div>\n<\/div>\n<\/li>\n\t\t\t\n\t\t\t\n\t\t\t\t\t\t\t\t\t\t\t\t\t\t\t\t\t\t\t\t\t\t\t\t\t\t\t\t\t\t\t\t\t\t\t\t\t\t\t\t\t\t\t\t\t\t\t\t\t\t\t\t\t\t\t\t\t\t\t\t\t\t\t\t\t\t\t\t<\/ul>\n\t<\/div>\n\t<div class=\"fusion-post-content-wrapper\" style=\"padding:30px 25px 25px 25px;\"><div class=\"fusion-post-content post-content\"><h2 class=\"blog-shortcode-post-title entry-title\"><a href=\"https:\/\/muzeulgolesti.ro\/en\/evenimente\/ziua-poeziei-2026\/\">2026 Poetry Day at the Gole\u0219ti Manor<\/a><\/h2><div class=\"fusion-post-content-container\"><p>Dear literature lovers, On Saturday, March 21, 2026, starting at 1:00 PM, the annual event titled International Poetry Day at the Gole\u0219ti [...]<\/p><\/div><\/div><\/div><div class=\"fusion-clearfix\"><\/div><\/div>\n<\/article>\n<article id=\"blog-1-post-7746\" class=\"fusion-post-grid post-7746 post type-post status-publish format-standard has-post-thumbnail hentry category-evenimente\">\n<div class=\"fusion-post-wrapper\" style=\"background-color:rgba(255,255,255,0);border:1px solid var(--awb-color2);border-bottom-width:3px;\">\n\n\t\t\t<div class=\"fusion-flexslider flexslider fusion-flexslider-loading fusion-post-slideshow\" style=\"border-color:var(--awb-color2);\">\n\t\t<ul class=\"slides\">\n\t\t\t\n\t\t\t\t\t\t\t\t\t\t\t\t\t\t<li><div  class=\"fusion-image-wrapper\" aria-haspopup=\"true\">\n\t\t\t\t<img decoding=\"async\" width=\"900\" height=\"508\" src=\"https:\/\/muzeulgolesti.ro\/wp-content\/uploads\/2026\/03\/coperta.jpg\" class=\"attachment-full size-full wp-post-image\" alt=\"\" srcset=\"https:\/\/muzeulgolesti.ro\/wp-content\/uploads\/2026\/03\/coperta-200x113.jpg 200w, https:\/\/muzeulgolesti.ro\/wp-content\/uploads\/2026\/03\/coperta-400x226.jpg 400w, https:\/\/muzeulgolesti.ro\/wp-content\/uploads\/2026\/03\/coperta-600x339.jpg 600w, https:\/\/muzeulgolesti.ro\/wp-content\/uploads\/2026\/03\/coperta-800x452.jpg 800w, https:\/\/muzeulgolesti.ro\/wp-content\/uploads\/2026\/03\/coperta.jpg 900w\" sizes=\"(min-width: 2200px) 100vw, (min-width: 712px) 784px, (min-width: 640px) 712px, \" \/><div class=\"fusion-rollover\">\n\t<div class=\"fusion-rollover-content\">\n\n\t\t\t\t\t\t\t\t\t\t\t\t\t\t<a class=\"fusion-rollover-link\" href=\"https:\/\/muzeulgolesti.ro\/en\/evenimente\/expozitie-de-pictura-perspective-feminine\/\">Painting Exhibition: &#8220;Feminine Perspectives&#8221;<\/a>\n\t\t\t\n\t\t\t\t\t\t\t\t\t\t\t\t\t\t\n\t\t\t\t\t\t\t\t\n\t\t\t\t\t\t\t\t\t\t\t\t\t<div class=\"fusion-rollover-sep\"><\/div>\n\t\t\t\t\n\t\t\t\t\t\t\t\t\t\t\t\t\t\t\t\t\t\t<a class=\"fusion-rollover-gallery\" href=\"https:\/\/muzeulgolesti.ro\/wp-content\/uploads\/2026\/03\/coperta.jpg\" data-options=\"\" data-id=\"7746\" data-rel=\"iLightbox[gallery]\" data-title=\"coperta\" data-caption=\"\">\n\t\t\t\t\t\tGallery\t\t\t\t\t<\/a>\n\t\t\t\t\t\t\t\t\t\t\t\t\t\t\n\t\t\n\t\t\t\t\t\t\t\t\t\t\t\t<h4 class=\"fusion-rollover-title\">\n\t\t\t\t\t<a class=\"fusion-rollover-title-link\" href=\"https:\/\/muzeulgolesti.ro\/en\/evenimente\/expozitie-de-pictura-perspective-feminine\/\">\n\t\t\t\t\t\tPainting Exhibition: &#8220;Feminine Perspectives&#8221;\t\t\t\t\t<\/a>\n\t\t\t\t<\/h4>\n\t\t\t\n\t\t\t\t\t\t\t\t\t\t<div class=\"fusion-rollover-categories\"><a href=\"https:\/\/muzeulgolesti.ro\/en\/category\/evenimente\/\" rel=\"tag\">Evenimente<\/a><\/div>\t\t\t\t\t\n\t\t\n\t\t\t\t\t\t<a class=\"fusion-link-wrapper\" href=\"https:\/\/muzeulgolesti.ro\/en\/evenimente\/expozitie-de-pictura-perspective-feminine\/\" aria-label=\"Painting Exhibition: &#8220;Feminine Perspectives&#8221;\"><\/a>\n\t<\/div>\n<\/div>\n<\/div>\n<\/li>\n\t\t\t\n\t\t\t\n\t\t\t\t\t\t\t\t\t\t\t\t\t\t\t\t\t\t\t\t\t\t\t\t\t\t\t\t\t\t\t\t\t\t\t\t\t\t\t\t\t\t\t\t\t\t\t\t\t\t\t\t\t\t\t\t\t\t\t\t\t\t\t\t\t\t\t\t<\/ul>\n\t<\/div>\n\t<div class=\"fusion-post-content-wrapper\" style=\"padding:30px 25px 25px 25px;\"><div class=\"fusion-post-content post-content\"><h2 class=\"blog-shortcode-post-title entry-title\"><a href=\"https:\/\/muzeulgolesti.ro\/en\/evenimente\/expozitie-de-pictura-perspective-feminine\/\">Painting Exhibition: &#8220;Feminine Perspectives&#8221;<\/a><\/h2><div class=\"fusion-post-content-container\"><p>\u00a0 Between March 6 and April 21, 2026, the Gole\u0219ti Museum, in partnership with the Curtea de Arge\u0219 Municipal Museum, once again [...]<\/p><\/div><\/div><\/div><div class=\"fusion-clearfix\"><\/div><\/div>\n<\/article>\n<article id=\"blog-1-post-7736\" class=\"fusion-post-grid post-7736 post type-post status-publish format-standard has-post-thumbnail hentry category-evenimente\">\n<div class=\"fusion-post-wrapper\" style=\"background-color:rgba(255,255,255,0);border:1px solid var(--awb-color2);border-bottom-width:3px;\">\n\n\t\t\t<div class=\"fusion-flexslider flexslider fusion-flexslider-loading fusion-post-slideshow\" style=\"border-color:var(--awb-color2);\">\n\t\t<ul class=\"slides\">\n\t\t\t\n\t\t\t\t\t\t\t\t\t\t\t\t\t\t<li><div  class=\"fusion-image-wrapper\" aria-haspopup=\"true\">\n\t\t\t\t<img decoding=\"async\" width=\"900\" height=\"508\" src=\"https:\/\/muzeulgolesti.ro\/wp-content\/uploads\/2026\/03\/coperta-expo-Maria-Tanase.jpg\" class=\"attachment-full size-full wp-post-image\" alt=\"\" srcset=\"https:\/\/muzeulgolesti.ro\/wp-content\/uploads\/2026\/03\/coperta-expo-Maria-Tanase-200x113.jpg 200w, https:\/\/muzeulgolesti.ro\/wp-content\/uploads\/2026\/03\/coperta-expo-Maria-Tanase-400x226.jpg 400w, https:\/\/muzeulgolesti.ro\/wp-content\/uploads\/2026\/03\/coperta-expo-Maria-Tanase-600x339.jpg 600w, https:\/\/muzeulgolesti.ro\/wp-content\/uploads\/2026\/03\/coperta-expo-Maria-Tanase-800x452.jpg 800w, https:\/\/muzeulgolesti.ro\/wp-content\/uploads\/2026\/03\/coperta-expo-Maria-Tanase.jpg 900w\" sizes=\"(min-width: 2200px) 100vw, (min-width: 712px) 784px, (min-width: 640px) 712px, \" \/><div class=\"fusion-rollover\">\n\t<div class=\"fusion-rollover-content\">\n\n\t\t\t\t\t\t\t\t\t\t\t\t\t\t<a class=\"fusion-rollover-link\" href=\"https:\/\/muzeulgolesti.ro\/en\/evenimente\/expozitie-maria-tanase-suflet-romanesc\/\">Expozi\u021bie: \u201eMaria T\u0103nase \u2013 Suflet rom\u00e2nesc\u201d<\/a>\n\t\t\t\n\t\t\t\t\t\t\t\t\t\t\t\t\t\t\n\t\t\t\t\t\t\t\t\n\t\t\t\t\t\t\t\t\t\t\t\t\t<div class=\"fusion-rollover-sep\"><\/div>\n\t\t\t\t\n\t\t\t\t\t\t\t\t\t\t\t\t\t\t\t\t\t\t<a class=\"fusion-rollover-gallery\" href=\"https:\/\/muzeulgolesti.ro\/wp-content\/uploads\/2026\/03\/coperta-expo-Maria-Tanase.jpg\" data-options=\"\" data-id=\"7736\" data-rel=\"iLightbox[gallery]\" data-title=\"coperta expo Maria Tanase\" data-caption=\"\">\n\t\t\t\t\t\tGallery\t\t\t\t\t<\/a>\n\t\t\t\t\t\t\t\t\t\t\t\t\t\t\n\t\t\n\t\t\t\t\t\t\t\t\t\t\t\t<h4 class=\"fusion-rollover-title\">\n\t\t\t\t\t<a class=\"fusion-rollover-title-link\" href=\"https:\/\/muzeulgolesti.ro\/en\/evenimente\/expozitie-maria-tanase-suflet-romanesc\/\">\n\t\t\t\t\t\tExpozi\u021bie: \u201eMaria T\u0103nase \u2013 Suflet rom\u00e2nesc\u201d\t\t\t\t\t<\/a>\n\t\t\t\t<\/h4>\n\t\t\t\n\t\t\t\t\t\t\t\t\t\t<div class=\"fusion-rollover-categories\"><a href=\"https:\/\/muzeulgolesti.ro\/en\/category\/evenimente\/\" rel=\"tag\">Evenimente<\/a><\/div>\t\t\t\t\t\n\t\t\n\t\t\t\t\t\t<a class=\"fusion-link-wrapper\" href=\"https:\/\/muzeulgolesti.ro\/en\/evenimente\/expozitie-maria-tanase-suflet-romanesc\/\" aria-label=\"Expozi\u021bie: \u201eMaria T\u0103nase \u2013 Suflet rom\u00e2nesc\u201d\"><\/a>\n\t<\/div>\n<\/div>\n<\/div>\n<\/li>\n\t\t\t\n\t\t\t\n\t\t\t\t\t\t\t\t\t\t\t\t\t\t\t\t\t\t\t\t\t\t\t\t\t\t\t\t\t\t\t\t\t\t\t\t\t\t\t\t\t\t\t\t\t\t\t\t\t\t\t\t\t\t\t\t\t\t\t\t\t\t\t\t\t\t\t\t<\/ul>\n\t<\/div>\n\t<div class=\"fusion-post-content-wrapper\" style=\"padding:30px 25px 25px 25px;\"><div class=\"fusion-post-content post-content\"><h2 class=\"blog-shortcode-post-title entry-title\"><a href=\"https:\/\/muzeulgolesti.ro\/en\/evenimente\/expozitie-maria-tanase-suflet-romanesc\/\">Expozi\u021bie: \u201eMaria T\u0103nase \u2013 Suflet rom\u00e2nesc\u201d<\/a><\/h2><div class=\"fusion-post-content-container\"><p>The Gole\u0219ti Museum of Viticulture and Fruit Growing, in partnership with the Ethnography Section of the Oltenia Museum in Craiova, is organizing [...]<\/p><\/div><\/div><\/div><div class=\"fusion-clearfix\"><\/div><\/div>\n<\/article>\n<article id=\"blog-1-post-7713\" class=\"fusion-post-grid post-7713 post type-post status-publish format-standard has-post-thumbnail hentry category-evenimente\">\n<div class=\"fusion-post-wrapper\" style=\"background-color:rgba(255,255,255,0);border:1px solid var(--awb-color2);border-bottom-width:3px;\">\n\n\t\t\t<div class=\"fusion-flexslider flexslider fusion-flexslider-loading fusion-post-slideshow\" style=\"border-color:var(--awb-color2);\">\n\t\t<ul class=\"slides\">\n\t\t\t\n\t\t\t\t\t\t\t\t\t\t\t\t\t\t<li><div  class=\"fusion-image-wrapper\" aria-haspopup=\"true\">\n\t\t\t\t<img decoding=\"async\" width=\"900\" height=\"508\" src=\"https:\/\/muzeulgolesti.ro\/wp-content\/uploads\/2026\/02\/Coperta-1.png\" class=\"attachment-full size-full wp-post-image\" alt=\"\" srcset=\"https:\/\/muzeulgolesti.ro\/wp-content\/uploads\/2026\/02\/Coperta-1-200x113.png 200w, https:\/\/muzeulgolesti.ro\/wp-content\/uploads\/2026\/02\/Coperta-1-400x226.png 400w, https:\/\/muzeulgolesti.ro\/wp-content\/uploads\/2026\/02\/Coperta-1-600x339.png 600w, https:\/\/muzeulgolesti.ro\/wp-content\/uploads\/2026\/02\/Coperta-1-800x452.png 800w, https:\/\/muzeulgolesti.ro\/wp-content\/uploads\/2026\/02\/Coperta-1.png 900w\" sizes=\"(min-width: 2200px) 100vw, (min-width: 712px) 784px, (min-width: 640px) 712px, \" \/><div class=\"fusion-rollover\">\n\t<div class=\"fusion-rollover-content\">\n\n\t\t\t\t\t\t\t\t\t\t\t\t\t\t<a class=\"fusion-rollover-link\" href=\"https:\/\/muzeulgolesti.ro\/en\/evenimente\/expozitie-nicolae-m-nica-cioplitorul-de-ganduri-vine-la-bucuresti\/\">The Temporary Exhibition  \u201cThe Carver of Thoughts\u201d , in honorem Nicolae M. Nica<\/a>\n\t\t\t\n\t\t\t\t\t\t\t\t\t\t\t\t\t\t\n\t\t\t\t\t\t\t\t\n\t\t\t\t\t\t\t\t\t\t\t\t\t<div class=\"fusion-rollover-sep\"><\/div>\n\t\t\t\t\n\t\t\t\t\t\t\t\t\t\t\t\t\t\t\t\t\t\t<a class=\"fusion-rollover-gallery\" href=\"https:\/\/muzeulgolesti.ro\/wp-content\/uploads\/2026\/02\/Coperta-1.png\" data-options=\"\" data-id=\"7713\" data-rel=\"iLightbox[gallery]\" data-title=\"Coperta\" data-caption=\"\">\n\t\t\t\t\t\tGallery\t\t\t\t\t<\/a>\n\t\t\t\t\t\t\t\t\t\t\t\t\t\t\n\t\t\n\t\t\t\t\t\t\t\t\t\t\t\t<h4 class=\"fusion-rollover-title\">\n\t\t\t\t\t<a class=\"fusion-rollover-title-link\" href=\"https:\/\/muzeulgolesti.ro\/en\/evenimente\/expozitie-nicolae-m-nica-cioplitorul-de-ganduri-vine-la-bucuresti\/\">\n\t\t\t\t\t\tThe Temporary Exhibition  \u201cThe Carver of Thoughts\u201d , in honorem Nicolae M. Nica\t\t\t\t\t<\/a>\n\t\t\t\t<\/h4>\n\t\t\t\n\t\t\t\t\t\t\t\t\t\t<div class=\"fusion-rollover-categories\"><a href=\"https:\/\/muzeulgolesti.ro\/en\/category\/evenimente\/\" rel=\"tag\">Evenimente<\/a><\/div>\t\t\t\t\t\n\t\t\n\t\t\t\t\t\t<a class=\"fusion-link-wrapper\" href=\"https:\/\/muzeulgolesti.ro\/en\/evenimente\/expozitie-nicolae-m-nica-cioplitorul-de-ganduri-vine-la-bucuresti\/\" aria-label=\"The Temporary Exhibition  \u201cThe Carver of Thoughts\u201d , in honorem Nicolae M. Nica\"><\/a>\n\t<\/div>\n<\/div>\n<\/div>\n<\/li>\n\t\t\t\n\t\t\t\n\t\t\t\t\t\t\t\t\t\t\t\t\t\t\t\t\t\t\t\t\t\t\t\t\t\t\t\t\t\t\t\t\t\t\t\t\t\t\t\t\t\t\t\t\t\t\t\t\t\t\t\t\t\t\t\t\t\t\t\t\t\t\t\t\t\t\t\t<\/ul>\n\t<\/div>\n\t<div class=\"fusion-post-content-wrapper\" style=\"padding:30px 25px 25px 25px;\"><div class=\"fusion-post-content post-content\"><h2 class=\"blog-shortcode-post-title entry-title\"><a href=\"https:\/\/muzeulgolesti.ro\/en\/evenimente\/expozitie-nicolae-m-nica-cioplitorul-de-ganduri-vine-la-bucuresti\/\">The Temporary Exhibition  \u201cThe Carver of Thoughts\u201d , in honorem Nicolae M. Nica<\/a><\/h2><div class=\"fusion-post-content-container\"><p>\u00a0 This spring, Bucharest becomes the setting for a symbolic reunion with the life and work of one of Olt County\u2019s most [...]<\/p><\/div><\/div><\/div><div class=\"fusion-clearfix\"><\/div><\/div>\n<\/article>\n<article id=\"blog-1-post-7694\" class=\"fusion-post-grid post-7694 post type-post status-publish format-standard has-post-thumbnail hentry category-evenimente\">\n<div class=\"fusion-post-wrapper\" style=\"background-color:rgba(255,255,255,0);border:1px solid var(--awb-color2);border-bottom-width:3px;\">\n\n\t\t\t<div class=\"fusion-flexslider flexslider fusion-flexslider-loading fusion-post-slideshow\" style=\"border-color:var(--awb-color2);\">\n\t\t<ul class=\"slides\">\n\t\t\t\n\t\t\t\t\t\t\t\t\t\t\t\t\t\t<li><div  class=\"fusion-image-wrapper\" aria-haspopup=\"true\">\n\t\t\t\t<img decoding=\"async\" width=\"900\" height=\"508\" src=\"https:\/\/muzeulgolesti.ro\/wp-content\/uploads\/2026\/02\/coperta.png\" class=\"attachment-full size-full wp-post-image\" alt=\"\" srcset=\"https:\/\/muzeulgolesti.ro\/wp-content\/uploads\/2026\/02\/coperta-200x113.png 200w, https:\/\/muzeulgolesti.ro\/wp-content\/uploads\/2026\/02\/coperta-400x226.png 400w, https:\/\/muzeulgolesti.ro\/wp-content\/uploads\/2026\/02\/coperta-600x339.png 600w, https:\/\/muzeulgolesti.ro\/wp-content\/uploads\/2026\/02\/coperta-800x452.png 800w, https:\/\/muzeulgolesti.ro\/wp-content\/uploads\/2026\/02\/coperta.png 900w\" sizes=\"(min-width: 2200px) 100vw, (min-width: 712px) 784px, (min-width: 640px) 712px, \" \/><div class=\"fusion-rollover\">\n\t<div class=\"fusion-rollover-content\">\n\n\t\t\t\t\t\t\t\t\t\t\t\t\t\t<a class=\"fusion-rollover-link\" href=\"https:\/\/muzeulgolesti.ro\/en\/evenimente\/expozitie-natura-gaseste-mereu-o-cale-ramona-slug\/\">The exhibition \u201eNature Always Finds a Way\u201d, by  Ramona \u0218lug<\/a>\n\t\t\t\n\t\t\t\t\t\t\t\t\t\t\t\t\t\t\n\t\t\t\t\t\t\t\t\n\t\t\t\t\t\t\t\t\t\t\t\t\t<div class=\"fusion-rollover-sep\"><\/div>\n\t\t\t\t\n\t\t\t\t\t\t\t\t\t\t\t\t\t\t\t\t\t\t<a class=\"fusion-rollover-gallery\" href=\"https:\/\/muzeulgolesti.ro\/wp-content\/uploads\/2026\/02\/coperta.png\" data-options=\"\" data-id=\"7694\" data-rel=\"iLightbox[gallery]\" data-title=\"coperta\" data-caption=\"\">\n\t\t\t\t\t\tGallery\t\t\t\t\t<\/a>\n\t\t\t\t\t\t\t\t\t\t\t\t\t\t\n\t\t\n\t\t\t\t\t\t\t\t\t\t\t\t<h4 class=\"fusion-rollover-title\">\n\t\t\t\t\t<a class=\"fusion-rollover-title-link\" href=\"https:\/\/muzeulgolesti.ro\/en\/evenimente\/expozitie-natura-gaseste-mereu-o-cale-ramona-slug\/\">\n\t\t\t\t\t\tThe exhibition \u201eNature Always Finds a Way\u201d, by  Ramona \u0218lug\t\t\t\t\t<\/a>\n\t\t\t\t<\/h4>\n\t\t\t\n\t\t\t\t\t\t\t\t\t\t<div class=\"fusion-rollover-categories\"><a href=\"https:\/\/muzeulgolesti.ro\/en\/category\/evenimente\/\" rel=\"tag\">Evenimente<\/a><\/div>\t\t\t\t\t\n\t\t\n\t\t\t\t\t\t<a class=\"fusion-link-wrapper\" href=\"https:\/\/muzeulgolesti.ro\/en\/evenimente\/expozitie-natura-gaseste-mereu-o-cale-ramona-slug\/\" aria-label=\"The exhibition \u201eNature Always Finds a Way\u201d, by  Ramona \u0218lug\"><\/a>\n\t<\/div>\n<\/div>\n<\/div>\n<\/li>\n\t\t\t\n\t\t\t\n\t\t\t\t\t\t\t\t\t\t\t\t\t\t\t\t\t\t\t\t\t\t\t\t\t\t\t\t\t\t\t\t\t\t\t\t\t\t\t\t\t\t\t\t\t\t\t\t\t\t\t\t\t\t\t\t\t\t\t\t\t\t\t\t\t\t\t\t<\/ul>\n\t<\/div>\n\t<div class=\"fusion-post-content-wrapper\" style=\"padding:30px 25px 25px 25px;\"><div class=\"fusion-post-content post-content\"><h2 class=\"blog-shortcode-post-title entry-title\"><a href=\"https:\/\/muzeulgolesti.ro\/en\/evenimente\/expozitie-natura-gaseste-mereu-o-cale-ramona-slug\/\">The exhibition \u201eNature Always Finds a Way\u201d, by  Ramona \u0218lug<\/a><\/h2><div class=\"fusion-post-content-container\"><p>The exhibition \u201eNature Always Finds a Way\u201d, signed by artist Ramona \u0218lug and curated by Nicoleta Popa Grigore, opens on Monday, February [...]<\/p><\/div><\/div><\/div><div class=\"fusion-clearfix\"><\/div><\/div>\n<\/article>\n<article id=\"blog-1-post-7678\" class=\"fusion-post-grid post-7678 post type-post status-publish format-standard has-post-thumbnail hentry category-stiri\">\n<div class=\"fusion-post-wrapper\" style=\"background-color:rgba(255,255,255,0);border:1px solid var(--awb-color2);border-bottom-width:3px;\">\n\n\t\t\t<div class=\"fusion-flexslider flexslider fusion-flexslider-loading fusion-post-slideshow\" style=\"border-color:var(--awb-color2);\">\n\t\t<ul class=\"slides\">\n\t\t\t\n\t\t\t\t\t\t\t\t\t\t\t\t\t\t<li><div  class=\"fusion-image-wrapper\" aria-haspopup=\"true\">\n\t\t\t\t<img decoding=\"async\" width=\"900\" height=\"508\" src=\"https:\/\/muzeulgolesti.ro\/wp-content\/uploads\/2026\/01\/coperta.png\" class=\"attachment-full size-full wp-post-image\" alt=\"\" srcset=\"https:\/\/muzeulgolesti.ro\/wp-content\/uploads\/2026\/01\/coperta-200x113.png 200w, https:\/\/muzeulgolesti.ro\/wp-content\/uploads\/2026\/01\/coperta-400x226.png 400w, https:\/\/muzeulgolesti.ro\/wp-content\/uploads\/2026\/01\/coperta-600x339.png 600w, https:\/\/muzeulgolesti.ro\/wp-content\/uploads\/2026\/01\/coperta-800x452.png 800w, https:\/\/muzeulgolesti.ro\/wp-content\/uploads\/2026\/01\/coperta.png 900w\" sizes=\"(min-width: 2200px) 100vw, (min-width: 712px) 784px, (min-width: 640px) 712px, \" \/><div class=\"fusion-rollover\">\n\t<div class=\"fusion-rollover-content\">\n\n\t\t\t\t\t\t\t\t\t\t\t\t\t\t<a class=\"fusion-rollover-link\" href=\"https:\/\/muzeulgolesti.ro\/en\/stiri\/unirea-principatelor-romane-sarbatorita-la-golesti\/\">The Union of the Romanian Principalities celebrated in Gole\u0219ti<\/a>\n\t\t\t\n\t\t\t\t\t\t\t\t\t\t\t\t\t\t\n\t\t\t\t\t\t\t\t\n\t\t\t\t\t\t\t\t\t\t\t\t\t<div class=\"fusion-rollover-sep\"><\/div>\n\t\t\t\t\n\t\t\t\t\t\t\t\t\t\t\t\t\t\t\t\t\t\t<a class=\"fusion-rollover-gallery\" href=\"https:\/\/muzeulgolesti.ro\/wp-content\/uploads\/2026\/01\/coperta.png\" data-options=\"\" data-id=\"7678\" data-rel=\"iLightbox[gallery]\" data-title=\"coperta\" data-caption=\"\">\n\t\t\t\t\t\tGallery\t\t\t\t\t<\/a>\n\t\t\t\t\t\t\t\t\t\t\t\t\t\t\n\t\t\n\t\t\t\t\t\t\t\t\t\t\t\t<h4 class=\"fusion-rollover-title\">\n\t\t\t\t\t<a class=\"fusion-rollover-title-link\" href=\"https:\/\/muzeulgolesti.ro\/en\/stiri\/unirea-principatelor-romane-sarbatorita-la-golesti\/\">\n\t\t\t\t\t\tThe Union of the Romanian Principalities celebrated in Gole\u0219ti\t\t\t\t\t<\/a>\n\t\t\t\t<\/h4>\n\t\t\t\n\t\t\t\t\t\t\t\t\t\t<div class=\"fusion-rollover-categories\"><a href=\"https:\/\/muzeulgolesti.ro\/en\/category\/stiri\/\" rel=\"tag\">Stiri<\/a><\/div>\t\t\t\t\t\n\t\t\n\t\t\t\t\t\t<a class=\"fusion-link-wrapper\" href=\"https:\/\/muzeulgolesti.ro\/en\/stiri\/unirea-principatelor-romane-sarbatorita-la-golesti\/\" aria-label=\"The Union of the Romanian Principalities celebrated in Gole\u0219ti\"><\/a>\n\t<\/div>\n<\/div>\n<\/div>\n<\/li>\n\t\t\t\n\t\t\t\n\t\t\t\t\t\t\t\t\t\t\t\t\t\t\t\t\t\t\t\t\t\t\t\t\t\t\t\t\t\t\t\t\t\t\t\t\t\t\t\t\t\t\t\t\t\t\t\t\t\t\t\t\t\t\t\t\t\t\t\t\t\t\t\t\t\t\t\t<\/ul>\n\t<\/div>\n\t<div class=\"fusion-post-content-wrapper\" style=\"padding:30px 25px 25px 25px;\"><div class=\"fusion-post-content post-content\"><h2 class=\"blog-shortcode-post-title entry-title\"><a href=\"https:\/\/muzeulgolesti.ro\/en\/stiri\/unirea-principatelor-romane-sarbatorita-la-golesti\/\">The Union of the Romanian Principalities celebrated in Gole\u0219ti<\/a><\/h2><div class=\"fusion-post-content-container\"><p>The Gole\u0219ti Museum of Viticulture and Fruit Growing marked 167 years since the Unification of the Romanian Principalities through a symposium dedicated [...]<\/p><\/div><\/div><\/div><div class=\"fusion-clearfix\"><\/div><\/div>\n<\/article>\n<article id=\"blog-1-post-7665\" class=\"fusion-post-grid post-7665 post type-post status-publish format-standard has-post-thumbnail hentry category-evenimente\">\n<div class=\"fusion-post-wrapper\" style=\"background-color:rgba(255,255,255,0);border:1px solid var(--awb-color2);border-bottom-width:3px;\">\n\n\t\t\t<div class=\"fusion-flexslider flexslider fusion-flexslider-loading fusion-post-slideshow\" style=\"border-color:var(--awb-color2);\">\n\t\t<ul class=\"slides\">\n\t\t\t\n\t\t\t\t\t\t\t\t\t\t\t\t\t\t<li><div  class=\"fusion-image-wrapper\" aria-haspopup=\"true\">\n\t\t\t\t<img decoding=\"async\" width=\"900\" height=\"508\" src=\"https:\/\/muzeulgolesti.ro\/wp-content\/uploads\/2026\/01\/COPERTA-1.png\" class=\"attachment-full size-full wp-post-image\" alt=\"\" srcset=\"https:\/\/muzeulgolesti.ro\/wp-content\/uploads\/2026\/01\/COPERTA-1-200x113.png 200w, https:\/\/muzeulgolesti.ro\/wp-content\/uploads\/2026\/01\/COPERTA-1-400x226.png 400w, https:\/\/muzeulgolesti.ro\/wp-content\/uploads\/2026\/01\/COPERTA-1-600x339.png 600w, https:\/\/muzeulgolesti.ro\/wp-content\/uploads\/2026\/01\/COPERTA-1-800x452.png 800w, https:\/\/muzeulgolesti.ro\/wp-content\/uploads\/2026\/01\/COPERTA-1.png 900w\" sizes=\"(min-width: 2200px) 100vw, (min-width: 712px) 784px, (min-width: 640px) 712px, \" \/><div class=\"fusion-rollover\">\n\t<div class=\"fusion-rollover-content\">\n\n\t\t\t\t\t\t\t\t\t\t\t\t\t\t<a class=\"fusion-rollover-link\" href=\"https:\/\/muzeulgolesti.ro\/en\/evenimente\/trifonul-viilor-ritual-agrar-credinta-si-traditie-viticola-la-muzeul-golesti\/\">The Vineyards\u2019 Trifon Day \u2013 Agrarian Ritual, Faith, and Viticultural Tradition at Gole\u0219ti Museum<\/a>\n\t\t\t\n\t\t\t\t\t\t\t\t\t\t\t\t\t\t\n\t\t\t\t\t\t\t\t\n\t\t\t\t\t\t\t\t\t\t\t\t\t<div class=\"fusion-rollover-sep\"><\/div>\n\t\t\t\t\n\t\t\t\t\t\t\t\t\t\t\t\t\t\t\t\t\t\t<a class=\"fusion-rollover-gallery\" href=\"https:\/\/muzeulgolesti.ro\/wp-content\/uploads\/2026\/01\/COPERTA-1.png\" data-options=\"\" data-id=\"7665\" data-rel=\"iLightbox[gallery]\" data-title=\"COPERTA\" data-caption=\"\">\n\t\t\t\t\t\tGallery\t\t\t\t\t<\/a>\n\t\t\t\t\t\t\t\t\t\t\t\t\t\t\n\t\t\n\t\t\t\t\t\t\t\t\t\t\t\t<h4 class=\"fusion-rollover-title\">\n\t\t\t\t\t<a class=\"fusion-rollover-title-link\" href=\"https:\/\/muzeulgolesti.ro\/en\/evenimente\/trifonul-viilor-ritual-agrar-credinta-si-traditie-viticola-la-muzeul-golesti\/\">\n\t\t\t\t\t\tThe Vineyards\u2019 Trifon Day \u2013 Agrarian Ritual, Faith, and Viticultural Tradition at Gole\u0219ti Museum\t\t\t\t\t<\/a>\n\t\t\t\t<\/h4>\n\t\t\t\n\t\t\t\t\t\t\t\t\t\t<div class=\"fusion-rollover-categories\"><a href=\"https:\/\/muzeulgolesti.ro\/en\/category\/evenimente\/\" rel=\"tag\">Evenimente<\/a><\/div>\t\t\t\t\t\n\t\t\n\t\t\t\t\t\t<a class=\"fusion-link-wrapper\" href=\"https:\/\/muzeulgolesti.ro\/en\/evenimente\/trifonul-viilor-ritual-agrar-credinta-si-traditie-viticola-la-muzeul-golesti\/\" aria-label=\"The Vineyards\u2019 Trifon Day \u2013 Agrarian Ritual, Faith, and Viticultural Tradition at Gole\u0219ti Museum\"><\/a>\n\t<\/div>\n<\/div>\n<\/div>\n<\/li>\n\t\t\t\n\t\t\t\n\t\t\t\t\t\t\t\t\t\t\t\t\t\t\t\t\t\t\t\t\t\t\t\t\t\t\t\t\t\t\t\t\t\t\t\t\t\t\t\t\t\t\t\t\t\t\t\t\t\t\t\t\t\t\t\t\t\t\t\t\t\t\t\t\t\t\t\t<\/ul>\n\t<\/div>\n\t<div class=\"fusion-post-content-wrapper\" style=\"padding:30px 25px 25px 25px;\"><div class=\"fusion-post-content post-content\"><h2 class=\"blog-shortcode-post-title entry-title\"><a href=\"https:\/\/muzeulgolesti.ro\/en\/evenimente\/trifonul-viilor-ritual-agrar-credinta-si-traditie-viticola-la-muzeul-golesti\/\">The Vineyards\u2019 Trifon Day \u2013 Agrarian Ritual, Faith, and Viticultural Tradition at Gole\u0219ti Museum<\/a><\/h2><div class=\"fusion-post-content-container\"><p>On Sunday, February 1, 2026, Muzeul Viticulturii \u0219i Pomiculturii Gole\u0219ti invites the public to attend \u201cThe Vineyards\u2019 Trifon Day (Gurbanul or Arezanul)\u201d, [...]<\/p><\/div><\/div><\/div><div class=\"fusion-clearfix\"><\/div><\/div>\n<\/article>\n<article id=\"blog-1-post-7658\" class=\"fusion-post-grid post-7658 post type-post status-publish format-standard has-post-thumbnail hentry category-evenimente\">\n<div class=\"fusion-post-wrapper\" style=\"background-color:rgba(255,255,255,0);border:1px solid var(--awb-color2);border-bottom-width:3px;\">\n\n\t\t\t<div class=\"fusion-flexslider flexslider fusion-flexslider-loading fusion-post-slideshow\" style=\"border-color:var(--awb-color2);\">\n\t\t<ul class=\"slides\">\n\t\t\t\n\t\t\t\t\t\t\t\t\t\t\t\t\t\t<li><div  class=\"fusion-image-wrapper\" aria-haspopup=\"true\">\n\t\t\t\t<img decoding=\"async\" width=\"900\" height=\"508\" src=\"https:\/\/muzeulgolesti.ro\/wp-content\/uploads\/2026\/01\/coperta.png\" class=\"attachment-full size-full wp-post-image\" alt=\"\" srcset=\"https:\/\/muzeulgolesti.ro\/wp-content\/uploads\/2026\/01\/coperta-200x113.png 200w, https:\/\/muzeulgolesti.ro\/wp-content\/uploads\/2026\/01\/coperta-400x226.png 400w, https:\/\/muzeulgolesti.ro\/wp-content\/uploads\/2026\/01\/coperta-600x339.png 600w, https:\/\/muzeulgolesti.ro\/wp-content\/uploads\/2026\/01\/coperta-800x452.png 800w, https:\/\/muzeulgolesti.ro\/wp-content\/uploads\/2026\/01\/coperta.png 900w\" sizes=\"(min-width: 2200px) 100vw, (min-width: 712px) 784px, (min-width: 640px) 712px, \" \/><div class=\"fusion-rollover\">\n\t<div class=\"fusion-rollover-content\">\n\n\t\t\t\t\t\t\t\t\t\t\t\t\t\t<a class=\"fusion-rollover-link\" href=\"https:\/\/muzeulgolesti.ro\/en\/evenimente\/simpozion-dedicat-unirii-principatelor-romane-24-ianuarie-1859\/\">Symposium Dedicated to the Union of the Romanian Principalities<\/a>\n\t\t\t\n\t\t\t\t\t\t\t\t\t\t\t\t\t\t\n\t\t\t\t\t\t\t\t\n\t\t\t\t\t\t\t\t\t\t\t\t\t<div class=\"fusion-rollover-sep\"><\/div>\n\t\t\t\t\n\t\t\t\t\t\t\t\t\t\t\t\t\t\t\t\t\t\t<a class=\"fusion-rollover-gallery\" href=\"https:\/\/muzeulgolesti.ro\/wp-content\/uploads\/2026\/01\/coperta.png\" data-options=\"\" data-id=\"7658\" data-rel=\"iLightbox[gallery]\" data-title=\"coperta\" data-caption=\"\">\n\t\t\t\t\t\tGallery\t\t\t\t\t<\/a>\n\t\t\t\t\t\t\t\t\t\t\t\t\t\t\n\t\t\n\t\t\t\t\t\t\t\t\t\t\t\t<h4 class=\"fusion-rollover-title\">\n\t\t\t\t\t<a class=\"fusion-rollover-title-link\" href=\"https:\/\/muzeulgolesti.ro\/en\/evenimente\/simpozion-dedicat-unirii-principatelor-romane-24-ianuarie-1859\/\">\n\t\t\t\t\t\tSymposium Dedicated to the Union of the Romanian Principalities\t\t\t\t\t<\/a>\n\t\t\t\t<\/h4>\n\t\t\t\n\t\t\t\t\t\t\t\t\t\t<div class=\"fusion-rollover-categories\"><a href=\"https:\/\/muzeulgolesti.ro\/en\/category\/evenimente\/\" rel=\"tag\">Evenimente<\/a><\/div>\t\t\t\t\t\n\t\t\n\t\t\t\t\t\t<a class=\"fusion-link-wrapper\" href=\"https:\/\/muzeulgolesti.ro\/en\/evenimente\/simpozion-dedicat-unirii-principatelor-romane-24-ianuarie-1859\/\" aria-label=\"Symposium Dedicated to the Union of the Romanian Principalities\"><\/a>\n\t<\/div>\n<\/div>\n<\/div>\n<\/li>\n\t\t\t\n\t\t\t\n\t\t\t\t\t\t\t\t\t\t\t\t\t\t\t\t\t\t\t\t\t\t\t\t\t\t\t\t\t\t\t\t\t\t\t\t\t\t\t\t\t\t\t\t\t\t\t\t\t\t\t\t\t\t\t\t\t\t\t\t\t\t\t\t\t\t\t\t<\/ul>\n\t<\/div>\n\t<div class=\"fusion-post-content-wrapper\" style=\"padding:30px 25px 25px 25px;\"><div class=\"fusion-post-content post-content\"><h2 class=\"blog-shortcode-post-title entry-title\"><a href=\"https:\/\/muzeulgolesti.ro\/en\/evenimente\/simpozion-dedicat-unirii-principatelor-romane-24-ianuarie-1859\/\">Symposium Dedicated to the Union of the Romanian Principalities<\/a><\/h2><div class=\"fusion-post-content-container\"><p>Gole\u0219ti Museum invites the public on Friday, 23 January 2026, starting at 12:30 p.m., to attend a commemorative symposium marking 167 years [...]<\/p><\/div><\/div><\/div><div class=\"fusion-clearfix\"><\/div><\/div>\n<\/article>\n<article id=\"blog-1-post-7645\" class=\"fusion-post-grid post-7645 post type-post status-publish format-standard has-post-thumbnail hentry category-stiri\">\n<div class=\"fusion-post-wrapper\" style=\"background-color:rgba(255,255,255,0);border:1px solid var(--awb-color2);border-bottom-width:3px;\">\n\n\t\t\t<div class=\"fusion-flexslider flexslider fusion-flexslider-loading fusion-post-slideshow\" style=\"border-color:var(--awb-color2);\">\n\t\t<ul class=\"slides\">\n\t\t\t\n\t\t\t\t\t\t\t\t\t\t\t\t\t\t<li><div  class=\"fusion-image-wrapper\" aria-haspopup=\"true\">\n\t\t\t\t<img decoding=\"async\" width=\"900\" height=\"508\" src=\"https:\/\/muzeulgolesti.ro\/wp-content\/uploads\/2026\/01\/coperta-boboteaza.jpg\" class=\"attachment-full size-full wp-post-image\" alt=\"\" srcset=\"https:\/\/muzeulgolesti.ro\/wp-content\/uploads\/2026\/01\/coperta-boboteaza-200x113.jpg 200w, https:\/\/muzeulgolesti.ro\/wp-content\/uploads\/2026\/01\/coperta-boboteaza-400x226.jpg 400w, https:\/\/muzeulgolesti.ro\/wp-content\/uploads\/2026\/01\/coperta-boboteaza-600x339.jpg 600w, https:\/\/muzeulgolesti.ro\/wp-content\/uploads\/2026\/01\/coperta-boboteaza-800x452.jpg 800w, https:\/\/muzeulgolesti.ro\/wp-content\/uploads\/2026\/01\/coperta-boboteaza.jpg 900w\" sizes=\"(min-width: 2200px) 100vw, (min-width: 712px) 784px, (min-width: 640px) 712px, \" \/><div class=\"fusion-rollover\">\n\t<div class=\"fusion-rollover-content\">\n\n\t\t\t\t\t\t\t\t\t\t\t\t\t\t<a class=\"fusion-rollover-link\" href=\"https:\/\/muzeulgolesti.ro\/en\/stiri\/program-muzeu-67-ianuarie-2026\/\">January 6th and 7th 2026 schedule<\/a>\n\t\t\t\n\t\t\t\t\t\t\t\t\t\t\t\t\t\t\n\t\t\t\t\t\t\t\t\n\t\t\t\t\t\t\t\t\t\t\t\t\t<div class=\"fusion-rollover-sep\"><\/div>\n\t\t\t\t\n\t\t\t\t\t\t\t\t\t\t\t\t\t\t\t\t\t\t<a class=\"fusion-rollover-gallery\" href=\"https:\/\/muzeulgolesti.ro\/wp-content\/uploads\/2026\/01\/coperta-boboteaza.jpg\" data-options=\"\" data-id=\"7645\" data-rel=\"iLightbox[gallery]\" data-title=\"coperta boboteaza\" data-caption=\"\">\n\t\t\t\t\t\tGallery\t\t\t\t\t<\/a>\n\t\t\t\t\t\t\t\t\t\t\t\t\t\t\n\t\t\n\t\t\t\t\t\t\t\t\t\t\t\t<h4 class=\"fusion-rollover-title\">\n\t\t\t\t\t<a class=\"fusion-rollover-title-link\" href=\"https:\/\/muzeulgolesti.ro\/en\/stiri\/program-muzeu-67-ianuarie-2026\/\">\n\t\t\t\t\t\tJanuary 6th and 7th 2026 schedule\t\t\t\t\t<\/a>\n\t\t\t\t<\/h4>\n\t\t\t\n\t\t\t\t\t\t\t\t\t\t<div class=\"fusion-rollover-categories\"><a href=\"https:\/\/muzeulgolesti.ro\/en\/category\/stiri\/\" rel=\"tag\">Stiri<\/a><\/div>\t\t\t\t\t\n\t\t\n\t\t\t\t\t\t<a class=\"fusion-link-wrapper\" href=\"https:\/\/muzeulgolesti.ro\/en\/stiri\/program-muzeu-67-ianuarie-2026\/\" aria-label=\"January 6th and 7th 2026 schedule\"><\/a>\n\t<\/div>\n<\/div>\n<\/div>\n<\/li>\n\t\t\t\n\t\t\t\n\t\t\t\t\t\t\t\t\t\t\t\t\t\t\t\t\t\t\t\t\t\t\t\t\t\t\t\t\t\t\t\t\t\t\t\t\t\t\t\t\t\t\t\t\t\t\t\t\t\t\t\t\t\t\t\t\t\t\t\t\t\t\t\t\t\t\t\t<\/ul>\n\t<\/div>\n\t<div class=\"fusion-post-content-wrapper\" style=\"padding:30px 25px 25px 25px;\"><div class=\"fusion-post-content post-content\"><h2 class=\"blog-shortcode-post-title entry-title\"><a href=\"https:\/\/muzeulgolesti.ro\/en\/stiri\/program-muzeu-67-ianuarie-2026\/\">January 6th and 7th 2026 schedule<\/a><\/h2><div class=\"fusion-post-content-container\"><p>Dear visitors, On January 6th &amp; 7th, 2026, the Gole\u0219ti Museum will be CLOSED. We are waiting for you starting January 8th, [...]<\/p><\/div><\/div><\/div><div class=\"fusion-clearfix\"><\/div><\/div>\n<\/article>\n<article id=\"blog-1-post-7637\" class=\"fusion-post-grid post-7637 post type-post status-publish format-standard has-post-thumbnail hentry category-stiri\">\n<div class=\"fusion-post-wrapper\" style=\"background-color:rgba(255,255,255,0);border:1px solid var(--awb-color2);border-bottom-width:3px;\">\n\n\t\t\t<div class=\"fusion-flexslider flexslider fusion-flexslider-loading fusion-post-slideshow\" style=\"border-color:var(--awb-color2);\">\n\t\t<ul class=\"slides\">\n\t\t\t\n\t\t\t\t\t\t\t\t\t\t\t\t\t\t<li><div  class=\"fusion-image-wrapper\" aria-haspopup=\"true\">\n\t\t\t\t<img decoding=\"async\" width=\"900\" height=\"508\" src=\"https:\/\/muzeulgolesti.ro\/wp-content\/uploads\/2024\/12\/coperta-craciun-2024.png\" class=\"attachment-full size-full wp-post-image\" alt=\"\" srcset=\"https:\/\/muzeulgolesti.ro\/wp-content\/uploads\/2024\/12\/coperta-craciun-2024-200x113.png 200w, https:\/\/muzeulgolesti.ro\/wp-content\/uploads\/2024\/12\/coperta-craciun-2024-400x226.png 400w, https:\/\/muzeulgolesti.ro\/wp-content\/uploads\/2024\/12\/coperta-craciun-2024-600x339.png 600w, https:\/\/muzeulgolesti.ro\/wp-content\/uploads\/2024\/12\/coperta-craciun-2024-800x452.png 800w, https:\/\/muzeulgolesti.ro\/wp-content\/uploads\/2024\/12\/coperta-craciun-2024.png 900w\" sizes=\"(min-width: 2200px) 100vw, (min-width: 712px) 784px, (min-width: 640px) 712px, \" \/><div class=\"fusion-rollover\">\n\t<div class=\"fusion-rollover-content\">\n\n\t\t\t\t\t\t\t\t\t\t\t\t\t\t<a class=\"fusion-rollover-link\" href=\"https:\/\/muzeulgolesti.ro\/en\/stiri\/programul-muzeului-golesti-2025-2026\/\">Gole\u0219ti Museum Program 2025\/2026<\/a>\n\t\t\t\n\t\t\t\t\t\t\t\t\t\t\t\t\t\t\n\t\t\t\t\t\t\t\t\n\t\t\t\t\t\t\t\t\t\t\t\t\t<div class=\"fusion-rollover-sep\"><\/div>\n\t\t\t\t\n\t\t\t\t\t\t\t\t\t\t\t\t\t\t\t\t\t\t<a class=\"fusion-rollover-gallery\" href=\"https:\/\/muzeulgolesti.ro\/wp-content\/uploads\/2024\/12\/coperta-craciun-2024.png\" data-options=\"\" data-id=\"7637\" data-rel=\"iLightbox[gallery]\" data-title=\"coperta craciun 2024\" data-caption=\"\">\n\t\t\t\t\t\tGallery\t\t\t\t\t<\/a>\n\t\t\t\t\t\t\t\t\t\t\t\t\t\t\n\t\t\n\t\t\t\t\t\t\t\t\t\t\t\t<h4 class=\"fusion-rollover-title\">\n\t\t\t\t\t<a class=\"fusion-rollover-title-link\" href=\"https:\/\/muzeulgolesti.ro\/en\/stiri\/programul-muzeului-golesti-2025-2026\/\">\n\t\t\t\t\t\tGole\u0219ti Museum Program 2025\/2026\t\t\t\t\t<\/a>\n\t\t\t\t<\/h4>\n\t\t\t\n\t\t\t\t\t\t\t\t\t\t<div class=\"fusion-rollover-categories\"><a href=\"https:\/\/muzeulgolesti.ro\/en\/category\/stiri\/\" rel=\"tag\">Stiri<\/a><\/div>\t\t\t\t\t\n\t\t\n\t\t\t\t\t\t<a class=\"fusion-link-wrapper\" href=\"https:\/\/muzeulgolesti.ro\/en\/stiri\/programul-muzeului-golesti-2025-2026\/\" aria-label=\"Gole\u0219ti Museum Program 2025\/2026\"><\/a>\n\t<\/div>\n<\/div>\n<\/div>\n<\/li>\n\t\t\t\n\t\t\t\n\t\t\t\t\t\t\t\t\t\t\t\t\t\t\t\t\t\t\t\t\t\t\t\t\t\t\t\t\t\t\t\t\t\t\t\t\t\t\t\t\t\t\t\t\t\t\t\t\t\t\t\t\t\t\t\t\t\t\t\t\t\t\t\t\t\t\t\t<\/ul>\n\t<\/div>\n\t<div class=\"fusion-post-content-wrapper\" style=\"padding:30px 25px 25px 25px;\"><div class=\"fusion-post-content post-content\"><h2 class=\"blog-shortcode-post-title entry-title\"><a href=\"https:\/\/muzeulgolesti.ro\/en\/stiri\/programul-muzeului-golesti-2025-2026\/\">Gole\u0219ti Museum Program 2025\/2026<\/a><\/h2><div class=\"fusion-post-content-container\"><p>Dear friends, Between December 25, 2025 - January 2, 2026, the Gole\u0219ti Museum will have the following schedule: December 25 and 26, [...]<\/p><\/div><\/div><\/div><div class=\"fusion-clearfix\"><\/div><\/div>\n<\/article>\n<article id=\"blog-1-post-7569\" class=\"fusion-post-grid post-7569 post type-post status-publish format-standard has-post-thumbnail hentry category-stiri\">\n<div class=\"fusion-post-wrapper\" style=\"background-color:rgba(255,255,255,0);border:1px solid var(--awb-color2);border-bottom-width:3px;\">\n\n\t\t\t<div class=\"fusion-flexslider flexslider fusion-flexslider-loading fusion-post-slideshow\" style=\"border-color:var(--awb-color2);\">\n\t\t<ul class=\"slides\">\n\t\t\t\n\t\t\t\t\t\t\t\t\t\t\t\t\t\t<li><div  class=\"fusion-image-wrapper\" aria-haspopup=\"true\">\n\t\t\t\t<img decoding=\"async\" width=\"900\" height=\"508\" src=\"https:\/\/muzeulgolesti.ro\/wp-content\/uploads\/2025\/11\/coperta-1.jpg\" class=\"attachment-full size-full wp-post-image\" alt=\"\" srcset=\"https:\/\/muzeulgolesti.ro\/wp-content\/uploads\/2025\/11\/coperta-1-200x113.jpg 200w, https:\/\/muzeulgolesti.ro\/wp-content\/uploads\/2025\/11\/coperta-1-400x226.jpg 400w, https:\/\/muzeulgolesti.ro\/wp-content\/uploads\/2025\/11\/coperta-1-600x339.jpg 600w, https:\/\/muzeulgolesti.ro\/wp-content\/uploads\/2025\/11\/coperta-1-800x452.jpg 800w, https:\/\/muzeulgolesti.ro\/wp-content\/uploads\/2025\/11\/coperta-1.jpg 900w\" sizes=\"(min-width: 2200px) 100vw, (min-width: 712px) 784px, (min-width: 640px) 712px, \" \/><div class=\"fusion-rollover\">\n\t<div class=\"fusion-rollover-content\">\n\n\t\t\t\t\t\t\t\t\t\t\t\t\t\t<a class=\"fusion-rollover-link\" href=\"https:\/\/muzeulgolesti.ro\/en\/stiri\/diplomele-laureatilor-concursului-international-de-pictura-si-catalogul-celei-de-a-xv-a-editii\/\">Diplomas of the laureates of the International Painting Competition and the Catalogue of the 15th edition (2025)<\/a>\n\t\t\t\n\t\t\t\t\t\t\t\t\t\t\t\t\t\t\n\t\t\t\t\t\t\t\t\n\t\t\t\t\t\t\t\t\t\t\t\t\t<div class=\"fusion-rollover-sep\"><\/div>\n\t\t\t\t\n\t\t\t\t\t\t\t\t\t\t\t\t\t\t\t\t\t\t<a class=\"fusion-rollover-gallery\" href=\"https:\/\/muzeulgolesti.ro\/wp-content\/uploads\/2025\/11\/coperta-1.jpg\" data-options=\"\" data-id=\"7569\" data-rel=\"iLightbox[gallery]\" data-title=\"coperta\" data-caption=\"\">\n\t\t\t\t\t\tGallery\t\t\t\t\t<\/a>\n\t\t\t\t\t\t\t\t\t\t\t\t\t\t\n\t\t\n\t\t\t\t\t\t\t\t\t\t\t\t<h4 class=\"fusion-rollover-title\">\n\t\t\t\t\t<a class=\"fusion-rollover-title-link\" href=\"https:\/\/muzeulgolesti.ro\/en\/stiri\/diplomele-laureatilor-concursului-international-de-pictura-si-catalogul-celei-de-a-xv-a-editii\/\">\n\t\t\t\t\t\tDiplomas of the laureates of the International Painting Competition and the Catalogue of the 15th edition (2025)\t\t\t\t\t<\/a>\n\t\t\t\t<\/h4>\n\t\t\t\n\t\t\t\t\t\t\t\t\t\t<div class=\"fusion-rollover-categories\"><a href=\"https:\/\/muzeulgolesti.ro\/en\/category\/stiri\/\" rel=\"tag\">Stiri<\/a><\/div>\t\t\t\t\t\n\t\t\n\t\t\t\t\t\t<a class=\"fusion-link-wrapper\" href=\"https:\/\/muzeulgolesti.ro\/en\/stiri\/diplomele-laureatilor-concursului-international-de-pictura-si-catalogul-celei-de-a-xv-a-editii\/\" aria-label=\"Diplomas of the laureates of the International Painting Competition and the Catalogue of the 15th edition (2025)\"><\/a>\n\t<\/div>\n<\/div>\n<\/div>\n<\/li>\n\t\t\t\n\t\t\t\n\t\t\t\t\t\t\t\t\t\t\t\t\t\t\t\t\t\t\t\t\t\t\t\t\t\t\t\t\t\t\t\t\t\t\t\t\t\t\t\t\t\t\t\t\t\t\t\t\t\t\t\t\t\t\t\t\t\t\t\t\t\t\t\t\t\t\t\t<\/ul>\n\t<\/div>\n\t<div class=\"fusion-post-content-wrapper\" style=\"padding:30px 25px 25px 25px;\"><div class=\"fusion-post-content post-content\"><h2 class=\"blog-shortcode-post-title entry-title\"><a href=\"https:\/\/muzeulgolesti.ro\/en\/stiri\/diplomele-laureatilor-concursului-international-de-pictura-si-catalogul-celei-de-a-xv-a-editii\/\">Diplomas of the laureates of the International Painting Competition and the Catalogue of the 15th edition (2025)<\/a><\/h2><div class=\"fusion-post-content-container\"><p>DIPLOMELE LAUREA\u021aILOR CELEI DE-A XV-A EDI\u021aII A CONCURSULUI INTERNA\u021aIONAL DE PICTUR\u0102 \u201ePOVE\u0218TILE DIN JURUL NOSTRU - DESPRE OAMNEI ANIMALE \u0218I PLANTE\u201d. DIPLOMAS [...]<\/p><\/div><\/div><\/div><div class=\"fusion-clearfix\"><\/div><\/div>\n<\/article>\n<article id=\"blog-1-post-7559\" class=\"fusion-post-grid post-7559 post type-post status-publish format-standard has-post-thumbnail hentry category-evenimente\">\n<div class=\"fusion-post-wrapper\" style=\"background-color:rgba(255,255,255,0);border:1px solid var(--awb-color2);border-bottom-width:3px;\">\n\n\t\t\t<div class=\"fusion-flexslider flexslider fusion-flexslider-loading fusion-post-slideshow\" style=\"border-color:var(--awb-color2);\">\n\t\t<ul class=\"slides\">\n\t\t\t\n\t\t\t\t\t\t\t\t\t\t\t\t\t\t<li><div  class=\"fusion-image-wrapper\" aria-haspopup=\"true\">\n\t\t\t\t<img decoding=\"async\" width=\"900\" height=\"508\" src=\"https:\/\/muzeulgolesti.ro\/wp-content\/uploads\/2025\/12\/coperta.jpg\" class=\"attachment-full size-full wp-post-image\" alt=\"\" srcset=\"https:\/\/muzeulgolesti.ro\/wp-content\/uploads\/2025\/12\/coperta-200x113.jpg 200w, https:\/\/muzeulgolesti.ro\/wp-content\/uploads\/2025\/12\/coperta-400x226.jpg 400w, https:\/\/muzeulgolesti.ro\/wp-content\/uploads\/2025\/12\/coperta-600x339.jpg 600w, https:\/\/muzeulgolesti.ro\/wp-content\/uploads\/2025\/12\/coperta-800x452.jpg 800w, https:\/\/muzeulgolesti.ro\/wp-content\/uploads\/2025\/12\/coperta.jpg 900w\" sizes=\"(min-width: 2200px) 100vw, (min-width: 712px) 784px, (min-width: 640px) 712px, \" \/><div class=\"fusion-rollover\">\n\t<div class=\"fusion-rollover-content\">\n\n\t\t\t\t\t\t\t\t\t\t\t\t\t\t<a class=\"fusion-rollover-link\" href=\"https:\/\/muzeulgolesti.ro\/en\/evenimente\/expozitie-veste-minunata-miniaturi-medievale-de-manuscris\/\">Exhibition \u201cGood Tidings. Medieval Manuscript Miniatures\u201d<\/a>\n\t\t\t\n\t\t\t\t\t\t\t\t\t\t\t\t\t\t\n\t\t\t\t\t\t\t\t\n\t\t\t\t\t\t\t\t\t\t\t\t\t<div class=\"fusion-rollover-sep\"><\/div>\n\t\t\t\t\n\t\t\t\t\t\t\t\t\t\t\t\t\t\t\t\t\t\t<a class=\"fusion-rollover-gallery\" href=\"https:\/\/muzeulgolesti.ro\/wp-content\/uploads\/2025\/12\/coperta.jpg\" data-options=\"\" data-id=\"7559\" data-rel=\"iLightbox[gallery]\" data-title=\"coperta\" data-caption=\"\">\n\t\t\t\t\t\tGallery\t\t\t\t\t<\/a>\n\t\t\t\t\t\t\t\t\t\t\t\t\t\t\n\t\t\n\t\t\t\t\t\t\t\t\t\t\t\t<h4 class=\"fusion-rollover-title\">\n\t\t\t\t\t<a class=\"fusion-rollover-title-link\" href=\"https:\/\/muzeulgolesti.ro\/en\/evenimente\/expozitie-veste-minunata-miniaturi-medievale-de-manuscris\/\">\n\t\t\t\t\t\tExhibition \u201cGood Tidings. Medieval Manuscript Miniatures\u201d\t\t\t\t\t<\/a>\n\t\t\t\t<\/h4>\n\t\t\t\n\t\t\t\t\t\t\t\t\t\t<div class=\"fusion-rollover-categories\"><a href=\"https:\/\/muzeulgolesti.ro\/en\/category\/evenimente\/\" rel=\"tag\">Evenimente<\/a><\/div>\t\t\t\t\t\n\t\t\n\t\t\t\t\t\t<a class=\"fusion-link-wrapper\" href=\"https:\/\/muzeulgolesti.ro\/en\/evenimente\/expozitie-veste-minunata-miniaturi-medievale-de-manuscris\/\" aria-label=\"Exhibition \u201cGood Tidings. Medieval Manuscript Miniatures\u201d\"><\/a>\n\t<\/div>\n<\/div>\n<\/div>\n<\/li>\n\t\t\t\n\t\t\t\n\t\t\t\t\t\t\t\t\t\t\t\t\t\t\t\t\t\t\t\t\t\t\t\t\t\t\t\t\t\t\t\t\t\t\t\t\t\t\t\t\t\t\t\t\t\t\t\t\t\t\t\t\t\t\t\t\t\t\t\t\t\t\t\t\t\t\t\t<\/ul>\n\t<\/div>\n\t<div class=\"fusion-post-content-wrapper\" style=\"padding:30px 25px 25px 25px;\"><div class=\"fusion-post-content post-content\"><h2 class=\"blog-shortcode-post-title entry-title\"><a href=\"https:\/\/muzeulgolesti.ro\/en\/evenimente\/expozitie-veste-minunata-miniaturi-medievale-de-manuscris\/\">Exhibition \u201cGood Tidings. Medieval Manuscript Miniatures\u201d<\/a><\/h2><div class=\"fusion-post-content-container\"><p>In anticipation of \u201cChristmas at the Manor,\u201d the Politehnica University of Bucharest \u2013 Pite\u0219ti University Center and the Gole\u0219ti Museum invite you [...]<\/p><\/div><\/div><\/div><div class=\"fusion-clearfix\"><\/div><\/div>\n<\/article>\n<article id=\"blog-1-post-7537\" class=\"fusion-post-grid post-7537 post type-post status-publish format-standard has-post-thumbnail hentry category-stiri\">\n<div class=\"fusion-post-wrapper\" style=\"background-color:rgba(255,255,255,0);border:1px solid var(--awb-color2);border-bottom-width:3px;\">\n\n\t\t\t<div class=\"fusion-flexslider flexslider fusion-flexslider-loading fusion-post-slideshow\" style=\"border-color:var(--awb-color2);\">\n\t\t<ul class=\"slides\">\n\t\t\t\n\t\t\t\t\t\t\t\t\t\t\t\t\t\t<li><div  class=\"fusion-image-wrapper\" aria-haspopup=\"true\">\n\t\t\t\t<img decoding=\"async\" width=\"900\" height=\"508\" src=\"https:\/\/muzeulgolesti.ro\/wp-content\/uploads\/2025\/12\/coperta.png\" class=\"attachment-full size-full wp-post-image\" alt=\"\" srcset=\"https:\/\/muzeulgolesti.ro\/wp-content\/uploads\/2025\/12\/coperta-200x113.png 200w, https:\/\/muzeulgolesti.ro\/wp-content\/uploads\/2025\/12\/coperta-400x226.png 400w, https:\/\/muzeulgolesti.ro\/wp-content\/uploads\/2025\/12\/coperta-600x339.png 600w, https:\/\/muzeulgolesti.ro\/wp-content\/uploads\/2025\/12\/coperta-800x452.png 800w, https:\/\/muzeulgolesti.ro\/wp-content\/uploads\/2025\/12\/coperta.png 900w\" sizes=\"(min-width: 2200px) 100vw, (min-width: 712px) 784px, (min-width: 640px) 712px, \" \/><div class=\"fusion-rollover\">\n\t<div class=\"fusion-rollover-content\">\n\n\t\t\t\t\t\t\t\t\t\t\t\t\t\t<a class=\"fusion-rollover-link\" href=\"https:\/\/muzeulgolesti.ro\/en\/stiri\/craciun-la-conac\/\">Christmas at the manor<\/a>\n\t\t\t\n\t\t\t\t\t\t\t\t\t\t\t\t\t\t\n\t\t\t\t\t\t\t\t\n\t\t\t\t\t\t\t\t\t\t\t\t\t<div class=\"fusion-rollover-sep\"><\/div>\n\t\t\t\t\n\t\t\t\t\t\t\t\t\t\t\t\t\t\t\t\t\t\t<a class=\"fusion-rollover-gallery\" href=\"https:\/\/muzeulgolesti.ro\/wp-content\/uploads\/2025\/12\/coperta.png\" data-options=\"\" data-id=\"7537\" data-rel=\"iLightbox[gallery]\" data-title=\"coperta\" data-caption=\"\">\n\t\t\t\t\t\tGallery\t\t\t\t\t<\/a>\n\t\t\t\t\t\t\t\t\t\t\t\t\t\t\n\t\t\n\t\t\t\t\t\t\t\t\t\t\t\t<h4 class=\"fusion-rollover-title\">\n\t\t\t\t\t<a class=\"fusion-rollover-title-link\" href=\"https:\/\/muzeulgolesti.ro\/en\/stiri\/craciun-la-conac\/\">\n\t\t\t\t\t\tChristmas at the manor\t\t\t\t\t<\/a>\n\t\t\t\t<\/h4>\n\t\t\t\n\t\t\t\t\t\t\t\t\t\t<div class=\"fusion-rollover-categories\"><a href=\"https:\/\/muzeulgolesti.ro\/en\/category\/stiri\/\" rel=\"tag\">Stiri<\/a><\/div>\t\t\t\t\t\n\t\t\n\t\t\t\t\t\t<a class=\"fusion-link-wrapper\" href=\"https:\/\/muzeulgolesti.ro\/en\/stiri\/craciun-la-conac\/\" aria-label=\"Christmas at the manor\"><\/a>\n\t<\/div>\n<\/div>\n<\/div>\n<\/li>\n\t\t\t\n\t\t\t\n\t\t\t\t\t\t\t\t\t\t\t\t\t\t\t\t\t\t\t\t\t\t\t\t\t\t\t\t\t\t\t\t\t\t\t\t\t\t\t\t\t\t\t\t\t\t\t\t\t\t\t\t\t\t\t\t\t\t\t\t\t\t\t\t\t\t\t\t<\/ul>\n\t<\/div>\n\t<div class=\"fusion-post-content-wrapper\" style=\"padding:30px 25px 25px 25px;\"><div class=\"fusion-post-content post-content\"><h2 class=\"blog-shortcode-post-title entry-title\"><a href=\"https:\/\/muzeulgolesti.ro\/en\/stiri\/craciun-la-conac\/\">Christmas at the manor<\/a><\/h2><div class=\"fusion-post-content-container\"><p>Between December 19 and 23, 2025, the courtyard of the Gole\u0219tilor Manor is transformed into an enchanted corner, decorated for the holiday! [...]<\/p><\/div><\/div><\/div><div class=\"fusion-clearfix\"><\/div><\/div>\n<\/article>\n<article id=\"blog-1-post-7526\" class=\"fusion-post-grid post-7526 post type-post status-publish format-standard has-post-thumbnail hentry category-stiri\">\n<div class=\"fusion-post-wrapper\" style=\"background-color:rgba(255,255,255,0);border:1px solid var(--awb-color2);border-bottom-width:3px;\">\n\n\t\t\t<div class=\"fusion-flexslider flexslider fusion-flexslider-loading fusion-post-slideshow\" style=\"border-color:var(--awb-color2);\">\n\t\t<ul class=\"slides\">\n\t\t\t\n\t\t\t\t\t\t\t\t\t\t\t\t\t\t<li><div  class=\"fusion-image-wrapper\" aria-haspopup=\"true\">\n\t\t\t\t<img decoding=\"async\" width=\"900\" height=\"508\" src=\"https:\/\/muzeulgolesti.ro\/wp-content\/uploads\/2025\/11\/coperta-3.png\" class=\"attachment-full size-full wp-post-image\" alt=\"\" srcset=\"https:\/\/muzeulgolesti.ro\/wp-content\/uploads\/2025\/11\/coperta-3-200x113.png 200w, https:\/\/muzeulgolesti.ro\/wp-content\/uploads\/2025\/11\/coperta-3-400x226.png 400w, https:\/\/muzeulgolesti.ro\/wp-content\/uploads\/2025\/11\/coperta-3-600x339.png 600w, https:\/\/muzeulgolesti.ro\/wp-content\/uploads\/2025\/11\/coperta-3-800x452.png 800w, https:\/\/muzeulgolesti.ro\/wp-content\/uploads\/2025\/11\/coperta-3.png 900w\" sizes=\"(min-width: 2200px) 100vw, (min-width: 712px) 784px, (min-width: 640px) 712px, \" \/><div class=\"fusion-rollover\">\n\t<div class=\"fusion-rollover-content\">\n\n\t\t\t\t\t\t\t\t\t\t\t\t\t\t<a class=\"fusion-rollover-link\" href=\"https:\/\/muzeulgolesti.ro\/en\/stiri\/program-muzeul-golesti-1-decembrie-2025\/\">Gole\u0219ti Museum Program &#8211; DECEMBER 1, 2025<\/a>\n\t\t\t\n\t\t\t\t\t\t\t\t\t\t\t\t\t\t\n\t\t\t\t\t\t\t\t\n\t\t\t\t\t\t\t\t\t\t\t\t\t<div class=\"fusion-rollover-sep\"><\/div>\n\t\t\t\t\n\t\t\t\t\t\t\t\t\t\t\t\t\t\t\t\t\t\t<a class=\"fusion-rollover-gallery\" href=\"https:\/\/muzeulgolesti.ro\/wp-content\/uploads\/2025\/11\/coperta-3.png\" data-options=\"\" data-id=\"7526\" data-rel=\"iLightbox[gallery]\" data-title=\"coperta\" data-caption=\"\">\n\t\t\t\t\t\tGallery\t\t\t\t\t<\/a>\n\t\t\t\t\t\t\t\t\t\t\t\t\t\t\n\t\t\n\t\t\t\t\t\t\t\t\t\t\t\t<h4 class=\"fusion-rollover-title\">\n\t\t\t\t\t<a class=\"fusion-rollover-title-link\" href=\"https:\/\/muzeulgolesti.ro\/en\/stiri\/program-muzeul-golesti-1-decembrie-2025\/\">\n\t\t\t\t\t\tGole\u0219ti Museum Program &#8211; DECEMBER 1, 2025\t\t\t\t\t<\/a>\n\t\t\t\t<\/h4>\n\t\t\t\n\t\t\t\t\t\t\t\t\t\t<div class=\"fusion-rollover-categories\"><a href=\"https:\/\/muzeulgolesti.ro\/en\/category\/stiri\/\" rel=\"tag\">Stiri<\/a><\/div>\t\t\t\t\t\n\t\t\n\t\t\t\t\t\t<a class=\"fusion-link-wrapper\" href=\"https:\/\/muzeulgolesti.ro\/en\/stiri\/program-muzeul-golesti-1-decembrie-2025\/\" aria-label=\"Gole\u0219ti Museum Program &#8211; DECEMBER 1, 2025\"><\/a>\n\t<\/div>\n<\/div>\n<\/div>\n<\/li>\n\t\t\t\n\t\t\t\n\t\t\t\t\t\t\t\t\t\t\t\t\t\t\t\t\t\t\t\t\t\t\t\t\t\t\t\t\t\t\t\t\t\t\t\t\t\t\t\t\t\t\t\t\t\t\t\t\t\t\t\t\t\t\t\t\t\t\t\t\t\t\t\t\t\t\t\t<\/ul>\n\t<\/div>\n\t<div class=\"fusion-post-content-wrapper\" style=\"padding:30px 25px 25px 25px;\"><div class=\"fusion-post-content post-content\"><h2 class=\"blog-shortcode-post-title entry-title\"><a href=\"https:\/\/muzeulgolesti.ro\/en\/stiri\/program-muzeul-golesti-1-decembrie-2025\/\">Gole\u0219ti Museum Program &#8211; DECEMBER 1, 2025<\/a><\/h2><div class=\"fusion-post-content-container\"><p>Congrats, Romania! On December 1, our national day, we celebrate the unity, courage and dignity of the Romanian people. On this occasion, [...]<\/p><\/div><\/div><\/div><div class=\"fusion-clearfix\"><\/div><\/div>\n<\/article>\n<article id=\"blog-1-post-7511\" class=\"fusion-post-grid post-7511 post type-post status-publish format-standard has-post-thumbnail hentry category-stiri\">\n<div class=\"fusion-post-wrapper\" style=\"background-color:rgba(255,255,255,0);border:1px solid var(--awb-color2);border-bottom-width:3px;\">\n\n\t\t\t<div class=\"fusion-flexslider flexslider fusion-flexslider-loading fusion-post-slideshow\" style=\"border-color:var(--awb-color2);\">\n\t\t<ul class=\"slides\">\n\t\t\t\n\t\t\t\t\t\t\t\t\t\t\t\t\t\t<li><div  class=\"fusion-image-wrapper\" aria-haspopup=\"true\">\n\t\t\t\t<img decoding=\"async\" width=\"900\" height=\"508\" src=\"https:\/\/muzeulgolesti.ro\/wp-content\/uploads\/2025\/11\/coperta-1.jpg\" class=\"attachment-full size-full wp-post-image\" alt=\"\" srcset=\"https:\/\/muzeulgolesti.ro\/wp-content\/uploads\/2025\/11\/coperta-1-200x113.jpg 200w, https:\/\/muzeulgolesti.ro\/wp-content\/uploads\/2025\/11\/coperta-1-400x226.jpg 400w, https:\/\/muzeulgolesti.ro\/wp-content\/uploads\/2025\/11\/coperta-1-600x339.jpg 600w, https:\/\/muzeulgolesti.ro\/wp-content\/uploads\/2025\/11\/coperta-1-800x452.jpg 800w, https:\/\/muzeulgolesti.ro\/wp-content\/uploads\/2025\/11\/coperta-1.jpg 900w\" sizes=\"(min-width: 2200px) 100vw, (min-width: 712px) 784px, (min-width: 640px) 712px, \" \/><div class=\"fusion-rollover\">\n\t<div class=\"fusion-rollover-content\">\n\n\t\t\t\t\t\t\t\t\t\t\t\t\t\t<a class=\"fusion-rollover-link\" href=\"https:\/\/muzeulgolesti.ro\/en\/stiri\/premiile-concursului-international-de-pictura-al-muzeului-golesti\/\">The awards of the Gole\u0219ti Museum International Painting Competition 2025<\/a>\n\t\t\t\n\t\t\t\t\t\t\t\t\t\t\t\t\t\t\n\t\t\t\t\t\t\t\t\n\t\t\t\t\t\t\t\t\t\t\t\t\t<div class=\"fusion-rollover-sep\"><\/div>\n\t\t\t\t\n\t\t\t\t\t\t\t\t\t\t\t\t\t\t\t\t\t\t<a class=\"fusion-rollover-gallery\" href=\"https:\/\/muzeulgolesti.ro\/wp-content\/uploads\/2025\/11\/coperta-1.jpg\" data-options=\"\" data-id=\"7511\" data-rel=\"iLightbox[gallery]\" data-title=\"coperta\" data-caption=\"\">\n\t\t\t\t\t\tGallery\t\t\t\t\t<\/a>\n\t\t\t\t\t\t\t\t\t\t\t\t\t\t\n\t\t\n\t\t\t\t\t\t\t\t\t\t\t\t<h4 class=\"fusion-rollover-title\">\n\t\t\t\t\t<a class=\"fusion-rollover-title-link\" href=\"https:\/\/muzeulgolesti.ro\/en\/stiri\/premiile-concursului-international-de-pictura-al-muzeului-golesti\/\">\n\t\t\t\t\t\tThe awards of the Gole\u0219ti Museum International Painting Competition 2025\t\t\t\t\t<\/a>\n\t\t\t\t<\/h4>\n\t\t\t\n\t\t\t\t\t\t\t\t\t\t<div class=\"fusion-rollover-categories\"><a href=\"https:\/\/muzeulgolesti.ro\/en\/category\/stiri\/\" rel=\"tag\">Stiri<\/a><\/div>\t\t\t\t\t\n\t\t\n\t\t\t\t\t\t<a class=\"fusion-link-wrapper\" href=\"https:\/\/muzeulgolesti.ro\/en\/stiri\/premiile-concursului-international-de-pictura-al-muzeului-golesti\/\" aria-label=\"The awards of the Gole\u0219ti Museum International Painting Competition 2025\"><\/a>\n\t<\/div>\n<\/div>\n<\/div>\n<\/li>\n\t\t\t\n\t\t\t\n\t\t\t\t\t\t\t\t\t\t\t\t\t\t\t\t\t\t\t\t\t\t\t\t\t\t\t\t\t\t\t\t\t\t\t\t\t\t\t\t\t\t\t\t\t\t\t\t\t\t\t\t\t\t\t\t\t\t\t\t\t\t\t\t\t\t\t\t<\/ul>\n\t<\/div>\n\t<div class=\"fusion-post-content-wrapper\" style=\"padding:30px 25px 25px 25px;\"><div class=\"fusion-post-content post-content\"><h2 class=\"blog-shortcode-post-title entry-title\"><a href=\"https:\/\/muzeulgolesti.ro\/en\/stiri\/premiile-concursului-international-de-pictura-al-muzeului-golesti\/\">The awards of the Gole\u0219ti Museum International Painting Competition 2025<\/a><\/h2><div class=\"fusion-post-content-container\"><p>Dragi copii, Muzeul Viticulturii \u0219i Pomiculturii Gole\u0219ti v\u0103 felicit\u0103 cu toat\u0103 bucuria pentru rezultatele extraordinare ob\u021binute \u00een cadrul Concursului Interna\u021bional de Pictur\u0103! [...]<\/p><\/div><\/div><\/div><div class=\"fusion-clearfix\"><\/div><\/div>\n<\/article>\n<article id=\"blog-1-post-7505\" class=\"fusion-post-grid post-7505 post type-post status-publish format-standard has-post-thumbnail hentry category-evenimente\">\n<div class=\"fusion-post-wrapper\" style=\"background-color:rgba(255,255,255,0);border:1px solid var(--awb-color2);border-bottom-width:3px;\">\n\n\t\t\t<div class=\"fusion-flexslider flexslider fusion-flexslider-loading fusion-post-slideshow\" style=\"border-color:var(--awb-color2);\">\n\t\t<ul class=\"slides\">\n\t\t\t\n\t\t\t\t\t\t\t\t\t\t\t\t\t\t<li><div  class=\"fusion-image-wrapper\" aria-haspopup=\"true\">\n\t\t\t\t<img decoding=\"async\" width=\"900\" height=\"508\" src=\"https:\/\/muzeulgolesti.ro\/wp-content\/uploads\/2025\/11\/coperta.jpg\" class=\"attachment-full size-full wp-post-image\" alt=\"\" srcset=\"https:\/\/muzeulgolesti.ro\/wp-content\/uploads\/2025\/11\/coperta-200x113.jpg 200w, https:\/\/muzeulgolesti.ro\/wp-content\/uploads\/2025\/11\/coperta-400x226.jpg 400w, https:\/\/muzeulgolesti.ro\/wp-content\/uploads\/2025\/11\/coperta-600x339.jpg 600w, https:\/\/muzeulgolesti.ro\/wp-content\/uploads\/2025\/11\/coperta-800x452.jpg 800w, https:\/\/muzeulgolesti.ro\/wp-content\/uploads\/2025\/11\/coperta.jpg 900w\" sizes=\"(min-width: 2200px) 100vw, (min-width: 712px) 784px, (min-width: 640px) 712px, \" \/><div class=\"fusion-rollover\">\n\t<div class=\"fusion-rollover-content\">\n\n\t\t\t\t\t\t\t\t\t\t\t\t\t\t<a class=\"fusion-rollover-link\" href=\"https:\/\/muzeulgolesti.ro\/en\/evenimente\/expozitie-portul-popular-romanesc-maretie-si-rafinament\/\">Exhibition: \u201eRomanian Folk Costume. Grandeur and Refinement\u201d<\/a>\n\t\t\t\n\t\t\t\t\t\t\t\t\t\t\t\t\t\t\n\t\t\t\t\t\t\t\t\n\t\t\t\t\t\t\t\t\t\t\t\t\t<div class=\"fusion-rollover-sep\"><\/div>\n\t\t\t\t\n\t\t\t\t\t\t\t\t\t\t\t\t\t\t\t\t\t\t<a class=\"fusion-rollover-gallery\" href=\"https:\/\/muzeulgolesti.ro\/wp-content\/uploads\/2025\/11\/coperta.jpg\" data-options=\"\" data-id=\"7505\" data-rel=\"iLightbox[gallery]\" data-title=\"coperta\" data-caption=\"\">\n\t\t\t\t\t\tGallery\t\t\t\t\t<\/a>\n\t\t\t\t\t\t\t\t\t\t\t\t\t\t\n\t\t\n\t\t\t\t\t\t\t\t\t\t\t\t<h4 class=\"fusion-rollover-title\">\n\t\t\t\t\t<a class=\"fusion-rollover-title-link\" href=\"https:\/\/muzeulgolesti.ro\/en\/evenimente\/expozitie-portul-popular-romanesc-maretie-si-rafinament\/\">\n\t\t\t\t\t\tExhibition: \u201eRomanian Folk Costume. Grandeur and Refinement\u201d\t\t\t\t\t<\/a>\n\t\t\t\t<\/h4>\n\t\t\t\n\t\t\t\t\t\t\t\t\t\t<div class=\"fusion-rollover-categories\"><a href=\"https:\/\/muzeulgolesti.ro\/en\/category\/evenimente\/\" rel=\"tag\">Evenimente<\/a><\/div>\t\t\t\t\t\n\t\t\n\t\t\t\t\t\t<a class=\"fusion-link-wrapper\" href=\"https:\/\/muzeulgolesti.ro\/en\/evenimente\/expozitie-portul-popular-romanesc-maretie-si-rafinament\/\" aria-label=\"Exhibition: \u201eRomanian Folk Costume. Grandeur and Refinement\u201d\"><\/a>\n\t<\/div>\n<\/div>\n<\/div>\n<\/li>\n\t\t\t\n\t\t\t\n\t\t\t\t\t\t\t\t\t\t\t\t\t\t\t\t\t\t\t\t\t\t\t\t\t\t\t\t\t\t\t\t\t\t\t\t\t\t\t\t\t\t\t\t\t\t\t\t\t\t\t\t\t\t\t\t\t\t\t\t\t\t\t\t\t\t\t\t<\/ul>\n\t<\/div>\n\t<div class=\"fusion-post-content-wrapper\" style=\"padding:30px 25px 25px 25px;\"><div class=\"fusion-post-content post-content\"><h2 class=\"blog-shortcode-post-title entry-title\"><a href=\"https:\/\/muzeulgolesti.ro\/en\/evenimente\/expozitie-portul-popular-romanesc-maretie-si-rafinament\/\">Exhibition: \u201eRomanian Folk Costume. Grandeur and Refinement\u201d<\/a><\/h2><div class=\"fusion-post-content-container\"><p>The Gole\u0219ti Museum of Viticulture and Fruit Growing in partnership with the Olt County Museum celebrate Romania's National Day by opening a [...]<\/p><\/div><\/div><\/div><div class=\"fusion-clearfix\"><\/div><\/div>\n<\/article>\n<article id=\"blog-1-post-7490\" class=\"fusion-post-grid post-7490 post type-post status-publish format-standard has-post-thumbnail hentry category-stiri\">\n<div class=\"fusion-post-wrapper\" style=\"background-color:rgba(255,255,255,0);border:1px solid var(--awb-color2);border-bottom-width:3px;\">\n\n\t\t\t<div class=\"fusion-flexslider flexslider fusion-flexslider-loading fusion-post-slideshow\" style=\"border-color:var(--awb-color2);\">\n\t\t<ul class=\"slides\">\n\t\t\t\n\t\t\t\t\t\t\t\t\t\t\t\t\t\t<li><div  class=\"fusion-image-wrapper\" aria-haspopup=\"true\">\n\t\t\t\t<img decoding=\"async\" width=\"900\" height=\"508\" src=\"https:\/\/muzeulgolesti.ro\/wp-content\/uploads\/2025\/11\/coperta-1.png\" class=\"attachment-full size-full wp-post-image\" alt=\"\" srcset=\"https:\/\/muzeulgolesti.ro\/wp-content\/uploads\/2025\/11\/coperta-1-200x113.png 200w, https:\/\/muzeulgolesti.ro\/wp-content\/uploads\/2025\/11\/coperta-1-400x226.png 400w, https:\/\/muzeulgolesti.ro\/wp-content\/uploads\/2025\/11\/coperta-1-600x339.png 600w, https:\/\/muzeulgolesti.ro\/wp-content\/uploads\/2025\/11\/coperta-1-800x452.png 800w, https:\/\/muzeulgolesti.ro\/wp-content\/uploads\/2025\/11\/coperta-1.png 900w\" sizes=\"(min-width: 2200px) 100vw, (min-width: 712px) 784px, (min-width: 640px) 712px, \" \/><div class=\"fusion-rollover\">\n\t<div class=\"fusion-rollover-content\">\n\n\t\t\t\t\t\t\t\t\t\t\t\t\t\t<a class=\"fusion-rollover-link\" href=\"https:\/\/muzeulgolesti.ro\/en\/stiri\/intitutiile-de-cultura-din-arges-si-educatia-copiilor\/\">Cultural institutions in Arge\u015f County and children&#039;s education<\/a>\n\t\t\t\n\t\t\t\t\t\t\t\t\t\t\t\t\t\t\n\t\t\t\t\t\t\t\t\n\t\t\t\t\t\t\t\t\t\t\t\t\t<div class=\"fusion-rollover-sep\"><\/div>\n\t\t\t\t\n\t\t\t\t\t\t\t\t\t\t\t\t\t\t\t\t\t\t<a class=\"fusion-rollover-gallery\" href=\"https:\/\/muzeulgolesti.ro\/wp-content\/uploads\/2025\/11\/coperta-1.png\" data-options=\"\" data-id=\"7490\" data-rel=\"iLightbox[gallery]\" data-title=\"coperta\" data-caption=\"\">\n\t\t\t\t\t\tGallery\t\t\t\t\t<\/a>\n\t\t\t\t\t\t\t\t\t\t\t\t\t\t\n\t\t\n\t\t\t\t\t\t\t\t\t\t\t\t<h4 class=\"fusion-rollover-title\">\n\t\t\t\t\t<a class=\"fusion-rollover-title-link\" href=\"https:\/\/muzeulgolesti.ro\/en\/stiri\/intitutiile-de-cultura-din-arges-si-educatia-copiilor\/\">\n\t\t\t\t\t\tCultural institutions in Arge\u015f County and children&#039;s education\t\t\t\t\t<\/a>\n\t\t\t\t<\/h4>\n\t\t\t\n\t\t\t\t\t\t\t\t\t\t<div class=\"fusion-rollover-categories\"><a href=\"https:\/\/muzeulgolesti.ro\/en\/category\/stiri\/\" rel=\"tag\">Stiri<\/a><\/div>\t\t\t\t\t\n\t\t\n\t\t\t\t\t\t<a class=\"fusion-link-wrapper\" href=\"https:\/\/muzeulgolesti.ro\/en\/stiri\/intitutiile-de-cultura-din-arges-si-educatia-copiilor\/\" aria-label=\"Cultural institutions in Arge\u015f County and children&#039;s education\"><\/a>\n\t<\/div>\n<\/div>\n<\/div>\n<\/li>\n\t\t\t\n\t\t\t\n\t\t\t\t\t\t\t\t\t\t\t\t\t\t\t\t\t\t\t\t\t\t\t\t\t\t\t\t\t\t\t\t\t\t\t\t\t\t\t\t\t\t\t\t\t\t\t\t\t\t\t\t\t\t\t\t\t\t\t\t\t\t\t\t\t\t\t\t<\/ul>\n\t<\/div>\n\t<div class=\"fusion-post-content-wrapper\" style=\"padding:30px 25px 25px 25px;\"><div class=\"fusion-post-content post-content\"><h2 class=\"blog-shortcode-post-title entry-title\"><a href=\"https:\/\/muzeulgolesti.ro\/en\/stiri\/intitutiile-de-cultura-din-arges-si-educatia-copiilor\/\">Cultural institutions in Arge\u015f County and children&#039;s education<\/a><\/h2><div class=\"fusion-post-content-container\"><p>On Sunday, November 9, 2025, at the \"Alexandru Davila\" Theater in Pite\u0219ti, took place the launch of the volume \"The Attitude of [...]<\/p><\/div><\/div><\/div><div class=\"fusion-clearfix\"><\/div><\/div>\n<\/article>\n<div class=\"fusion-clearfix\"><\/div><\/div><\/div><\/div><\/div><\/div><\/div>\n","protected":false},"excerpt":{"rendered":"","protected":false},"author":4,"featured_media":0,"parent":0,"menu_order":0,"comment_status":"closed","ping_status":"closed","template":"100-width.php","meta":{"footnotes":""},"class_list":["post-5072","page","type-page","status-publish","hentry"],"yoast_head":"<!-- This site is optimized with the Yoast SEO plugin v27.5 - https:\/\/yoast.com\/product\/yoast-seo-wordpress\/ -->\n<title>Ghid Muzeul Viticulturii si Pomiculturii Golesti<\/title>\n<meta name=\"description\" content=\"Ghid Muzeul Viticulturii si Pomiculturii Golesti\" \/>\n<meta name=\"robots\" content=\"index, follow, max-snippet:-1, max-image-preview:large, max-video-preview:-1\" \/>\n<link rel=\"canonical\" href=\"https:\/\/muzeulgolesti.ro\/en\/ghid-muzeul-viticulturii-si-pomiculturii-golesti\/\" \/>\n<meta property=\"og:locale\" content=\"en_GB\" \/>\n<meta property=\"og:locale:alternate\" content=\"ro_RO\" \/>\n<meta property=\"og:type\" content=\"article\" \/>\n<meta property=\"og:title\" content=\"Ghid Muzeul Viticulturii si Pomiculturii Golesti\" \/>\n<meta property=\"og:description\" content=\"Ghid Muzeul Viticulturii si Pomiculturii Golesti\" \/>\n<meta property=\"og:url\" content=\"https:\/\/muzeulgolesti.ro\/en\/stiri\/intitutiile-de-cultura-din-arges-si-educatia-copiilor\/\" \/>\n<meta property=\"og:site_name\" content=\"Muzeul Viticulturii si Pomiculturii Golesti\" \/>\n<meta property=\"article:publisher\" content=\"https:\/\/web.facebook.com\/www.muzeulgolesti.ro\" \/>\n<meta property=\"article:modified_time\" content=\"2023-01-06T12:56:37+00:00\" \/>\n<meta name=\"twitter:card\" content=\"summary_large_image\" \/>\n<meta name=\"twitter:label1\" content=\"Estimated reading time\" \/>\n\t<meta name=\"twitter:data1\" content=\"2 minutes\" \/>\n<script type=\"application\/ld+json\" class=\"yoast-schema-graph\">{\"@context\":\"https:\\\/\\\/schema.org\",\"@graph\":[{\"@type\":\"WebPage\",\"@id\":\"https:\\\/\\\/muzeulgolesti.ro\\\/en\\\/ghid-muzeul-viticulturii-si-pomiculturii-golesti\\\/\",\"url\":\"https:\\\/\\\/muzeulgolesti.ro\\\/en\\\/ghid-muzeul-viticulturii-si-pomiculturii-golesti\\\/\",\"name\":\"Ghid Muzeul Viticulturii si Pomiculturii Golesti\",\"isPartOf\":{\"@id\":\"https:\\\/\\\/muzeulgolesti.ro\\\/ro\\\/#website\"},\"datePublished\":\"2023-01-06T12:55:47+00:00\",\"dateModified\":\"2023-01-06T12:56:37+00:00\",\"description\":\"Ghid Muzeul Viticulturii si Pomiculturii Golesti\",\"breadcrumb\":{\"@id\":\"https:\\\/\\\/muzeulgolesti.ro\\\/en\\\/ghid-muzeul-viticulturii-si-pomiculturii-golesti\\\/#breadcrumb\"},\"inLanguage\":\"en-GB\",\"potentialAction\":[{\"@type\":\"ReadAction\",\"target\":[\"https:\\\/\\\/muzeulgolesti.ro\\\/en\\\/ghid-muzeul-viticulturii-si-pomiculturii-golesti\\\/\"]}]},{\"@type\":\"BreadcrumbList\",\"@id\":\"https:\\\/\\\/muzeulgolesti.ro\\\/en\\\/ghid-muzeul-viticulturii-si-pomiculturii-golesti\\\/#breadcrumb\",\"itemListElement\":[{\"@type\":\"ListItem\",\"position\":1,\"name\":\"Prima pagin\u0103\",\"item\":\"https:\\\/\\\/muzeulgolesti.ro\\\/ro\\\/\"},{\"@type\":\"ListItem\",\"position\":2,\"name\":\"Ghid Muzeul Viticulturii si Pomiculturii Golesti\"}]},{\"@type\":\"WebSite\",\"@id\":\"https:\\\/\\\/muzeulgolesti.ro\\\/ro\\\/#website\",\"url\":\"https:\\\/\\\/muzeulgolesti.ro\\\/ro\\\/\",\"name\":\"Muzeul Vititculturii si Pomiculturii Golesti\",\"description\":\"Cultura, Etnografie, Istorie - Muzeul Vititculturii si Pomiculturii Golesti\",\"publisher\":{\"@id\":\"https:\\\/\\\/muzeulgolesti.ro\\\/ro\\\/#organization\"},\"potentialAction\":[{\"@type\":\"SearchAction\",\"target\":{\"@type\":\"EntryPoint\",\"urlTemplate\":\"https:\\\/\\\/muzeulgolesti.ro\\\/ro\\\/?s={search_term_string}\"},\"query-input\":{\"@type\":\"PropertyValueSpecification\",\"valueRequired\":true,\"valueName\":\"search_term_string\"}}],\"inLanguage\":\"en-GB\"},{\"@type\":\"Organization\",\"@id\":\"https:\\\/\\\/muzeulgolesti.ro\\\/ro\\\/#organization\",\"name\":\"Muzeul Vititculturii si Pomiculturii Golesti\",\"url\":\"https:\\\/\\\/muzeulgolesti.ro\\\/ro\\\/\",\"logo\":{\"@type\":\"ImageObject\",\"inLanguage\":\"en-GB\",\"@id\":\"https:\\\/\\\/muzeulgolesti.ro\\\/ro\\\/#\\\/schema\\\/logo\\\/image\\\/\",\"url\":\"https:\\\/\\\/muzeulgolesti.ro\\\/wp-content\\\/uploads\\\/2022\\\/11\\\/SiglaMuzeu.jpg\",\"contentUrl\":\"https:\\\/\\\/muzeulgolesti.ro\\\/wp-content\\\/uploads\\\/2022\\\/11\\\/SiglaMuzeu.jpg\",\"width\":86,\"height\":50,\"caption\":\"Muzeul Vititculturii si Pomiculturii Golesti\"},\"image\":{\"@id\":\"https:\\\/\\\/muzeulgolesti.ro\\\/ro\\\/#\\\/schema\\\/logo\\\/image\\\/\"},\"sameAs\":[\"https:\\\/\\\/web.facebook.com\\\/www.muzeulgolesti.ro\"]}]}<\/script>\n<!-- \/ Yoast SEO plugin. -->","yoast_head_json":{"title":"Ghid Muzeul Viticulturii si Pomiculturii Golesti","description":"[:ro]Ghid Muzeul Viticulturii si Pomiculturii Golesti[:] - Muzeul Viticulturii si Pomiculturii Golesti","robots":{"index":"index","follow":"follow","max-snippet":"max-snippet:-1","max-image-preview":"max-image-preview:large","max-video-preview":"max-video-preview:-1"},"canonical":"https:\/\/muzeulgolesti.ro\/en\/ghid-muzeul-viticulturii-si-pomiculturii-golesti\/","og_locale":"en_GB","og_type":"article","og_title":"[:ro]Ghid Muzeul Viticulturii si Pomiculturii Golesti[:] - Muzeul Viticulturii si Pomiculturii Golesti","og_description":"[:ro]Ghid Muzeul Viticulturii si Pomiculturii Golesti[:] - Muzeul Viticulturii si Pomiculturii Golesti","og_url":"https:\/\/muzeulgolesti.ro\/en\/stiri\/intitutiile-de-cultura-din-arges-si-educatia-copiilor\/","og_site_name":"Muzeul Viticulturii si Pomiculturii Golesti","article_publisher":"https:\/\/web.facebook.com\/www.muzeulgolesti.ro","article_modified_time":"2023-01-06T12:56:37+00:00","twitter_card":"summary_large_image","twitter_misc":{"Estimated reading time":"2 minutes"},"schema":{"@context":"https:\/\/schema.org","@graph":[{"@type":"WebPage","@id":"https:\/\/muzeulgolesti.ro\/en\/ghid-muzeul-viticulturii-si-pomiculturii-golesti\/","url":"https:\/\/muzeulgolesti.ro\/en\/ghid-muzeul-viticulturii-si-pomiculturii-golesti\/","name":"Ghid Muzeul Viticulturii si Pomiculturii Golesti","isPartOf":{"@id":"https:\/\/muzeulgolesti.ro\/ro\/#website"},"datePublished":"2023-01-06T12:55:47+00:00","dateModified":"2023-01-06T12:56:37+00:00","description":"Ghid Muzeul Viticulturii si Pomiculturii Golesti","breadcrumb":{"@id":"https:\/\/muzeulgolesti.ro\/en\/ghid-muzeul-viticulturii-si-pomiculturii-golesti\/#breadcrumb"},"inLanguage":"en-GB","potentialAction":[{"@type":"ReadAction","target":["https:\/\/muzeulgolesti.ro\/en\/ghid-muzeul-viticulturii-si-pomiculturii-golesti\/"]}]},{"@type":"BreadcrumbList","@id":"https:\/\/muzeulgolesti.ro\/en\/ghid-muzeul-viticulturii-si-pomiculturii-golesti\/#breadcrumb","itemListElement":[{"@type":"ListItem","position":1,"name":"Prima pagin\u0103","item":"https:\/\/muzeulgolesti.ro\/ro\/"},{"@type":"ListItem","position":2,"name":"Ghid Muzeul Viticulturii si Pomiculturii Golesti"}]},{"@type":"WebSite","@id":"https:\/\/muzeulgolesti.ro\/ro\/#website","url":"https:\/\/muzeulgolesti.ro\/ro\/","name":"Muzeul Vititculturii si Pomiculturii Golesti","description":"Cultura, Etnografie, Istorie - Muzeul Vititculturii si Pomiculturii Golesti","publisher":{"@id":"https:\/\/muzeulgolesti.ro\/ro\/#organization"},"potentialAction":[{"@type":"SearchAction","target":{"@type":"EntryPoint","urlTemplate":"https:\/\/muzeulgolesti.ro\/ro\/?s={search_term_string}"},"query-input":{"@type":"PropertyValueSpecification","valueRequired":true,"valueName":"search_term_string"}}],"inLanguage":"en-GB"},{"@type":"Organization","@id":"https:\/\/muzeulgolesti.ro\/ro\/#organization","name":"Muzeul Vititculturii si Pomiculturii Golesti","url":"https:\/\/muzeulgolesti.ro\/ro\/","logo":{"@type":"ImageObject","inLanguage":"en-GB","@id":"https:\/\/muzeulgolesti.ro\/ro\/#\/schema\/logo\/image\/","url":"https:\/\/muzeulgolesti.ro\/wp-content\/uploads\/2022\/11\/SiglaMuzeu.jpg","contentUrl":"https:\/\/muzeulgolesti.ro\/wp-content\/uploads\/2022\/11\/SiglaMuzeu.jpg","width":86,"height":50,"caption":"Muzeul Vititculturii si Pomiculturii Golesti"},"image":{"@id":"https:\/\/muzeulgolesti.ro\/ro\/#\/schema\/logo\/image\/"},"sameAs":["https:\/\/web.facebook.com\/www.muzeulgolesti.ro"]}]}},"_links":{"self":[{"href":"https:\/\/muzeulgolesti.ro\/en\/wp-json\/wp\/v2\/pages\/5072","targetHints":{"allow":["GET"]}}],"collection":[{"href":"https:\/\/muzeulgolesti.ro\/en\/wp-json\/wp\/v2\/pages"}],"about":[{"href":"https:\/\/muzeulgolesti.ro\/en\/wp-json\/wp\/v2\/types\/page"}],"author":[{"embeddable":true,"href":"https:\/\/muzeulgolesti.ro\/en\/wp-json\/wp\/v2\/users\/4"}],"replies":[{"embeddable":true,"href":"https:\/\/muzeulgolesti.ro\/en\/wp-json\/wp\/v2\/comments?post=5072"}],"version-history":[{"count":1,"href":"https:\/\/muzeulgolesti.ro\/en\/wp-json\/wp\/v2\/pages\/5072\/revisions"}],"predecessor-version":[{"id":5075,"href":"https:\/\/muzeulgolesti.ro\/en\/wp-json\/wp\/v2\/pages\/5072\/revisions\/5075"}],"wp:attachment":[{"href":"https:\/\/muzeulgolesti.ro\/en\/wp-json\/wp\/v2\/media?parent=5072"}],"curies":[{"name":"wp","href":"https:\/\/api.w.org\/{rel}","templated":true}]}}