{"id":3242,"date":"2020-04-01T16:56:28","date_gmt":"2020-04-01T16:56:28","guid":{"rendered":"https:\/\/muzeulgolesti.ro\/?page_id=3242"},"modified":"2026-02-26T06:38:05","modified_gmt":"2026-02-26T06:38:05","slug":"acasa-2","status":"publish","type":"page","link":"https:\/\/muzeulgolesti.ro\/ro\/","title":{"rendered":"ACAS\u0102"},"content":{"rendered":"<div class=\"fusion-fullwidth fullwidth-box fusion-builder-row-1 nonhundred-percent-fullwidth non-hundred-percent-height-scrolling\" style=\"--awb-border-radius-top-left:0px;--awb-border-radius-top-right:0px;--awb-border-radius-bottom-right:0px;--awb-border-radius-bottom-left:0px;--awb-flex-wrap:wrap;\" ><div class=\"fusion-builder-row fusion-row\"><div class=\"fusion-layout-column fusion_builder_column fusion-builder-column-0 fusion_builder_column_1_1 1_1 fusion-one-full fusion-column-first fusion-column-last\" style=\"--awb-bg-size:cover;\"><div class=\"fusion-column-wrapper fusion-column-has-shadow fusion-flex-column-wrapper-legacy\"><div class=\"awb-gallery-wrapper awb-gallery-wrapper-1 button-span-no\" style=\"--more-btn-alignment:center;\"><div style=\"margin:-5px;--awb-bordersize:0px;\" class=\"fusion-gallery fusion-gallery-container fusion-grid-3 fusion-columns-total-3 fusion-gallery-layout-grid fusion-gallery-1\"><div style=\"padding:5px;\" class=\"fusion-grid-column fusion-gallery-column fusion-gallery-column-3 hover-type-none\"><div class=\"fusion-gallery-image\"><a href=\"https:\/\/www.romanian-adventures.ro\/oferte\/arges-tourist-pass\" rel=\"noreferrer\" data-rel=\"iLightbox[gallery_image_1]\" class=\"fusion-lightbox\" target=\"_self\"><img decoding=\"async\" src=\"https:\/\/muzeulgolesti.ro\/wp-content\/uploads\/2026\/02\/ArgesTouristPass-link-360x169-1.jpg\" width=\"360\" height=\"169\" alt=\"\" title=\"ArgesTouristPass link-360&#215;169\" aria-label=\"ArgesTouristPass link-360&#215;169\" class=\"img-responsive wp-image-7722\" srcset=\"https:\/\/muzeulgolesti.ro\/wp-content\/uploads\/2026\/02\/ArgesTouristPass-link-360x169-1-200x94.jpg 200w, https:\/\/muzeulgolesti.ro\/wp-content\/uploads\/2026\/02\/ArgesTouristPass-link-360x169-1.jpg 360w\" sizes=\"(min-width: 2200px) 100vw, (min-width: 784px) 573px, (min-width: 712px) 784px, (min-width: 640px) 712px, \" \/><\/a><\/div><\/div><div style=\"padding:5px;\" class=\"fusion-grid-column fusion-gallery-column fusion-gallery-column-3 hover-type-none\"><div class=\"fusion-gallery-image\"><a href=\"https:\/\/argesghid.app.link\/download\" rel=\"noreferrer\" data-rel=\"iLightbox[gallery_image_1]\" class=\"fusion-lightbox\" target=\"_self\"><img decoding=\"async\" src=\"\" width=\"\" height=\"\" alt=\"\" title=\"\" aria-label=\"\" class=\"img-responsive wp-image-\"  \/><\/a><\/div><\/div><div style=\"padding:5px;\" class=\"fusion-grid-column fusion-gallery-column fusion-gallery-column-3 hover-type-none\"><div class=\"fusion-gallery-image\"><a href=\"https:\/\/argesghid.app.link\/download\" rel=\"noreferrer\" data-rel=\"iLightbox[gallery_image_1]\" class=\"fusion-lightbox\" target=\"_self\"><img decoding=\"async\" src=\"https:\/\/muzeulgolesti.ro\/wp-content\/uploads\/2026\/02\/arges-ghid-logo-360x169-1.jpg\" width=\"360\" height=\"169\" alt=\"\" title=\"arges ghid logo-360&#215;169\" aria-label=\"arges ghid logo-360&#215;169\" class=\"img-responsive wp-image-7721\" srcset=\"https:\/\/muzeulgolesti.ro\/wp-content\/uploads\/2026\/02\/arges-ghid-logo-360x169-1-200x94.jpg 200w, https:\/\/muzeulgolesti.ro\/wp-content\/uploads\/2026\/02\/arges-ghid-logo-360x169-1.jpg 360w\" sizes=\"(min-width: 2200px) 100vw, (min-width: 784px) 573px, (min-width: 712px) 784px, (min-width: 640px) 712px, \" \/><\/a><\/div><\/div><div class=\"clearfix\"><\/div><\/div><\/div><div class=\"fusion-sep-clear\"><\/div><div class=\"fusion-separator fusion-no-medium-visibility fusion-full-width-sep\" style=\"margin-left: auto;margin-right: auto;margin-top:10px;margin-bottom:10px;width:100%;\"><\/div><div class=\"fusion-sep-clear\"><\/div><div class=\"fusion-title title fusion-title-1 fusion-sep-none fusion-title-text fusion-title-size-two\" style=\"--awb-margin-top-small:10px;--awb-margin-right-small:0px;--awb-margin-bottom-small:10px;--awb-margin-left-small:0px;\"><h2 class=\"fusion-title-heading title-heading-left\" style=\"margin:0;\">\u015etiri<\/h2><\/div><div class=\"fusion-blog-shortcode fusion-blog-shortcode-1 fusion-blog-archive fusion-blog-layout-grid-wrapper fusion-blog-no\"><style type=\"text\/css\">.fusion-blog-shortcode-1 .fusion-blog-layout-grid .fusion-post-grid{padding:20px;}.fusion-blog-shortcode-1 .fusion-posts-container{margin-left: -20px !important; margin-right:-20px !important;}<\/style><div class=\"fusion-posts-container fusion-posts-container-no fusion-no-meta-info fusion-blog-rollover fusion-blog-layout-grid fusion-blog-layout-grid-2 isotope fusion-blog-equal-heights\" data-pages=\"17\" data-grid-col-space=\"40\" style=\"margin: -20px -20px 0;min-height:500px;\"><article id=\"blog-1-post-7847\" class=\"fusion-post-grid post-7847 post type-post status-publish format-standard has-post-thumbnail hentry category-stiri\">\n<div class=\"fusion-post-wrapper\" style=\"background-color:rgba(255,255,255,0);border:1px solid var(--awb-color2);border-bottom-width:3px;\">\n\n\t\t\t<div class=\"fusion-flexslider flexslider fusion-flexslider-loading fusion-post-slideshow\" style=\"border-color:var(--awb-color2);\">\n\t\t<ul class=\"slides\">\n\t\t\t\n\t\t\t\t\t\t\t\t\t\t\t\t\t\t<li><div  class=\"fusion-image-wrapper\" aria-haspopup=\"true\">\n\t\t\t\t<img decoding=\"async\" width=\"900\" height=\"508\" src=\"https:\/\/muzeulgolesti.ro\/wp-content\/uploads\/2026\/04\/coperta-1.jpg\" class=\"attachment-full size-full wp-post-image\" alt=\"\" srcset=\"https:\/\/muzeulgolesti.ro\/wp-content\/uploads\/2026\/04\/coperta-1-200x113.jpg 200w, https:\/\/muzeulgolesti.ro\/wp-content\/uploads\/2026\/04\/coperta-1-400x226.jpg 400w, https:\/\/muzeulgolesti.ro\/wp-content\/uploads\/2026\/04\/coperta-1-600x339.jpg 600w, https:\/\/muzeulgolesti.ro\/wp-content\/uploads\/2026\/04\/coperta-1-800x452.jpg 800w, https:\/\/muzeulgolesti.ro\/wp-content\/uploads\/2026\/04\/coperta-1.jpg 900w\" sizes=\"(min-width: 2200px) 100vw, (min-width: 712px) 784px, (min-width: 640px) 712px, \" \/><div class=\"fusion-rollover\">\n\t<div class=\"fusion-rollover-content\">\n\n\t\t\t\t\t\t\t\t\t\t\t\t\t\t<a class=\"fusion-rollover-link\" href=\"https:\/\/muzeulgolesti.ro\/ro\/stiri\/programul-muzeului-golesti-in-ziua-de1-mai-2026\/\">Programul Muzeului Gole\u0219ti \u00een ziua de1 MAI 2026<\/a>\n\t\t\t\n\t\t\t\t\t\t\t\t\t\t\t\t\t\t\n\t\t\t\t\t\t\t\t\n\t\t\t\t\t\t\t\t\t\t\t\t\t<div class=\"fusion-rollover-sep\"><\/div>\n\t\t\t\t\n\t\t\t\t\t\t\t\t\t\t\t\t\t\t\t\t\t\t<a class=\"fusion-rollover-gallery\" href=\"https:\/\/muzeulgolesti.ro\/wp-content\/uploads\/2026\/04\/coperta-1.jpg\" data-options=\"\" data-id=\"7847\" data-rel=\"iLightbox[gallery]\" data-title=\"coperta\" data-caption=\"\">\n\t\t\t\t\t\tGallery\t\t\t\t\t<\/a>\n\t\t\t\t\t\t\t\t\t\t\t\t\t\t\n\t\t\n\t\t\t\t\t\t\t\t\t\t\t\t<h4 class=\"fusion-rollover-title\">\n\t\t\t\t\t<a class=\"fusion-rollover-title-link\" href=\"https:\/\/muzeulgolesti.ro\/ro\/stiri\/programul-muzeului-golesti-in-ziua-de1-mai-2026\/\">\n\t\t\t\t\t\tProgramul Muzeului Gole\u0219ti \u00een ziua de1 MAI 2026\t\t\t\t\t<\/a>\n\t\t\t\t<\/h4>\n\t\t\t\n\t\t\t\t\t\t\t\t\t\t<div class=\"fusion-rollover-categories\"><a href=\"https:\/\/muzeulgolesti.ro\/ro\/category\/stiri\/\" rel=\"tag\">Stiri<\/a><\/div>\t\t\t\t\t\n\t\t\n\t\t\t\t\t\t<a class=\"fusion-link-wrapper\" href=\"https:\/\/muzeulgolesti.ro\/ro\/stiri\/programul-muzeului-golesti-in-ziua-de1-mai-2026\/\" aria-label=\"Programul Muzeului Gole\u0219ti \u00een ziua de1 MAI 2026\"><\/a>\n\t<\/div>\n<\/div>\n<\/div>\n<\/li>\n\t\t\t\n\t\t\t\n\t\t\t\t\t\t\t\t\t\t\t\t\t\t\t\t\t\t\t\t\t\t\t\t\t\t\t\t\t\t\t\t\t\t\t\t\t\t\t\t\t\t\t\t\t\t\t\t\t\t\t\t\t\t\t\t\t\t\t\t\t\t\t\t\t\t\t\t<\/ul>\n\t<\/div>\n\t<div class=\"fusion-post-content-wrapper\" style=\"padding:30px 25px 25px 25px;\"><div class=\"fusion-post-content post-content\"><h2 class=\"blog-shortcode-post-title entry-title\"><a href=\"https:\/\/muzeulgolesti.ro\/ro\/stiri\/programul-muzeului-golesti-in-ziua-de1-mai-2026\/\">Programul Muzeului Gole\u0219ti \u00een ziua de1 MAI 2026<\/a><\/h2><\/div><\/div><div class=\"fusion-clearfix\"><\/div><\/div>\n<\/article>\n<article id=\"blog-1-post-7802\" class=\"fusion-post-grid post-7802 post type-post status-publish format-standard has-post-thumbnail hentry category-stiri\">\n<div class=\"fusion-post-wrapper\" style=\"background-color:rgba(255,255,255,0);border:1px solid var(--awb-color2);border-bottom-width:3px;\">\n\n\t\t\t<div class=\"fusion-flexslider flexslider fusion-flexslider-loading fusion-post-slideshow\" style=\"border-color:var(--awb-color2);\">\n\t\t<ul class=\"slides\">\n\t\t\t\n\t\t\t\t\t\t\t\t\t\t\t\t\t\t<li><div  class=\"fusion-image-wrapper\" aria-haspopup=\"true\">\n\t\t\t\t<img decoding=\"async\" width=\"900\" height=\"508\" src=\"https:\/\/muzeulgolesti.ro\/wp-content\/uploads\/2025\/04\/paste-2025.jpg\" class=\"attachment-full size-full wp-post-image\" alt=\"\" srcset=\"https:\/\/muzeulgolesti.ro\/wp-content\/uploads\/2025\/04\/paste-2025-200x113.jpg 200w, https:\/\/muzeulgolesti.ro\/wp-content\/uploads\/2025\/04\/paste-2025-400x226.jpg 400w, https:\/\/muzeulgolesti.ro\/wp-content\/uploads\/2025\/04\/paste-2025-600x339.jpg 600w, https:\/\/muzeulgolesti.ro\/wp-content\/uploads\/2025\/04\/paste-2025-800x452.jpg 800w, https:\/\/muzeulgolesti.ro\/wp-content\/uploads\/2025\/04\/paste-2025.jpg 900w\" sizes=\"(min-width: 2200px) 100vw, (min-width: 712px) 784px, (min-width: 640px) 712px, \" \/><div class=\"fusion-rollover\">\n\t<div class=\"fusion-rollover-content\">\n\n\t\t\t\t\t\t\t\t\t\t\t\t\t\t<a class=\"fusion-rollover-link\" href=\"https:\/\/muzeulgolesti.ro\/ro\/stiri\/programul-muzeului-golesti-in-perioada-sarbatorilor-pascale-2\/\">Programul Muzeului Gole\u0219ti \u00een perioada s\u0103rb\u0103torilor pascale<\/a>\n\t\t\t\n\t\t\t\t\t\t\t\t\t\t\t\t\t\t\n\t\t\t\t\t\t\t\t\n\t\t\t\t\t\t\t\t\t\t\t\t\t<div class=\"fusion-rollover-sep\"><\/div>\n\t\t\t\t\n\t\t\t\t\t\t\t\t\t\t\t\t\t\t\t\t\t\t<a class=\"fusion-rollover-gallery\" href=\"https:\/\/muzeulgolesti.ro\/wp-content\/uploads\/2025\/04\/paste-2025.jpg\" data-options=\"\" data-id=\"7802\" data-rel=\"iLightbox[gallery]\" data-title=\"paste 2025\" data-caption=\"\">\n\t\t\t\t\t\tGallery\t\t\t\t\t<\/a>\n\t\t\t\t\t\t\t\t\t\t\t\t\t\t\n\t\t\n\t\t\t\t\t\t\t\t\t\t\t\t<h4 class=\"fusion-rollover-title\">\n\t\t\t\t\t<a class=\"fusion-rollover-title-link\" href=\"https:\/\/muzeulgolesti.ro\/ro\/stiri\/programul-muzeului-golesti-in-perioada-sarbatorilor-pascale-2\/\">\n\t\t\t\t\t\tProgramul Muzeului Gole\u0219ti \u00een perioada s\u0103rb\u0103torilor pascale\t\t\t\t\t<\/a>\n\t\t\t\t<\/h4>\n\t\t\t\n\t\t\t\t\t\t\t\t\t\t<div class=\"fusion-rollover-categories\"><a href=\"https:\/\/muzeulgolesti.ro\/ro\/category\/stiri\/\" rel=\"tag\">Stiri<\/a><\/div>\t\t\t\t\t\n\t\t\n\t\t\t\t\t\t<a class=\"fusion-link-wrapper\" href=\"https:\/\/muzeulgolesti.ro\/ro\/stiri\/programul-muzeului-golesti-in-perioada-sarbatorilor-pascale-2\/\" aria-label=\"Programul Muzeului Gole\u0219ti \u00een perioada s\u0103rb\u0103torilor pascale\"><\/a>\n\t<\/div>\n<\/div>\n<\/div>\n<\/li>\n\t\t\t\n\t\t\t\n\t\t\t\t\t\t\t\t\t\t\t\t\t\t\t\t\t\t\t\t\t\t\t\t\t\t\t\t\t\t\t\t\t\t\t\t\t\t\t\t\t\t\t\t\t\t\t\t\t\t\t\t\t\t\t\t\t\t\t\t\t\t\t\t\t\t\t\t<\/ul>\n\t<\/div>\n\t<div class=\"fusion-post-content-wrapper\" style=\"padding:30px 25px 25px 25px;\"><div class=\"fusion-post-content post-content\"><h2 class=\"blog-shortcode-post-title entry-title\"><a href=\"https:\/\/muzeulgolesti.ro\/ro\/stiri\/programul-muzeului-golesti-in-perioada-sarbatorilor-pascale-2\/\">Programul Muzeului Gole\u0219ti \u00een perioada s\u0103rb\u0103torilor pascale<\/a><\/h2><\/div><\/div><div class=\"fusion-clearfix\"><\/div><\/div>\n<\/article>\n<article id=\"blog-1-post-7792\" class=\"fusion-post-grid post-7792 post type-post status-publish format-standard has-post-thumbnail hentry category-stiri\">\n<div class=\"fusion-post-wrapper\" style=\"background-color:rgba(255,255,255,0);border:1px solid var(--awb-color2);border-bottom-width:3px;\">\n\n\t\t\t<div class=\"fusion-flexslider flexslider fusion-flexslider-loading fusion-post-slideshow\" style=\"border-color:var(--awb-color2);\">\n\t\t<ul class=\"slides\">\n\t\t\t\n\t\t\t\t\t\t\t\t\t\t\t\t\t\t<li><div  class=\"fusion-image-wrapper\" aria-haspopup=\"true\">\n\t\t\t\t<img decoding=\"async\" width=\"900\" height=\"508\" src=\"https:\/\/muzeulgolesti.ro\/wp-content\/uploads\/2026\/03\/coperta-1.jpg\" class=\"attachment-full size-full wp-post-image\" alt=\"\" srcset=\"https:\/\/muzeulgolesti.ro\/wp-content\/uploads\/2026\/03\/coperta-1-200x113.jpg 200w, https:\/\/muzeulgolesti.ro\/wp-content\/uploads\/2026\/03\/coperta-1-400x226.jpg 400w, https:\/\/muzeulgolesti.ro\/wp-content\/uploads\/2026\/03\/coperta-1-600x339.jpg 600w, https:\/\/muzeulgolesti.ro\/wp-content\/uploads\/2026\/03\/coperta-1-800x452.jpg 800w, https:\/\/muzeulgolesti.ro\/wp-content\/uploads\/2026\/03\/coperta-1.jpg 900w\" sizes=\"(min-width: 2200px) 100vw, (min-width: 712px) 784px, (min-width: 640px) 712px, \" \/><div class=\"fusion-rollover\">\n\t<div class=\"fusion-rollover-content\">\n\n\t\t\t\t\t\t\t\t\t\t\t\t\t\t<a class=\"fusion-rollover-link\" href=\"https:\/\/muzeulgolesti.ro\/ro\/stiri\/orarul-de-vara-al-muzeului-golesti\/\">Orarul de var\u0103 al Muzeului Gole\u0219ti<\/a>\n\t\t\t\n\t\t\t\t\t\t\t\t\t\t\t\t\t\t\n\t\t\t\t\t\t\t\t\n\t\t\t\t\t\t\t\t\t\t\t\t\t<div class=\"fusion-rollover-sep\"><\/div>\n\t\t\t\t\n\t\t\t\t\t\t\t\t\t\t\t\t\t\t\t\t\t\t<a class=\"fusion-rollover-gallery\" href=\"https:\/\/muzeulgolesti.ro\/wp-content\/uploads\/2026\/03\/coperta-1.jpg\" data-options=\"\" data-id=\"7792\" data-rel=\"iLightbox[gallery]\" data-title=\"coperta\" data-caption=\"\">\n\t\t\t\t\t\tGallery\t\t\t\t\t<\/a>\n\t\t\t\t\t\t\t\t\t\t\t\t\t\t\n\t\t\n\t\t\t\t\t\t\t\t\t\t\t\t<h4 class=\"fusion-rollover-title\">\n\t\t\t\t\t<a class=\"fusion-rollover-title-link\" href=\"https:\/\/muzeulgolesti.ro\/ro\/stiri\/orarul-de-vara-al-muzeului-golesti\/\">\n\t\t\t\t\t\tOrarul de var\u0103 al Muzeului Gole\u0219ti\t\t\t\t\t<\/a>\n\t\t\t\t<\/h4>\n\t\t\t\n\t\t\t\t\t\t\t\t\t\t<div class=\"fusion-rollover-categories\"><a href=\"https:\/\/muzeulgolesti.ro\/ro\/category\/stiri\/\" rel=\"tag\">Stiri<\/a><\/div>\t\t\t\t\t\n\t\t\n\t\t\t\t\t\t<a class=\"fusion-link-wrapper\" href=\"https:\/\/muzeulgolesti.ro\/ro\/stiri\/orarul-de-vara-al-muzeului-golesti\/\" aria-label=\"Orarul de var\u0103 al Muzeului Gole\u0219ti\"><\/a>\n\t<\/div>\n<\/div>\n<\/div>\n<\/li>\n\t\t\t\n\t\t\t\n\t\t\t\t\t\t\t\t\t\t\t\t\t\t\t\t\t\t\t\t\t\t\t\t\t\t\t\t\t\t\t\t\t\t\t\t\t\t\t\t\t\t\t\t\t\t\t\t\t\t\t\t\t\t\t\t\t\t\t\t\t\t\t\t\t\t\t\t<\/ul>\n\t<\/div>\n\t<div class=\"fusion-post-content-wrapper\" style=\"padding:30px 25px 25px 25px;\"><div class=\"fusion-post-content post-content\"><h2 class=\"blog-shortcode-post-title entry-title\"><a href=\"https:\/\/muzeulgolesti.ro\/ro\/stiri\/orarul-de-vara-al-muzeului-golesti\/\">Orarul de var\u0103 al Muzeului Gole\u0219ti<\/a><\/h2><\/div><\/div><div class=\"fusion-clearfix\"><\/div><\/div>\n<\/article>\n<article id=\"blog-1-post-7774\" class=\"fusion-post-grid post-7774 post type-post status-publish format-standard has-post-thumbnail hentry category-stiri\">\n<div class=\"fusion-post-wrapper\" style=\"background-color:rgba(255,255,255,0);border:1px solid var(--awb-color2);border-bottom-width:3px;\">\n\n\t\t\t<div class=\"fusion-flexslider flexslider fusion-flexslider-loading fusion-post-slideshow\" style=\"border-color:var(--awb-color2);\">\n\t\t<ul class=\"slides\">\n\t\t\t\n\t\t\t\t\t\t\t\t\t\t\t\t\t\t<li><div  class=\"fusion-image-wrapper\" aria-haspopup=\"true\">\n\t\t\t\t<img decoding=\"async\" width=\"900\" height=\"508\" src=\"https:\/\/muzeulgolesti.ro\/wp-content\/uploads\/2026\/03\/vernisaje.jpg\" class=\"attachment-full size-full wp-post-image\" alt=\"\" srcset=\"https:\/\/muzeulgolesti.ro\/wp-content\/uploads\/2026\/03\/vernisaje-200x113.jpg 200w, https:\/\/muzeulgolesti.ro\/wp-content\/uploads\/2026\/03\/vernisaje-400x226.jpg 400w, https:\/\/muzeulgolesti.ro\/wp-content\/uploads\/2026\/03\/vernisaje-600x339.jpg 600w, https:\/\/muzeulgolesti.ro\/wp-content\/uploads\/2026\/03\/vernisaje-800x452.jpg 800w, https:\/\/muzeulgolesti.ro\/wp-content\/uploads\/2026\/03\/vernisaje.jpg 900w\" sizes=\"(min-width: 2200px) 100vw, (min-width: 712px) 784px, (min-width: 640px) 712px, \" \/><div class=\"fusion-rollover\">\n\t<div class=\"fusion-rollover-content\">\n\n\t\t\t\t\t\t\t\t\t\t\t\t\t\t<a class=\"fusion-rollover-link\" href=\"https:\/\/muzeulgolesti.ro\/ro\/stiri\/muzeul-golesti-marcheaza-ziua-femeii-prin-vernisarea-expozitiilor-perspective-feminine-si-maria-tanase-suflet-romanesc\/\">Muzeul Gole\u0219ti marcheaz\u0103 Ziua Femeii prin vernisarea expozi\u021biilor \u201ePerspective feminine\u201d \u0219i \u201eMaria T\u0103nase \u2013 Suflet rom\u00e2nesc\u201d<\/a>\n\t\t\t\n\t\t\t\t\t\t\t\t\t\t\t\t\t\t\n\t\t\t\t\t\t\t\t\n\t\t\t\t\t\t\t\t\t\t\t\t\t<div class=\"fusion-rollover-sep\"><\/div>\n\t\t\t\t\n\t\t\t\t\t\t\t\t\t\t\t\t\t\t\t\t\t\t<a class=\"fusion-rollover-gallery\" href=\"https:\/\/muzeulgolesti.ro\/wp-content\/uploads\/2026\/03\/vernisaje.jpg\" data-options=\"\" data-id=\"7774\" data-rel=\"iLightbox[gallery]\" data-title=\"vernisaje\" data-caption=\"\">\n\t\t\t\t\t\tGallery\t\t\t\t\t<\/a>\n\t\t\t\t\t\t\t\t\t\t\t\t\t\t\n\t\t\n\t\t\t\t\t\t\t\t\t\t\t\t<h4 class=\"fusion-rollover-title\">\n\t\t\t\t\t<a class=\"fusion-rollover-title-link\" href=\"https:\/\/muzeulgolesti.ro\/ro\/stiri\/muzeul-golesti-marcheaza-ziua-femeii-prin-vernisarea-expozitiilor-perspective-feminine-si-maria-tanase-suflet-romanesc\/\">\n\t\t\t\t\t\tMuzeul Gole\u0219ti marcheaz\u0103 Ziua Femeii prin vernisarea expozi\u021biilor \u201ePerspective feminine\u201d \u0219i \u201eMaria T\u0103nase \u2013 Suflet rom\u00e2nesc\u201d\t\t\t\t\t<\/a>\n\t\t\t\t<\/h4>\n\t\t\t\n\t\t\t\t\t\t\t\t\t\t<div class=\"fusion-rollover-categories\"><a href=\"https:\/\/muzeulgolesti.ro\/ro\/category\/stiri\/\" rel=\"tag\">Stiri<\/a><\/div>\t\t\t\t\t\n\t\t\n\t\t\t\t\t\t<a class=\"fusion-link-wrapper\" href=\"https:\/\/muzeulgolesti.ro\/ro\/stiri\/muzeul-golesti-marcheaza-ziua-femeii-prin-vernisarea-expozitiilor-perspective-feminine-si-maria-tanase-suflet-romanesc\/\" aria-label=\"Muzeul Gole\u0219ti marcheaz\u0103 Ziua Femeii prin vernisarea expozi\u021biilor \u201ePerspective feminine\u201d \u0219i \u201eMaria T\u0103nase \u2013 Suflet rom\u00e2nesc\u201d\"><\/a>\n\t<\/div>\n<\/div>\n<\/div>\n<\/li>\n\t\t\t\n\t\t\t\n\t\t\t\t\t\t\t\t\t\t\t\t\t\t\t\t\t\t\t\t\t\t\t\t\t\t\t\t\t\t\t\t\t\t\t\t\t\t\t\t\t\t\t\t\t\t\t\t\t\t\t\t\t\t\t\t\t\t\t\t\t\t\t\t\t\t\t\t<\/ul>\n\t<\/div>\n\t<div class=\"fusion-post-content-wrapper\" style=\"padding:30px 25px 25px 25px;\"><div class=\"fusion-post-content post-content\"><h2 class=\"blog-shortcode-post-title entry-title\"><a href=\"https:\/\/muzeulgolesti.ro\/ro\/stiri\/muzeul-golesti-marcheaza-ziua-femeii-prin-vernisarea-expozitiilor-perspective-feminine-si-maria-tanase-suflet-romanesc\/\">Muzeul Gole\u0219ti marcheaz\u0103 Ziua Femeii prin vernisarea expozi\u021biilor \u201ePerspective feminine\u201d \u0219i \u201eMaria T\u0103nase \u2013 Suflet rom\u00e2nesc\u201d<\/a><\/h2><\/div><\/div><div class=\"fusion-clearfix\"><\/div><\/div>\n<\/article>\n<div class=\"fusion-clearfix\"><\/div><\/div><\/div><div class=\"fusion-sep-clear\"><\/div><div class=\"fusion-separator fusion-full-width-sep\" style=\"margin-left: auto;margin-right: auto;margin-bottom:15px;width:100%;\"><div class=\"fusion-separator-border sep-double\" style=\"--awb-height:20px;--awb-amount:20px;border-color:var(--awb-color3);border-top-width:1px;border-bottom-width:1px;\"><\/div><\/div><div class=\"fusion-sep-clear\"><\/div><div class=\"fusion-title title fusion-title-2 fusion-sep-none fusion-title-text fusion-title-size-two\" style=\"--awb-margin-top-small:10px;--awb-margin-right-small:0px;--awb-margin-bottom-small:10px;--awb-margin-left-small:0px;--awb-sep-color:#dbdbdb;\"><h2 class=\"fusion-title-heading title-heading-left\" style=\"margin:0;\">Evenimente<\/h2><\/div><div class=\"fusion-blog-shortcode fusion-blog-shortcode-2 fusion-blog-archive fusion-blog-layout-grid-wrapper fusion-blog-no\"><style type=\"text\/css\">.fusion-blog-shortcode-2 .fusion-blog-layout-grid .fusion-post-grid{padding:20px;}.fusion-blog-shortcode-2 .fusion-posts-container{margin-left: -20px !important; margin-right:-20px !important;}<\/style><div class=\"fusion-posts-container fusion-posts-container-no fusion-no-meta-info fusion-blog-rollover fusion-blog-layout-grid fusion-blog-layout-grid-2 isotope fusion-blog-equal-heights\" data-pages=\"27\" data-grid-col-space=\"40\" style=\"margin: -20px -20px 0;min-height:500px;\"><article id=\"blog-2-post-7835\" class=\"fusion-post-grid post-7835 post type-post status-publish format-standard has-post-thumbnail hentry category-evenimente\">\n<div class=\"fusion-post-wrapper\" style=\"background-color:rgba(255,255,255,0);border:1px solid var(--awb-color2);border-bottom-width:3px;\">\n\n\t\t\t<div class=\"fusion-flexslider flexslider fusion-flexslider-loading fusion-post-slideshow\" style=\"border-color:var(--awb-color2);\">\n\t\t<ul class=\"slides\">\n\t\t\t\n\t\t\t\t\t\t\t\t\t\t\t\t\t\t<li><div  class=\"fusion-image-wrapper\" aria-haspopup=\"true\">\n\t\t\t\t<img decoding=\"async\" width=\"900\" height=\"508\" src=\"https:\/\/muzeulgolesti.ro\/wp-content\/uploads\/2026\/04\/Untitled.jpg\" class=\"attachment-full size-full wp-post-image\" alt=\"\" srcset=\"https:\/\/muzeulgolesti.ro\/wp-content\/uploads\/2026\/04\/Untitled-200x113.jpg 200w, https:\/\/muzeulgolesti.ro\/wp-content\/uploads\/2026\/04\/Untitled-400x226.jpg 400w, https:\/\/muzeulgolesti.ro\/wp-content\/uploads\/2026\/04\/Untitled-600x339.jpg 600w, https:\/\/muzeulgolesti.ro\/wp-content\/uploads\/2026\/04\/Untitled-800x452.jpg 800w, https:\/\/muzeulgolesti.ro\/wp-content\/uploads\/2026\/04\/Untitled.jpg 900w\" sizes=\"(min-width: 2200px) 100vw, (min-width: 712px) 784px, (min-width: 640px) 712px, \" \/><div class=\"fusion-rollover\">\n\t<div class=\"fusion-rollover-content\">\n\n\t\t\t\t\t\t\t\t\t\t\t\t\t\t<a class=\"fusion-rollover-link\" href=\"https:\/\/muzeulgolesti.ro\/ro\/evenimente\/conferinta-nationala-salvgardarea-patrimoniului-cultural-imaterial-metode-si-perspective\/\">Conferin\u021ba Na\u021bional\u0103: SALVGARDAREA PATRIMONIULUI CULTURAL IMATERIAL &#8211; METODE \u0218I PERSPECTIVE<\/a>\n\t\t\t\n\t\t\t\t\t\t\t\t\t\t\t\t\t\t\n\t\t\t\t\t\t\t\t\n\t\t\t\t\t\t\t\t\t\t\t\t\t<div class=\"fusion-rollover-sep\"><\/div>\n\t\t\t\t\n\t\t\t\t\t\t\t\t\t\t\t\t\t\t\t\t\t\t<a class=\"fusion-rollover-gallery\" href=\"https:\/\/muzeulgolesti.ro\/wp-content\/uploads\/2026\/04\/Untitled.jpg\" data-options=\"\" data-id=\"7835\" data-rel=\"iLightbox[gallery]\" data-title=\"Untitled\" data-caption=\"\">\n\t\t\t\t\t\tGallery\t\t\t\t\t<\/a>\n\t\t\t\t\t\t\t\t\t\t\t\t\t\t\n\t\t\n\t\t\t\t\t\t\t\t\t\t\t\t<h4 class=\"fusion-rollover-title\">\n\t\t\t\t\t<a class=\"fusion-rollover-title-link\" href=\"https:\/\/muzeulgolesti.ro\/ro\/evenimente\/conferinta-nationala-salvgardarea-patrimoniului-cultural-imaterial-metode-si-perspective\/\">\n\t\t\t\t\t\tConferin\u021ba Na\u021bional\u0103: SALVGARDAREA PATRIMONIULUI CULTURAL IMATERIAL &#8211; METODE \u0218I PERSPECTIVE\t\t\t\t\t<\/a>\n\t\t\t\t<\/h4>\n\t\t\t\n\t\t\t\t\t\t\t\t\t\t<div class=\"fusion-rollover-categories\"><a href=\"https:\/\/muzeulgolesti.ro\/ro\/category\/evenimente\/\" rel=\"tag\">Evenimente<\/a><\/div>\t\t\t\t\t\n\t\t\n\t\t\t\t\t\t<a class=\"fusion-link-wrapper\" href=\"https:\/\/muzeulgolesti.ro\/ro\/evenimente\/conferinta-nationala-salvgardarea-patrimoniului-cultural-imaterial-metode-si-perspective\/\" aria-label=\"Conferin\u021ba Na\u021bional\u0103: SALVGARDAREA PATRIMONIULUI CULTURAL IMATERIAL &#8211; METODE \u0218I PERSPECTIVE\"><\/a>\n\t<\/div>\n<\/div>\n<\/div>\n<\/li>\n\t\t\t\n\t\t\t\n\t\t\t\t\t\t\t\t\t\t\t\t\t\t\t\t\t\t\t\t\t\t\t\t\t\t\t\t\t\t\t\t\t\t\t\t\t\t\t\t\t\t\t\t\t\t\t\t\t\t\t\t\t\t\t\t\t\t\t\t\t\t\t\t\t\t\t\t<\/ul>\n\t<\/div>\n\t<div class=\"fusion-post-content-wrapper\" style=\"padding:30px 25px 25px 25px;\"><div class=\"fusion-post-content post-content\"><h2 class=\"blog-shortcode-post-title entry-title\"><a href=\"https:\/\/muzeulgolesti.ro\/ro\/evenimente\/conferinta-nationala-salvgardarea-patrimoniului-cultural-imaterial-metode-si-perspective\/\">Conferin\u021ba Na\u021bional\u0103: SALVGARDAREA PATRIMONIULUI CULTURAL IMATERIAL &#8211; METODE \u0218I PERSPECTIVE<\/a><\/h2><\/div><\/div><div class=\"fusion-clearfix\"><\/div><\/div>\n<\/article>\n<article id=\"blog-2-post-7828\" class=\"fusion-post-grid post-7828 post type-post status-publish format-standard has-post-thumbnail hentry category-evenimente\">\n<div class=\"fusion-post-wrapper\" style=\"background-color:rgba(255,255,255,0);border:1px solid var(--awb-color2);border-bottom-width:3px;\">\n\n\t\t\t<div class=\"fusion-flexslider flexslider fusion-flexslider-loading fusion-post-slideshow\" style=\"border-color:var(--awb-color2);\">\n\t\t<ul class=\"slides\">\n\t\t\t\n\t\t\t\t\t\t\t\t\t\t\t\t\t\t<li><div  class=\"fusion-image-wrapper\" aria-haspopup=\"true\">\n\t\t\t\t<img decoding=\"async\" width=\"900\" height=\"508\" src=\"https:\/\/muzeulgolesti.ro\/wp-content\/uploads\/2026\/04\/coperta-2.jpg\" class=\"attachment-full size-full wp-post-image\" alt=\"\" srcset=\"https:\/\/muzeulgolesti.ro\/wp-content\/uploads\/2026\/04\/coperta-2-200x113.jpg 200w, https:\/\/muzeulgolesti.ro\/wp-content\/uploads\/2026\/04\/coperta-2-400x226.jpg 400w, https:\/\/muzeulgolesti.ro\/wp-content\/uploads\/2026\/04\/coperta-2-600x339.jpg 600w, https:\/\/muzeulgolesti.ro\/wp-content\/uploads\/2026\/04\/coperta-2-800x452.jpg 800w, https:\/\/muzeulgolesti.ro\/wp-content\/uploads\/2026\/04\/coperta-2.jpg 900w\" sizes=\"(min-width: 2200px) 100vw, (min-width: 712px) 784px, (min-width: 640px) 712px, \" \/><div class=\"fusion-rollover\">\n\t<div class=\"fusion-rollover-content\">\n\n\t\t\t\t\t\t\t\t\t\t\t\t\t\t<a class=\"fusion-rollover-link\" href=\"https:\/\/muzeulgolesti.ro\/ro\/evenimente\/expozitie-brindusa-bontea-si-radu-florea-manuscrise-solare\/\">Expozi\u021bie Br\u00eendu\u0219a Bontea \u015fi Radu Florea, \u201eManuscrise solare\u201d<\/a>\n\t\t\t\n\t\t\t\t\t\t\t\t\t\t\t\t\t\t\n\t\t\t\t\t\t\t\t\n\t\t\t\t\t\t\t\t\t\t\t\t\t<div class=\"fusion-rollover-sep\"><\/div>\n\t\t\t\t\n\t\t\t\t\t\t\t\t\t\t\t\t\t\t\t\t\t\t<a class=\"fusion-rollover-gallery\" href=\"https:\/\/muzeulgolesti.ro\/wp-content\/uploads\/2026\/04\/coperta-2.jpg\" data-options=\"\" data-id=\"7828\" data-rel=\"iLightbox[gallery]\" data-title=\"\" data-caption=\"\">\n\t\t\t\t\t\tGallery\t\t\t\t\t<\/a>\n\t\t\t\t\t\t\t\t\t\t\t\t\t\t\n\t\t\n\t\t\t\t\t\t\t\t\t\t\t\t<h4 class=\"fusion-rollover-title\">\n\t\t\t\t\t<a class=\"fusion-rollover-title-link\" href=\"https:\/\/muzeulgolesti.ro\/ro\/evenimente\/expozitie-brindusa-bontea-si-radu-florea-manuscrise-solare\/\">\n\t\t\t\t\t\tExpozi\u021bie Br\u00eendu\u0219a Bontea \u015fi Radu Florea, \u201eManuscrise solare\u201d\t\t\t\t\t<\/a>\n\t\t\t\t<\/h4>\n\t\t\t\n\t\t\t\t\t\t\t\t\t\t<div class=\"fusion-rollover-categories\"><a href=\"https:\/\/muzeulgolesti.ro\/ro\/category\/evenimente\/\" rel=\"tag\">Evenimente<\/a><\/div>\t\t\t\t\t\n\t\t\n\t\t\t\t\t\t<a class=\"fusion-link-wrapper\" href=\"https:\/\/muzeulgolesti.ro\/ro\/evenimente\/expozitie-brindusa-bontea-si-radu-florea-manuscrise-solare\/\" aria-label=\"Expozi\u021bie Br\u00eendu\u0219a Bontea \u015fi Radu Florea, \u201eManuscrise solare\u201d\"><\/a>\n\t<\/div>\n<\/div>\n<\/div>\n<\/li>\n\t\t\t\n\t\t\t\n\t\t\t\t\t\t\t\t\t\t\t\t\t\t\t\t\t\t\t\t\t\t\t\t\t\t\t\t\t\t\t\t\t\t\t\t\t\t\t\t\t\t\t\t\t\t\t\t\t\t\t\t\t\t\t\t\t\t\t\t\t\t\t\t\t\t\t\t<\/ul>\n\t<\/div>\n\t<div class=\"fusion-post-content-wrapper\" style=\"padding:30px 25px 25px 25px;\"><div class=\"fusion-post-content post-content\"><h2 class=\"blog-shortcode-post-title entry-title\"><a href=\"https:\/\/muzeulgolesti.ro\/ro\/evenimente\/expozitie-brindusa-bontea-si-radu-florea-manuscrise-solare\/\">Expozi\u021bie Br\u00eendu\u0219a Bontea \u015fi Radu Florea, \u201eManuscrise solare\u201d<\/a><\/h2><\/div><\/div><div class=\"fusion-clearfix\"><\/div><\/div>\n<\/article>\n<article id=\"blog-2-post-7819\" class=\"fusion-post-grid post-7819 post type-post status-publish format-standard has-post-thumbnail hentry category-evenimente\">\n<div class=\"fusion-post-wrapper\" style=\"background-color:rgba(255,255,255,0);border:1px solid var(--awb-color2);border-bottom-width:3px;\">\n\n\t\t\t<div class=\"fusion-flexslider flexslider fusion-flexslider-loading fusion-post-slideshow\" style=\"border-color:var(--awb-color2);\">\n\t\t<ul class=\"slides\">\n\t\t\t\n\t\t\t\t\t\t\t\t\t\t\t\t\t\t<li><div  class=\"fusion-image-wrapper\" aria-haspopup=\"true\">\n\t\t\t\t<img decoding=\"async\" width=\"900\" height=\"508\" src=\"https:\/\/muzeulgolesti.ro\/wp-content\/uploads\/2026\/04\/coperta.png\" class=\"attachment-full size-full wp-post-image\" alt=\"\" srcset=\"https:\/\/muzeulgolesti.ro\/wp-content\/uploads\/2026\/04\/coperta-200x113.png 200w, https:\/\/muzeulgolesti.ro\/wp-content\/uploads\/2026\/04\/coperta-400x226.png 400w, https:\/\/muzeulgolesti.ro\/wp-content\/uploads\/2026\/04\/coperta-600x339.png 600w, https:\/\/muzeulgolesti.ro\/wp-content\/uploads\/2026\/04\/coperta-800x452.png 800w, https:\/\/muzeulgolesti.ro\/wp-content\/uploads\/2026\/04\/coperta.png 900w\" sizes=\"(min-width: 2200px) 100vw, (min-width: 712px) 784px, (min-width: 640px) 712px, \" \/><div class=\"fusion-rollover\">\n\t<div class=\"fusion-rollover-content\">\n\n\t\t\t\t\t\t\t\t\t\t\t\t\t\t<a class=\"fusion-rollover-link\" href=\"https:\/\/muzeulgolesti.ro\/ro\/evenimente\/simpozion-judetean-200-de-ani-de-la-infiintarea-scolii-slobode-obstesti\/\">Simpozion jude\u021bean \u201e200 de ani de la \u00eenfiin\u021barea \u0218colii Slobode Ob\u0219te\u0219ti\u201d<\/a>\n\t\t\t\n\t\t\t\t\t\t\t\t\t\t\t\t\t\t\n\t\t\t\t\t\t\t\t\n\t\t\t\t\t\t\t\t\t\t\t\t\t<div class=\"fusion-rollover-sep\"><\/div>\n\t\t\t\t\n\t\t\t\t\t\t\t\t\t\t\t\t\t\t\t\t\t\t<a class=\"fusion-rollover-gallery\" href=\"https:\/\/muzeulgolesti.ro\/wp-content\/uploads\/2026\/04\/coperta.png\" data-options=\"\" data-id=\"7819\" data-rel=\"iLightbox[gallery]\" data-title=\"coperta\" data-caption=\"\">\n\t\t\t\t\t\tGallery\t\t\t\t\t<\/a>\n\t\t\t\t\t\t\t\t\t\t\t\t\t\t\n\t\t\n\t\t\t\t\t\t\t\t\t\t\t\t<h4 class=\"fusion-rollover-title\">\n\t\t\t\t\t<a class=\"fusion-rollover-title-link\" href=\"https:\/\/muzeulgolesti.ro\/ro\/evenimente\/simpozion-judetean-200-de-ani-de-la-infiintarea-scolii-slobode-obstesti\/\">\n\t\t\t\t\t\tSimpozion jude\u021bean \u201e200 de ani de la \u00eenfiin\u021barea \u0218colii Slobode Ob\u0219te\u0219ti\u201d\t\t\t\t\t<\/a>\n\t\t\t\t<\/h4>\n\t\t\t\n\t\t\t\t\t\t\t\t\t\t<div class=\"fusion-rollover-categories\"><a href=\"https:\/\/muzeulgolesti.ro\/ro\/category\/evenimente\/\" rel=\"tag\">Evenimente<\/a><\/div>\t\t\t\t\t\n\t\t\n\t\t\t\t\t\t<a class=\"fusion-link-wrapper\" href=\"https:\/\/muzeulgolesti.ro\/ro\/evenimente\/simpozion-judetean-200-de-ani-de-la-infiintarea-scolii-slobode-obstesti\/\" aria-label=\"Simpozion jude\u021bean \u201e200 de ani de la \u00eenfiin\u021barea \u0218colii Slobode Ob\u0219te\u0219ti\u201d\"><\/a>\n\t<\/div>\n<\/div>\n<\/div>\n<\/li>\n\t\t\t\n\t\t\t\n\t\t\t\t\t\t\t\t\t\t\t\t\t\t\t\t\t\t\t\t\t\t\t\t\t\t\t\t\t\t\t\t\t\t\t\t\t\t\t\t\t\t\t\t\t\t\t\t\t\t\t\t\t\t\t\t\t\t\t\t\t\t\t\t\t\t\t\t<\/ul>\n\t<\/div>\n\t<div class=\"fusion-post-content-wrapper\" style=\"padding:30px 25px 25px 25px;\"><div class=\"fusion-post-content post-content\"><h2 class=\"blog-shortcode-post-title entry-title\"><a href=\"https:\/\/muzeulgolesti.ro\/ro\/evenimente\/simpozion-judetean-200-de-ani-de-la-infiintarea-scolii-slobode-obstesti\/\">Simpozion jude\u021bean \u201e200 de ani de la \u00eenfiin\u021barea \u0218colii Slobode Ob\u0219te\u0219ti\u201d<\/a><\/h2><\/div><\/div><div class=\"fusion-clearfix\"><\/div><\/div>\n<\/article>\n<article id=\"blog-2-post-7810\" class=\"fusion-post-grid post-7810 post type-post status-publish format-standard has-post-thumbnail hentry category-evenimente\">\n<div class=\"fusion-post-wrapper\" style=\"background-color:rgba(255,255,255,0);border:1px solid var(--awb-color2);border-bottom-width:3px;\">\n\n\t\t\t<div class=\"fusion-flexslider flexslider fusion-flexslider-loading fusion-post-slideshow\" style=\"border-color:var(--awb-color2);\">\n\t\t<ul class=\"slides\">\n\t\t\t\n\t\t\t\t\t\t\t\t\t\t\t\t\t\t<li><div  class=\"fusion-image-wrapper\" aria-haspopup=\"true\">\n\t\t\t\t<img decoding=\"async\" width=\"900\" height=\"508\" src=\"https:\/\/muzeulgolesti.ro\/wp-content\/uploads\/2026\/04\/coperta-nicu-dumitrescu.jpg\" class=\"attachment-full size-full wp-post-image\" alt=\"\" srcset=\"https:\/\/muzeulgolesti.ro\/wp-content\/uploads\/2026\/04\/coperta-nicu-dumitrescu-200x113.jpg 200w, https:\/\/muzeulgolesti.ro\/wp-content\/uploads\/2026\/04\/coperta-nicu-dumitrescu-400x226.jpg 400w, https:\/\/muzeulgolesti.ro\/wp-content\/uploads\/2026\/04\/coperta-nicu-dumitrescu-600x339.jpg 600w, https:\/\/muzeulgolesti.ro\/wp-content\/uploads\/2026\/04\/coperta-nicu-dumitrescu-800x452.jpg 800w, https:\/\/muzeulgolesti.ro\/wp-content\/uploads\/2026\/04\/coperta-nicu-dumitrescu.jpg 900w\" sizes=\"(min-width: 2200px) 100vw, (min-width: 712px) 784px, (min-width: 640px) 712px, \" \/><div class=\"fusion-rollover\">\n\t<div class=\"fusion-rollover-content\">\n\n\t\t\t\t\t\t\t\t\t\t\t\t\t\t<a class=\"fusion-rollover-link\" href=\"https:\/\/muzeulgolesti.ro\/ro\/evenimente\/expozitie-nicu-dumitrescu-in-hoc-signo-vinces\/\">Expozi\u021bie Nicu Dumitrescu: \u201eIn Hoc Signo Vinces\u201d<\/a>\n\t\t\t\n\t\t\t\t\t\t\t\t\t\t\t\t\t\t\n\t\t\t\t\t\t\t\t\n\t\t\t\t\t\t\t\t\t\t\t\t\t<div class=\"fusion-rollover-sep\"><\/div>\n\t\t\t\t\n\t\t\t\t\t\t\t\t\t\t\t\t\t\t\t\t\t\t<a class=\"fusion-rollover-gallery\" href=\"https:\/\/muzeulgolesti.ro\/wp-content\/uploads\/2026\/04\/coperta-nicu-dumitrescu.jpg\" data-options=\"\" data-id=\"7810\" data-rel=\"iLightbox[gallery]\" data-title=\"coperta nicu dumitrescu\" data-caption=\"\">\n\t\t\t\t\t\tGallery\t\t\t\t\t<\/a>\n\t\t\t\t\t\t\t\t\t\t\t\t\t\t\n\t\t\n\t\t\t\t\t\t\t\t\t\t\t\t<h4 class=\"fusion-rollover-title\">\n\t\t\t\t\t<a class=\"fusion-rollover-title-link\" href=\"https:\/\/muzeulgolesti.ro\/ro\/evenimente\/expozitie-nicu-dumitrescu-in-hoc-signo-vinces\/\">\n\t\t\t\t\t\tExpozi\u021bie Nicu Dumitrescu: \u201eIn Hoc Signo Vinces\u201d\t\t\t\t\t<\/a>\n\t\t\t\t<\/h4>\n\t\t\t\n\t\t\t\t\t\t\t\t\t\t<div class=\"fusion-rollover-categories\"><a href=\"https:\/\/muzeulgolesti.ro\/ro\/category\/evenimente\/\" rel=\"tag\">Evenimente<\/a><\/div>\t\t\t\t\t\n\t\t\n\t\t\t\t\t\t<a class=\"fusion-link-wrapper\" href=\"https:\/\/muzeulgolesti.ro\/ro\/evenimente\/expozitie-nicu-dumitrescu-in-hoc-signo-vinces\/\" aria-label=\"Expozi\u021bie Nicu Dumitrescu: \u201eIn Hoc Signo Vinces\u201d\"><\/a>\n\t<\/div>\n<\/div>\n<\/div>\n<\/li>\n\t\t\t\n\t\t\t\n\t\t\t\t\t\t\t\t\t\t\t\t\t\t\t\t\t\t\t\t\t\t\t\t\t\t\t\t\t\t\t\t\t\t\t\t\t\t\t\t\t\t\t\t\t\t\t\t\t\t\t\t\t\t\t\t\t\t\t\t\t\t\t\t\t\t\t\t<\/ul>\n\t<\/div>\n\t<div class=\"fusion-post-content-wrapper\" style=\"padding:30px 25px 25px 25px;\"><div class=\"fusion-post-content post-content\"><h2 class=\"blog-shortcode-post-title entry-title\"><a href=\"https:\/\/muzeulgolesti.ro\/ro\/evenimente\/expozitie-nicu-dumitrescu-in-hoc-signo-vinces\/\">Expozi\u021bie Nicu Dumitrescu: \u201eIn Hoc Signo Vinces\u201d<\/a><\/h2><\/div><\/div><div class=\"fusion-clearfix\"><\/div><\/div>\n<\/article>\n<article id=\"blog-2-post-7752\" class=\"fusion-post-grid post-7752 post type-post status-publish format-standard has-post-thumbnail hentry category-evenimente\">\n<div class=\"fusion-post-wrapper\" style=\"background-color:rgba(255,255,255,0);border:1px solid var(--awb-color2);border-bottom-width:3px;\">\n\n\t\t\t<div class=\"fusion-flexslider flexslider fusion-flexslider-loading fusion-post-slideshow\" style=\"border-color:var(--awb-color2);\">\n\t\t<ul class=\"slides\">\n\t\t\t\n\t\t\t\t\t\t\t\t\t\t\t\t\t\t<li><div  class=\"fusion-image-wrapper\" aria-haspopup=\"true\">\n\t\t\t\t<img decoding=\"async\" width=\"900\" height=\"508\" src=\"https:\/\/muzeulgolesti.ro\/wp-content\/uploads\/2024\/03\/coperta-site-1.png\" class=\"attachment-full size-full wp-post-image\" alt=\"\" srcset=\"https:\/\/muzeulgolesti.ro\/wp-content\/uploads\/2024\/03\/coperta-site-1-200x113.png 200w, https:\/\/muzeulgolesti.ro\/wp-content\/uploads\/2024\/03\/coperta-site-1-400x226.png 400w, https:\/\/muzeulgolesti.ro\/wp-content\/uploads\/2024\/03\/coperta-site-1-600x339.png 600w, https:\/\/muzeulgolesti.ro\/wp-content\/uploads\/2024\/03\/coperta-site-1-800x452.png 800w, https:\/\/muzeulgolesti.ro\/wp-content\/uploads\/2024\/03\/coperta-site-1.png 900w\" sizes=\"(min-width: 2200px) 100vw, (min-width: 712px) 784px, (min-width: 640px) 712px, \" \/><div class=\"fusion-rollover\">\n\t<div class=\"fusion-rollover-content\">\n\n\t\t\t\t\t\t\t\t\t\t\t\t\t\t<a class=\"fusion-rollover-link\" href=\"https:\/\/muzeulgolesti.ro\/ro\/evenimente\/ziua-poeziei-2026\/\">Ziua Poeziei 2026<\/a>\n\t\t\t\n\t\t\t\t\t\t\t\t\t\t\t\t\t\t\n\t\t\t\t\t\t\t\t\n\t\t\t\t\t\t\t\t\t\t\t\t\t<div class=\"fusion-rollover-sep\"><\/div>\n\t\t\t\t\n\t\t\t\t\t\t\t\t\t\t\t\t\t\t\t\t\t\t<a class=\"fusion-rollover-gallery\" href=\"https:\/\/muzeulgolesti.ro\/wp-content\/uploads\/2024\/03\/coperta-site-1.png\" data-options=\"\" data-id=\"7752\" data-rel=\"iLightbox[gallery]\" data-title=\"coperta site\" data-caption=\"\">\n\t\t\t\t\t\tGallery\t\t\t\t\t<\/a>\n\t\t\t\t\t\t\t\t\t\t\t\t\t\t\n\t\t\n\t\t\t\t\t\t\t\t\t\t\t\t<h4 class=\"fusion-rollover-title\">\n\t\t\t\t\t<a class=\"fusion-rollover-title-link\" href=\"https:\/\/muzeulgolesti.ro\/ro\/evenimente\/ziua-poeziei-2026\/\">\n\t\t\t\t\t\tZiua Poeziei 2026\t\t\t\t\t<\/a>\n\t\t\t\t<\/h4>\n\t\t\t\n\t\t\t\t\t\t\t\t\t\t<div class=\"fusion-rollover-categories\"><a href=\"https:\/\/muzeulgolesti.ro\/ro\/category\/evenimente\/\" rel=\"tag\">Evenimente<\/a><\/div>\t\t\t\t\t\n\t\t\n\t\t\t\t\t\t<a class=\"fusion-link-wrapper\" href=\"https:\/\/muzeulgolesti.ro\/ro\/evenimente\/ziua-poeziei-2026\/\" aria-label=\"Ziua Poeziei 2026\"><\/a>\n\t<\/div>\n<\/div>\n<\/div>\n<\/li>\n\t\t\t\n\t\t\t\n\t\t\t\t\t\t\t\t\t\t\t\t\t\t\t\t\t\t\t\t\t\t\t\t\t\t\t\t\t\t\t\t\t\t\t\t\t\t\t\t\t\t\t\t\t\t\t\t\t\t\t\t\t\t\t\t\t\t\t\t\t\t\t\t\t\t\t\t<\/ul>\n\t<\/div>\n\t<div class=\"fusion-post-content-wrapper\" style=\"padding:30px 25px 25px 25px;\"><div class=\"fusion-post-content post-content\"><h2 class=\"blog-shortcode-post-title entry-title\"><a href=\"https:\/\/muzeulgolesti.ro\/ro\/evenimente\/ziua-poeziei-2026\/\">Ziua Poeziei 2026<\/a><\/h2><\/div><\/div><div class=\"fusion-clearfix\"><\/div><\/div>\n<\/article>\n<article id=\"blog-2-post-7746\" class=\"fusion-post-grid post-7746 post type-post status-publish format-standard has-post-thumbnail hentry category-evenimente\">\n<div class=\"fusion-post-wrapper\" style=\"background-color:rgba(255,255,255,0);border:1px solid var(--awb-color2);border-bottom-width:3px;\">\n\n\t\t\t<div class=\"fusion-flexslider flexslider fusion-flexslider-loading fusion-post-slideshow\" style=\"border-color:var(--awb-color2);\">\n\t\t<ul class=\"slides\">\n\t\t\t\n\t\t\t\t\t\t\t\t\t\t\t\t\t\t<li><div  class=\"fusion-image-wrapper\" aria-haspopup=\"true\">\n\t\t\t\t<img decoding=\"async\" width=\"900\" height=\"508\" src=\"https:\/\/muzeulgolesti.ro\/wp-content\/uploads\/2026\/03\/coperta.jpg\" class=\"attachment-full size-full wp-post-image\" alt=\"\" srcset=\"https:\/\/muzeulgolesti.ro\/wp-content\/uploads\/2026\/03\/coperta-200x113.jpg 200w, https:\/\/muzeulgolesti.ro\/wp-content\/uploads\/2026\/03\/coperta-400x226.jpg 400w, https:\/\/muzeulgolesti.ro\/wp-content\/uploads\/2026\/03\/coperta-600x339.jpg 600w, https:\/\/muzeulgolesti.ro\/wp-content\/uploads\/2026\/03\/coperta-800x452.jpg 800w, https:\/\/muzeulgolesti.ro\/wp-content\/uploads\/2026\/03\/coperta.jpg 900w\" sizes=\"(min-width: 2200px) 100vw, (min-width: 712px) 784px, (min-width: 640px) 712px, \" \/><div class=\"fusion-rollover\">\n\t<div class=\"fusion-rollover-content\">\n\n\t\t\t\t\t\t\t\t\t\t\t\t\t\t<a class=\"fusion-rollover-link\" href=\"https:\/\/muzeulgolesti.ro\/ro\/evenimente\/expozitie-de-pictura-perspective-feminine\/\">Expozi\u021bie de pictur\u0103: \u201ePerspective feminine\u201d<\/a>\n\t\t\t\n\t\t\t\t\t\t\t\t\t\t\t\t\t\t\n\t\t\t\t\t\t\t\t\n\t\t\t\t\t\t\t\t\t\t\t\t\t<div class=\"fusion-rollover-sep\"><\/div>\n\t\t\t\t\n\t\t\t\t\t\t\t\t\t\t\t\t\t\t\t\t\t\t<a class=\"fusion-rollover-gallery\" href=\"https:\/\/muzeulgolesti.ro\/wp-content\/uploads\/2026\/03\/coperta.jpg\" data-options=\"\" data-id=\"7746\" data-rel=\"iLightbox[gallery]\" data-title=\"coperta\" data-caption=\"\">\n\t\t\t\t\t\tGallery\t\t\t\t\t<\/a>\n\t\t\t\t\t\t\t\t\t\t\t\t\t\t\n\t\t\n\t\t\t\t\t\t\t\t\t\t\t\t<h4 class=\"fusion-rollover-title\">\n\t\t\t\t\t<a class=\"fusion-rollover-title-link\" href=\"https:\/\/muzeulgolesti.ro\/ro\/evenimente\/expozitie-de-pictura-perspective-feminine\/\">\n\t\t\t\t\t\tExpozi\u021bie de pictur\u0103: \u201ePerspective feminine\u201d\t\t\t\t\t<\/a>\n\t\t\t\t<\/h4>\n\t\t\t\n\t\t\t\t\t\t\t\t\t\t<div class=\"fusion-rollover-categories\"><a href=\"https:\/\/muzeulgolesti.ro\/ro\/category\/evenimente\/\" rel=\"tag\">Evenimente<\/a><\/div>\t\t\t\t\t\n\t\t\n\t\t\t\t\t\t<a class=\"fusion-link-wrapper\" href=\"https:\/\/muzeulgolesti.ro\/ro\/evenimente\/expozitie-de-pictura-perspective-feminine\/\" aria-label=\"Expozi\u021bie de pictur\u0103: \u201ePerspective feminine\u201d\"><\/a>\n\t<\/div>\n<\/div>\n<\/div>\n<\/li>\n\t\t\t\n\t\t\t\n\t\t\t\t\t\t\t\t\t\t\t\t\t\t\t\t\t\t\t\t\t\t\t\t\t\t\t\t\t\t\t\t\t\t\t\t\t\t\t\t\t\t\t\t\t\t\t\t\t\t\t\t\t\t\t\t\t\t\t\t\t\t\t\t\t\t\t\t<\/ul>\n\t<\/div>\n\t<div class=\"fusion-post-content-wrapper\" style=\"padding:30px 25px 25px 25px;\"><div class=\"fusion-post-content post-content\"><h2 class=\"blog-shortcode-post-title entry-title\"><a href=\"https:\/\/muzeulgolesti.ro\/ro\/evenimente\/expozitie-de-pictura-perspective-feminine\/\">Expozi\u021bie de pictur\u0103: \u201ePerspective feminine\u201d<\/a><\/h2><\/div><\/div><div class=\"fusion-clearfix\"><\/div><\/div>\n<\/article>\n<div class=\"fusion-clearfix\"><\/div><\/div><\/div><div class=\"fusion-clearfix\"><\/div><\/div><\/div><\/div><\/div>\n","protected":false},"excerpt":{"rendered":"","protected":false},"author":4,"featured_media":0,"parent":0,"menu_order":0,"comment_status":"closed","ping_status":"closed","template":"","meta":{"footnotes":""},"class_list":["post-3242","page","type-page","status-publish","hentry"],"yoast_head":"<!-- This site is optimized with the Yoast SEO plugin v27.5 - https:\/\/yoast.com\/product\/yoast-seo-wordpress\/ -->\n<title>ACAS\u0102<\/title>\n<meta name=\"description\" content=\"ACAS\u0102\" \/>\n<meta name=\"robots\" content=\"index, follow, max-snippet:-1, max-image-preview:large, max-video-preview:-1\" \/>\n<link rel=\"canonical\" href=\"https:\/\/muzeulgolesti.ro\/ro\/\" \/>\n<meta property=\"og:locale\" content=\"ro_RO\" \/>\n<meta property=\"og:locale:alternate\" content=\"en_UK\" \/>\n<meta property=\"og:type\" content=\"article\" \/>\n<meta property=\"og:title\" content=\"ACAS\u0102\" \/>\n<meta property=\"og:description\" content=\"ACAS\u0102\" \/>\n<meta property=\"og:url\" content=\"https:\/\/muzeulgolesti.ro\/ro\/evenimente\/expozitie-de-pictura-perspective-feminine\/\" \/>\n<meta property=\"og:site_name\" content=\"Muzeul Viticulturii si Pomiculturii Golesti\" \/>\n<meta property=\"article:publisher\" content=\"https:\/\/web.facebook.com\/www.muzeulgolesti.ro\" \/>\n<meta property=\"article:modified_time\" content=\"2026-02-26T06:38:05+00:00\" \/>\n<meta name=\"twitter:card\" content=\"summary_large_image\" \/>\n<meta name=\"twitter:label1\" content=\"Timp estimat pentru citire\" \/>\n\t<meta name=\"twitter:data1\" content=\"4 minute\" \/>\n<script type=\"application\/ld+json\" class=\"yoast-schema-graph\">{\"@context\":\"https:\\\/\\\/schema.org\",\"@graph\":[{\"@type\":\"WebPage\",\"@id\":\"https:\\\/\\\/muzeulgolesti.ro\\\/ro\\\/\",\"url\":\"https:\\\/\\\/muzeulgolesti.ro\\\/ro\\\/\",\"name\":\"ACAS\u0102\",\"isPartOf\":{\"@id\":\"https:\\\/\\\/muzeulgolesti.ro\\\/ro\\\/#website\"},\"datePublished\":\"2020-04-01T16:56:28+00:00\",\"dateModified\":\"2026-02-26T06:38:05+00:00\",\"description\":\"ACAS\u0102\",\"breadcrumb\":{\"@id\":\"https:\\\/\\\/muzeulgolesti.ro\\\/ro\\\/#breadcrumb\"},\"inLanguage\":\"ro-RO\",\"potentialAction\":[{\"@type\":\"ReadAction\",\"target\":[\"https:\\\/\\\/muzeulgolesti.ro\\\/ro\\\/\"]}]},{\"@type\":\"BreadcrumbList\",\"@id\":\"https:\\\/\\\/muzeulgolesti.ro\\\/ro\\\/#breadcrumb\",\"itemListElement\":[{\"@type\":\"ListItem\",\"position\":1,\"name\":\"Prima pagin\u0103\",\"item\":\"https:\\\/\\\/muzeulgolesti.ro\\\/ro\\\/\"},{\"@type\":\"ListItem\",\"position\":2,\"name\":\"ACAS\u0102\"}]},{\"@type\":\"WebSite\",\"@id\":\"https:\\\/\\\/muzeulgolesti.ro\\\/ro\\\/#website\",\"url\":\"https:\\\/\\\/muzeulgolesti.ro\\\/ro\\\/\",\"name\":\"Muzeul Vititculturii si Pomiculturii Golesti\",\"description\":\"Cultura, Etnografie, Istorie - Muzeul Vititculturii si Pomiculturii Golesti\",\"publisher\":{\"@id\":\"https:\\\/\\\/muzeulgolesti.ro\\\/ro\\\/#organization\"},\"potentialAction\":[{\"@type\":\"SearchAction\",\"target\":{\"@type\":\"EntryPoint\",\"urlTemplate\":\"https:\\\/\\\/muzeulgolesti.ro\\\/ro\\\/?s={search_term_string}\"},\"query-input\":{\"@type\":\"PropertyValueSpecification\",\"valueRequired\":true,\"valueName\":\"search_term_string\"}}],\"inLanguage\":\"ro-RO\"},{\"@type\":\"Organization\",\"@id\":\"https:\\\/\\\/muzeulgolesti.ro\\\/ro\\\/#organization\",\"name\":\"Muzeul Vititculturii si Pomiculturii Golesti\",\"url\":\"https:\\\/\\\/muzeulgolesti.ro\\\/ro\\\/\",\"logo\":{\"@type\":\"ImageObject\",\"inLanguage\":\"ro-RO\",\"@id\":\"https:\\\/\\\/muzeulgolesti.ro\\\/ro\\\/#\\\/schema\\\/logo\\\/image\\\/\",\"url\":\"https:\\\/\\\/muzeulgolesti.ro\\\/wp-content\\\/uploads\\\/2022\\\/11\\\/SiglaMuzeu.jpg\",\"contentUrl\":\"https:\\\/\\\/muzeulgolesti.ro\\\/wp-content\\\/uploads\\\/2022\\\/11\\\/SiglaMuzeu.jpg\",\"width\":86,\"height\":50,\"caption\":\"Muzeul Vititculturii si Pomiculturii Golesti\"},\"image\":{\"@id\":\"https:\\\/\\\/muzeulgolesti.ro\\\/ro\\\/#\\\/schema\\\/logo\\\/image\\\/\"},\"sameAs\":[\"https:\\\/\\\/web.facebook.com\\\/www.muzeulgolesti.ro\"]}]}<\/script>\n<!-- \/ Yoast SEO plugin. -->","yoast_head_json":{"title":"ACAS\u0102","description":"[:ro]ACAS\u0102[:en]HOME[:fr]ACCUEIL[:] - Muzeul Viticulturii si Pomiculturii Golesti","robots":{"index":"index","follow":"follow","max-snippet":"max-snippet:-1","max-image-preview":"max-image-preview:large","max-video-preview":"max-video-preview:-1"},"canonical":"https:\/\/muzeulgolesti.ro\/ro\/","og_locale":"ro_RO","og_type":"article","og_title":"[:ro]ACAS\u0102[:en]HOME[:fr]ACCUEIL[:] - Muzeul Viticulturii si Pomiculturii Golesti","og_description":"[:ro]ACAS\u0102[:en]HOME[:fr]ACCUEIL[:] - Muzeul Viticulturii si Pomiculturii Golesti","og_url":"https:\/\/muzeulgolesti.ro\/ro\/evenimente\/expozitie-de-pictura-perspective-feminine\/","og_site_name":"Muzeul Viticulturii si Pomiculturii Golesti","article_publisher":"https:\/\/web.facebook.com\/www.muzeulgolesti.ro","article_modified_time":"2026-02-26T06:38:05+00:00","twitter_card":"summary_large_image","twitter_misc":{"Timp estimat pentru citire":"4 minute"},"schema":{"@context":"https:\/\/schema.org","@graph":[{"@type":"WebPage","@id":"https:\/\/muzeulgolesti.ro\/ro\/","url":"https:\/\/muzeulgolesti.ro\/ro\/","name":"ACAS\u0102","isPartOf":{"@id":"https:\/\/muzeulgolesti.ro\/ro\/#website"},"datePublished":"2020-04-01T16:56:28+00:00","dateModified":"2026-02-26T06:38:05+00:00","description":"ACAS\u0102","breadcrumb":{"@id":"https:\/\/muzeulgolesti.ro\/ro\/#breadcrumb"},"inLanguage":"ro-RO","potentialAction":[{"@type":"ReadAction","target":["https:\/\/muzeulgolesti.ro\/ro\/"]}]},{"@type":"BreadcrumbList","@id":"https:\/\/muzeulgolesti.ro\/ro\/#breadcrumb","itemListElement":[{"@type":"ListItem","position":1,"name":"Prima pagin\u0103","item":"https:\/\/muzeulgolesti.ro\/ro\/"},{"@type":"ListItem","position":2,"name":"ACAS\u0102"}]},{"@type":"WebSite","@id":"https:\/\/muzeulgolesti.ro\/ro\/#website","url":"https:\/\/muzeulgolesti.ro\/ro\/","name":"Muzeul Vititculturii si Pomiculturii Golesti","description":"Cultura, Etnografie, Istorie - Muzeul Vititculturii si Pomiculturii Golesti","publisher":{"@id":"https:\/\/muzeulgolesti.ro\/ro\/#organization"},"potentialAction":[{"@type":"SearchAction","target":{"@type":"EntryPoint","urlTemplate":"https:\/\/muzeulgolesti.ro\/ro\/?s={search_term_string}"},"query-input":{"@type":"PropertyValueSpecification","valueRequired":true,"valueName":"search_term_string"}}],"inLanguage":"ro-RO"},{"@type":"Organization","@id":"https:\/\/muzeulgolesti.ro\/ro\/#organization","name":"Muzeul Vititculturii si Pomiculturii Golesti","url":"https:\/\/muzeulgolesti.ro\/ro\/","logo":{"@type":"ImageObject","inLanguage":"ro-RO","@id":"https:\/\/muzeulgolesti.ro\/ro\/#\/schema\/logo\/image\/","url":"https:\/\/muzeulgolesti.ro\/wp-content\/uploads\/2022\/11\/SiglaMuzeu.jpg","contentUrl":"https:\/\/muzeulgolesti.ro\/wp-content\/uploads\/2022\/11\/SiglaMuzeu.jpg","width":86,"height":50,"caption":"Muzeul Vititculturii si Pomiculturii Golesti"},"image":{"@id":"https:\/\/muzeulgolesti.ro\/ro\/#\/schema\/logo\/image\/"},"sameAs":["https:\/\/web.facebook.com\/www.muzeulgolesti.ro"]}]}},"_links":{"self":[{"href":"https:\/\/muzeulgolesti.ro\/ro\/wp-json\/wp\/v2\/pages\/3242","targetHints":{"allow":["GET"]}}],"collection":[{"href":"https:\/\/muzeulgolesti.ro\/ro\/wp-json\/wp\/v2\/pages"}],"about":[{"href":"https:\/\/muzeulgolesti.ro\/ro\/wp-json\/wp\/v2\/types\/page"}],"author":[{"embeddable":true,"href":"https:\/\/muzeulgolesti.ro\/ro\/wp-json\/wp\/v2\/users\/4"}],"replies":[{"embeddable":true,"href":"https:\/\/muzeulgolesti.ro\/ro\/wp-json\/wp\/v2\/comments?post=3242"}],"version-history":[{"count":62,"href":"https:\/\/muzeulgolesti.ro\/ro\/wp-json\/wp\/v2\/pages\/3242\/revisions"}],"predecessor-version":[{"id":7730,"href":"https:\/\/muzeulgolesti.ro\/ro\/wp-json\/wp\/v2\/pages\/3242\/revisions\/7730"}],"wp:attachment":[{"href":"https:\/\/muzeulgolesti.ro\/ro\/wp-json\/wp\/v2\/media?parent=3242"}],"curies":[{"name":"wp","href":"https:\/\/api.w.org\/{rel}","templated":true}]}}