{"id":5072,"date":"2023-01-06T12:55:47","date_gmt":"2023-01-06T12:55:47","guid":{"rendered":"https:\/\/muzeulgolesti.ro\/ro\/?page_id=5072"},"modified":"2023-01-06T12:56:37","modified_gmt":"2023-01-06T12:56:37","slug":"ghid-muzeul-viticulturii-si-pomiculturii-golesti","status":"publish","type":"page","link":"https:\/\/muzeulgolesti.ro\/ro\/ghid-muzeul-viticulturii-si-pomiculturii-golesti\/","title":{"rendered":"Ghid Muzeul Viticulturii si Pomiculturii Golesti"},"content":{"rendered":"<div class=\"fusion-fullwidth fullwidth-box fusion-builder-row-1 fusion-flex-container has-pattern-background has-mask-background nonhundred-percent-fullwidth non-hundred-percent-height-scrolling\" style=\"--awb-border-radius-top-left:0px;--awb-border-radius-top-right:0px;--awb-border-radius-bottom-right:0px;--awb-border-radius-bottom-left:0px;--awb-flex-wrap:wrap;\" ><div class=\"fusion-builder-row fusion-row fusion-flex-align-items-flex-start fusion-flex-content-wrap\" style=\"max-width:93.6%;margin-left: calc(-4% \/ 2 );margin-right: calc(-4% \/ 2 );\"><div class=\"fusion-layout-column fusion_builder_column fusion-builder-column-0 fusion_builder_column_1_1 1_1 fusion-flex-column\" style=\"--awb-bg-size:cover;--awb-width-large:100%;--awb-margin-top-large:0px;--awb-spacing-right-large:1.92%;--awb-margin-bottom-large:20px;--awb-spacing-left-large:1.92%;--awb-width-medium:100%;--awb-order-medium:0;--awb-spacing-right-medium:1.92%;--awb-spacing-left-medium:1.92%;--awb-width-small:100%;--awb-order-small:0;--awb-spacing-right-small:1.92%;--awb-spacing-left-small:1.92%;\"><div class=\"fusion-column-wrapper fusion-column-has-shadow fusion-flex-justify-content-flex-start fusion-content-layout-column\"><div class=\"fusion-blog-shortcode fusion-blog-shortcode-1 fusion-blog-archive fusion-blog-layout-grid-wrapper fusion-blog-no\"><style type=\"text\/css\">.fusion-blog-shortcode-1 .fusion-blog-layout-grid .fusion-post-grid{padding:20px;}.fusion-blog-shortcode-1 .fusion-posts-container{margin-left: -20px !important; margin-right:-20px !important;}<\/style><div class=\"fusion-posts-container fusion-posts-container-no fusion-no-meta-info fusion-blog-rollover fusion-blog-layout-grid fusion-blog-layout-grid-2 isotope fusion-blog-equal-heights\" data-pages=\"12\" data-grid-col-space=\"40\" style=\"margin: -20px -20px 0;min-height:500px;\"><article id=\"blog-1-post-7835\" class=\"fusion-post-grid post-7835 post type-post status-publish format-standard has-post-thumbnail hentry category-evenimente\">\n<div class=\"fusion-post-wrapper\" style=\"background-color:rgba(255,255,255,0);border:1px solid var(--awb-color2);border-bottom-width:3px;\">\n\n\t\t\t<div class=\"fusion-flexslider flexslider fusion-flexslider-loading fusion-post-slideshow\" style=\"border-color:var(--awb-color2);\">\n\t\t<ul class=\"slides\">\n\t\t\t\n\t\t\t\t\t\t\t\t\t\t\t\t\t\t<li><div  class=\"fusion-image-wrapper\" aria-haspopup=\"true\">\n\t\t\t\t<img decoding=\"async\" width=\"900\" height=\"508\" src=\"https:\/\/muzeulgolesti.ro\/wp-content\/uploads\/2026\/04\/Untitled.jpg\" class=\"attachment-full size-full wp-post-image\" alt=\"\" srcset=\"https:\/\/muzeulgolesti.ro\/wp-content\/uploads\/2026\/04\/Untitled-200x113.jpg 200w, https:\/\/muzeulgolesti.ro\/wp-content\/uploads\/2026\/04\/Untitled-400x226.jpg 400w, https:\/\/muzeulgolesti.ro\/wp-content\/uploads\/2026\/04\/Untitled-600x339.jpg 600w, https:\/\/muzeulgolesti.ro\/wp-content\/uploads\/2026\/04\/Untitled-800x452.jpg 800w, https:\/\/muzeulgolesti.ro\/wp-content\/uploads\/2026\/04\/Untitled.jpg 900w\" sizes=\"(min-width: 2200px) 100vw, (min-width: 712px) 784px, (min-width: 640px) 712px, \" \/><div class=\"fusion-rollover\">\n\t<div class=\"fusion-rollover-content\">\n\n\t\t\t\t\t\t\t\t\t\t\t\t\t\t<a class=\"fusion-rollover-link\" href=\"https:\/\/muzeulgolesti.ro\/ro\/evenimente\/conferinta-nationala-salvgardarea-patromoniului-cultural-imaterial-metode-si-perspective\/\">Conferin\u021ba Na\u021bional\u0103: SALVGARDAREA PATROMONIULUI CULTURAL IMATERIAL &#8211; METODE \u0218I PERSPECTIVE<\/a>\n\t\t\t\n\t\t\t\t\t\t\t\t\t\t\t\t\t\t\n\t\t\t\t\t\t\t\t\n\t\t\t\t\t\t\t\t\t\t\t\t\t<div class=\"fusion-rollover-sep\"><\/div>\n\t\t\t\t\n\t\t\t\t\t\t\t\t\t\t\t\t\t\t\t\t\t\t<a class=\"fusion-rollover-gallery\" href=\"https:\/\/muzeulgolesti.ro\/wp-content\/uploads\/2026\/04\/Untitled.jpg\" data-options=\"\" data-id=\"7835\" data-rel=\"iLightbox[gallery]\" data-title=\"Untitled\" data-caption=\"\">\n\t\t\t\t\t\tGallery\t\t\t\t\t<\/a>\n\t\t\t\t\t\t\t\t\t\t\t\t\t\t\n\t\t\n\t\t\t\t\t\t\t\t\t\t\t\t<h4 class=\"fusion-rollover-title\">\n\t\t\t\t\t<a class=\"fusion-rollover-title-link\" href=\"https:\/\/muzeulgolesti.ro\/ro\/evenimente\/conferinta-nationala-salvgardarea-patromoniului-cultural-imaterial-metode-si-perspective\/\">\n\t\t\t\t\t\tConferin\u021ba Na\u021bional\u0103: SALVGARDAREA PATROMONIULUI CULTURAL IMATERIAL &#8211; METODE \u0218I PERSPECTIVE\t\t\t\t\t<\/a>\n\t\t\t\t<\/h4>\n\t\t\t\n\t\t\t\t\t\t\t\t\t\t<div class=\"fusion-rollover-categories\"><a href=\"https:\/\/muzeulgolesti.ro\/ro\/category\/evenimente\/\" rel=\"tag\">Evenimente<\/a><\/div>\t\t\t\t\t\n\t\t\n\t\t\t\t\t\t<a class=\"fusion-link-wrapper\" href=\"https:\/\/muzeulgolesti.ro\/ro\/evenimente\/conferinta-nationala-salvgardarea-patromoniului-cultural-imaterial-metode-si-perspective\/\" aria-label=\"Conferin\u021ba Na\u021bional\u0103: SALVGARDAREA PATROMONIULUI CULTURAL IMATERIAL &#8211; METODE \u0218I PERSPECTIVE\"><\/a>\n\t<\/div>\n<\/div>\n<\/div>\n<\/li>\n\t\t\t\n\t\t\t\n\t\t\t\t\t\t\t\t\t\t\t\t\t\t\t\t\t\t\t\t\t\t\t\t\t\t\t\t\t\t\t\t\t\t\t\t\t\t\t\t\t\t\t\t\t\t\t\t\t\t\t\t\t\t\t\t\t\t\t\t\t\t\t\t\t\t\t\t<\/ul>\n\t<\/div>\n\t<div class=\"fusion-post-content-wrapper\" style=\"padding:30px 25px 25px 25px;\"><div class=\"fusion-post-content post-content\"><h2 class=\"blog-shortcode-post-title entry-title\"><a href=\"https:\/\/muzeulgolesti.ro\/ro\/evenimente\/conferinta-nationala-salvgardarea-patromoniului-cultural-imaterial-metode-si-perspective\/\">Conferin\u021ba Na\u021bional\u0103: SALVGARDAREA PATROMONIULUI CULTURAL IMATERIAL &#8211; METODE \u0218I PERSPECTIVE<\/a><\/h2><div class=\"fusion-post-content-container\"><p>PROGRAM Mar\u021bi, 5 mai 2026 CONFERIN\u021aA NA\u021aIONAL\u0102 SALVGARDAREA PATRIMONIULUI CULTURAL IMATERIAL- METODE \u0218I PERSPECTIVE ORGANIZATORI: Consiliul Jude\u021bean Arge\u0219 Muzeul Viticulturii \u0219i Pomiculturii [...]<\/p><\/div><\/div><\/div><div class=\"fusion-clearfix\"><\/div><\/div>\n<\/article>\n<article id=\"blog-1-post-7828\" class=\"fusion-post-grid post-7828 post type-post status-publish format-standard has-post-thumbnail hentry category-evenimente\">\n<div class=\"fusion-post-wrapper\" style=\"background-color:rgba(255,255,255,0);border:1px solid var(--awb-color2);border-bottom-width:3px;\">\n\n\t\t\t<div class=\"fusion-flexslider flexslider fusion-flexslider-loading fusion-post-slideshow\" style=\"border-color:var(--awb-color2);\">\n\t\t<ul class=\"slides\">\n\t\t\t\n\t\t\t\t\t\t\t\t\t\t\t\t\t\t<li><div  class=\"fusion-image-wrapper\" aria-haspopup=\"true\">\n\t\t\t\t<img decoding=\"async\" width=\"900\" height=\"508\" src=\"https:\/\/muzeulgolesti.ro\/wp-content\/uploads\/2026\/04\/coperta.jpg\" class=\"attachment-full size-full wp-post-image\" alt=\"\" srcset=\"https:\/\/muzeulgolesti.ro\/wp-content\/uploads\/2026\/04\/coperta-200x113.jpg 200w, https:\/\/muzeulgolesti.ro\/wp-content\/uploads\/2026\/04\/coperta-400x226.jpg 400w, https:\/\/muzeulgolesti.ro\/wp-content\/uploads\/2026\/04\/coperta-600x339.jpg 600w, https:\/\/muzeulgolesti.ro\/wp-content\/uploads\/2026\/04\/coperta-800x452.jpg 800w, https:\/\/muzeulgolesti.ro\/wp-content\/uploads\/2026\/04\/coperta.jpg 900w\" sizes=\"(min-width: 2200px) 100vw, (min-width: 712px) 784px, (min-width: 640px) 712px, \" \/><div class=\"fusion-rollover\">\n\t<div class=\"fusion-rollover-content\">\n\n\t\t\t\t\t\t\t\t\t\t\t\t\t\t<a class=\"fusion-rollover-link\" href=\"https:\/\/muzeulgolesti.ro\/ro\/evenimente\/expozitie-brindusa-bontea-si-radu-florea-manuscrise-solare\/\">Expozi\u021bie Br\u00eendu\u0219a Bontea \u015fi Radu Florea, \u201eManuscrise solare\u201d<\/a>\n\t\t\t\n\t\t\t\t\t\t\t\t\t\t\t\t\t\t\n\t\t\t\t\t\t\t\t\n\t\t\t\t\t\t\t\t\t\t\t\t\t<div class=\"fusion-rollover-sep\"><\/div>\n\t\t\t\t\n\t\t\t\t\t\t\t\t\t\t\t\t\t\t\t\t\t\t<a class=\"fusion-rollover-gallery\" href=\"https:\/\/muzeulgolesti.ro\/wp-content\/uploads\/2026\/04\/coperta.jpg\" data-options=\"\" data-id=\"7828\" data-rel=\"iLightbox[gallery]\" data-title=\"coperta\" data-caption=\"\">\n\t\t\t\t\t\tGallery\t\t\t\t\t<\/a>\n\t\t\t\t\t\t\t\t\t\t\t\t\t\t\n\t\t\n\t\t\t\t\t\t\t\t\t\t\t\t<h4 class=\"fusion-rollover-title\">\n\t\t\t\t\t<a class=\"fusion-rollover-title-link\" href=\"https:\/\/muzeulgolesti.ro\/ro\/evenimente\/expozitie-brindusa-bontea-si-radu-florea-manuscrise-solare\/\">\n\t\t\t\t\t\tExpozi\u021bie Br\u00eendu\u0219a Bontea \u015fi Radu Florea, \u201eManuscrise solare\u201d\t\t\t\t\t<\/a>\n\t\t\t\t<\/h4>\n\t\t\t\n\t\t\t\t\t\t\t\t\t\t<div class=\"fusion-rollover-categories\"><a href=\"https:\/\/muzeulgolesti.ro\/ro\/category\/evenimente\/\" rel=\"tag\">Evenimente<\/a><\/div>\t\t\t\t\t\n\t\t\n\t\t\t\t\t\t<a class=\"fusion-link-wrapper\" href=\"https:\/\/muzeulgolesti.ro\/ro\/evenimente\/expozitie-brindusa-bontea-si-radu-florea-manuscrise-solare\/\" aria-label=\"Expozi\u021bie Br\u00eendu\u0219a Bontea \u015fi Radu Florea, \u201eManuscrise solare\u201d\"><\/a>\n\t<\/div>\n<\/div>\n<\/div>\n<\/li>\n\t\t\t\n\t\t\t\n\t\t\t\t\t\t\t\t\t\t\t\t\t\t\t\t\t\t\t\t\t\t\t\t\t\t\t\t\t\t\t\t\t\t\t\t\t\t\t\t\t\t\t\t\t\t\t\t\t\t\t\t\t\t\t\t\t\t\t\t\t\t\t\t\t\t\t\t<\/ul>\n\t<\/div>\n\t<div class=\"fusion-post-content-wrapper\" style=\"padding:30px 25px 25px 25px;\"><div class=\"fusion-post-content post-content\"><h2 class=\"blog-shortcode-post-title entry-title\"><a href=\"https:\/\/muzeulgolesti.ro\/ro\/evenimente\/expozitie-brindusa-bontea-si-radu-florea-manuscrise-solare\/\">Expozi\u021bie Br\u00eendu\u0219a Bontea \u015fi Radu Florea, \u201eManuscrise solare\u201d<\/a><\/h2><div class=\"fusion-post-content-container\"><p>Joi, 9 mai 2026, va fi deschis\u0103 \u00een Sala de Art\u0103 Contemporan\u0103 a Muzeului Gole\u0219ti expozi\u021bia de pictur\u0103 intitulat\u0103 Manuscrise solare, apar\u021bin\u00e2nd [...]<\/p><\/div><\/div><\/div><div class=\"fusion-clearfix\"><\/div><\/div>\n<\/article>\n<article id=\"blog-1-post-7819\" class=\"fusion-post-grid post-7819 post type-post status-publish format-standard has-post-thumbnail hentry category-evenimente\">\n<div class=\"fusion-post-wrapper\" style=\"background-color:rgba(255,255,255,0);border:1px solid var(--awb-color2);border-bottom-width:3px;\">\n\n\t\t\t<div class=\"fusion-flexslider flexslider fusion-flexslider-loading fusion-post-slideshow\" style=\"border-color:var(--awb-color2);\">\n\t\t<ul class=\"slides\">\n\t\t\t\n\t\t\t\t\t\t\t\t\t\t\t\t\t\t<li><div  class=\"fusion-image-wrapper\" aria-haspopup=\"true\">\n\t\t\t\t<img decoding=\"async\" width=\"900\" height=\"508\" src=\"https:\/\/muzeulgolesti.ro\/wp-content\/uploads\/2026\/04\/coperta.png\" class=\"attachment-full size-full wp-post-image\" alt=\"\" srcset=\"https:\/\/muzeulgolesti.ro\/wp-content\/uploads\/2026\/04\/coperta-200x113.png 200w, https:\/\/muzeulgolesti.ro\/wp-content\/uploads\/2026\/04\/coperta-400x226.png 400w, https:\/\/muzeulgolesti.ro\/wp-content\/uploads\/2026\/04\/coperta-600x339.png 600w, https:\/\/muzeulgolesti.ro\/wp-content\/uploads\/2026\/04\/coperta-800x452.png 800w, https:\/\/muzeulgolesti.ro\/wp-content\/uploads\/2026\/04\/coperta.png 900w\" sizes=\"(min-width: 2200px) 100vw, (min-width: 712px) 784px, (min-width: 640px) 712px, \" \/><div class=\"fusion-rollover\">\n\t<div class=\"fusion-rollover-content\">\n\n\t\t\t\t\t\t\t\t\t\t\t\t\t\t<a class=\"fusion-rollover-link\" href=\"https:\/\/muzeulgolesti.ro\/ro\/evenimente\/simpozion-judetean-200-de-ani-de-la-infiintarea-scolii-slobode-obstesti\/\">Simpozion jude\u021bean \u201e200 de ani de la \u00eenfiin\u021barea \u0218colii Slobode Ob\u0219te\u0219ti\u201d<\/a>\n\t\t\t\n\t\t\t\t\t\t\t\t\t\t\t\t\t\t\n\t\t\t\t\t\t\t\t\n\t\t\t\t\t\t\t\t\t\t\t\t\t<div class=\"fusion-rollover-sep\"><\/div>\n\t\t\t\t\n\t\t\t\t\t\t\t\t\t\t\t\t\t\t\t\t\t\t<a class=\"fusion-rollover-gallery\" href=\"https:\/\/muzeulgolesti.ro\/wp-content\/uploads\/2026\/04\/coperta.png\" data-options=\"\" data-id=\"7819\" data-rel=\"iLightbox[gallery]\" data-title=\"coperta\" data-caption=\"\">\n\t\t\t\t\t\tGallery\t\t\t\t\t<\/a>\n\t\t\t\t\t\t\t\t\t\t\t\t\t\t\n\t\t\n\t\t\t\t\t\t\t\t\t\t\t\t<h4 class=\"fusion-rollover-title\">\n\t\t\t\t\t<a class=\"fusion-rollover-title-link\" href=\"https:\/\/muzeulgolesti.ro\/ro\/evenimente\/simpozion-judetean-200-de-ani-de-la-infiintarea-scolii-slobode-obstesti\/\">\n\t\t\t\t\t\tSimpozion jude\u021bean \u201e200 de ani de la \u00eenfiin\u021barea \u0218colii Slobode Ob\u0219te\u0219ti\u201d\t\t\t\t\t<\/a>\n\t\t\t\t<\/h4>\n\t\t\t\n\t\t\t\t\t\t\t\t\t\t<div class=\"fusion-rollover-categories\"><a href=\"https:\/\/muzeulgolesti.ro\/ro\/category\/evenimente\/\" rel=\"tag\">Evenimente<\/a><\/div>\t\t\t\t\t\n\t\t\n\t\t\t\t\t\t<a class=\"fusion-link-wrapper\" href=\"https:\/\/muzeulgolesti.ro\/ro\/evenimente\/simpozion-judetean-200-de-ani-de-la-infiintarea-scolii-slobode-obstesti\/\" aria-label=\"Simpozion jude\u021bean \u201e200 de ani de la \u00eenfiin\u021barea \u0218colii Slobode Ob\u0219te\u0219ti\u201d\"><\/a>\n\t<\/div>\n<\/div>\n<\/div>\n<\/li>\n\t\t\t\n\t\t\t\n\t\t\t\t\t\t\t\t\t\t\t\t\t\t\t\t\t\t\t\t\t\t\t\t\t\t\t\t\t\t\t\t\t\t\t\t\t\t\t\t\t\t\t\t\t\t\t\t\t\t\t\t\t\t\t\t\t\t\t\t\t\t\t\t\t\t\t\t<\/ul>\n\t<\/div>\n\t<div class=\"fusion-post-content-wrapper\" style=\"padding:30px 25px 25px 25px;\"><div class=\"fusion-post-content post-content\"><h2 class=\"blog-shortcode-post-title entry-title\"><a href=\"https:\/\/muzeulgolesti.ro\/ro\/evenimente\/simpozion-judetean-200-de-ani-de-la-infiintarea-scolii-slobode-obstesti\/\">Simpozion jude\u021bean \u201e200 de ani de la \u00eenfiin\u021barea \u0218colii Slobode Ob\u0219te\u0219ti\u201d<\/a><\/h2><div class=\"fusion-post-content-container\"><p>Joi, 30 aprilie 2026, ora 11.00, se va desf\u0103\u0219ura, la Muzeul Gole\u0219ti, simpozionul jude\u021bean dedicat celebr\u0103rii a 200 de ani de la [...]<\/p><\/div><\/div><\/div><div class=\"fusion-clearfix\"><\/div><\/div>\n<\/article>\n<article id=\"blog-1-post-7810\" class=\"fusion-post-grid post-7810 post type-post status-publish format-standard has-post-thumbnail hentry category-evenimente\">\n<div class=\"fusion-post-wrapper\" style=\"background-color:rgba(255,255,255,0);border:1px solid var(--awb-color2);border-bottom-width:3px;\">\n\n\t\t\t<div class=\"fusion-flexslider flexslider fusion-flexslider-loading fusion-post-slideshow\" style=\"border-color:var(--awb-color2);\">\n\t\t<ul class=\"slides\">\n\t\t\t\n\t\t\t\t\t\t\t\t\t\t\t\t\t\t<li><div  class=\"fusion-image-wrapper\" aria-haspopup=\"true\">\n\t\t\t\t<img decoding=\"async\" width=\"900\" height=\"508\" src=\"https:\/\/muzeulgolesti.ro\/wp-content\/uploads\/2026\/04\/coperta-nicu-dumitrescu.jpg\" class=\"attachment-full size-full wp-post-image\" alt=\"\" srcset=\"https:\/\/muzeulgolesti.ro\/wp-content\/uploads\/2026\/04\/coperta-nicu-dumitrescu-200x113.jpg 200w, https:\/\/muzeulgolesti.ro\/wp-content\/uploads\/2026\/04\/coperta-nicu-dumitrescu-400x226.jpg 400w, https:\/\/muzeulgolesti.ro\/wp-content\/uploads\/2026\/04\/coperta-nicu-dumitrescu-600x339.jpg 600w, https:\/\/muzeulgolesti.ro\/wp-content\/uploads\/2026\/04\/coperta-nicu-dumitrescu-800x452.jpg 800w, https:\/\/muzeulgolesti.ro\/wp-content\/uploads\/2026\/04\/coperta-nicu-dumitrescu.jpg 900w\" sizes=\"(min-width: 2200px) 100vw, (min-width: 712px) 784px, (min-width: 640px) 712px, \" \/><div class=\"fusion-rollover\">\n\t<div class=\"fusion-rollover-content\">\n\n\t\t\t\t\t\t\t\t\t\t\t\t\t\t<a class=\"fusion-rollover-link\" href=\"https:\/\/muzeulgolesti.ro\/ro\/evenimente\/expozitie-nicu-dumitrescu-in-hoc-signo-vinces\/\">Expozi\u021bie Nicu Dumitrescu: \u201eIn Hoc Signo Vinces\u201d<\/a>\n\t\t\t\n\t\t\t\t\t\t\t\t\t\t\t\t\t\t\n\t\t\t\t\t\t\t\t\n\t\t\t\t\t\t\t\t\t\t\t\t\t<div class=\"fusion-rollover-sep\"><\/div>\n\t\t\t\t\n\t\t\t\t\t\t\t\t\t\t\t\t\t\t\t\t\t\t<a class=\"fusion-rollover-gallery\" href=\"https:\/\/muzeulgolesti.ro\/wp-content\/uploads\/2026\/04\/coperta-nicu-dumitrescu.jpg\" data-options=\"\" data-id=\"7810\" data-rel=\"iLightbox[gallery]\" data-title=\"coperta nicu dumitrescu\" data-caption=\"\">\n\t\t\t\t\t\tGallery\t\t\t\t\t<\/a>\n\t\t\t\t\t\t\t\t\t\t\t\t\t\t\n\t\t\n\t\t\t\t\t\t\t\t\t\t\t\t<h4 class=\"fusion-rollover-title\">\n\t\t\t\t\t<a class=\"fusion-rollover-title-link\" href=\"https:\/\/muzeulgolesti.ro\/ro\/evenimente\/expozitie-nicu-dumitrescu-in-hoc-signo-vinces\/\">\n\t\t\t\t\t\tExpozi\u021bie Nicu Dumitrescu: \u201eIn Hoc Signo Vinces\u201d\t\t\t\t\t<\/a>\n\t\t\t\t<\/h4>\n\t\t\t\n\t\t\t\t\t\t\t\t\t\t<div class=\"fusion-rollover-categories\"><a href=\"https:\/\/muzeulgolesti.ro\/ro\/category\/evenimente\/\" rel=\"tag\">Evenimente<\/a><\/div>\t\t\t\t\t\n\t\t\n\t\t\t\t\t\t<a class=\"fusion-link-wrapper\" href=\"https:\/\/muzeulgolesti.ro\/ro\/evenimente\/expozitie-nicu-dumitrescu-in-hoc-signo-vinces\/\" aria-label=\"Expozi\u021bie Nicu Dumitrescu: \u201eIn Hoc Signo Vinces\u201d\"><\/a>\n\t<\/div>\n<\/div>\n<\/div>\n<\/li>\n\t\t\t\n\t\t\t\n\t\t\t\t\t\t\t\t\t\t\t\t\t\t\t\t\t\t\t\t\t\t\t\t\t\t\t\t\t\t\t\t\t\t\t\t\t\t\t\t\t\t\t\t\t\t\t\t\t\t\t\t\t\t\t\t\t\t\t\t\t\t\t\t\t\t\t\t<\/ul>\n\t<\/div>\n\t<div class=\"fusion-post-content-wrapper\" style=\"padding:30px 25px 25px 25px;\"><div class=\"fusion-post-content post-content\"><h2 class=\"blog-shortcode-post-title entry-title\"><a href=\"https:\/\/muzeulgolesti.ro\/ro\/evenimente\/expozitie-nicu-dumitrescu-in-hoc-signo-vinces\/\">Expozi\u021bie Nicu Dumitrescu: \u201eIn Hoc Signo Vinces\u201d<\/a><\/h2><div class=\"fusion-post-content-container\"><p>Muzeul Viticulturii \u0219i Pomiculturii Gole\u0219ti invit\u0103 publicul joi, 23 aprilie 2026, de la ora 14:30, la vernisajul expozi\u021biei \u201eIn Hoc Signo Vinces\u201d, [...]<\/p><\/div><\/div><\/div><div class=\"fusion-clearfix\"><\/div><\/div>\n<\/article>\n<article id=\"blog-1-post-7802\" class=\"fusion-post-grid post-7802 post type-post status-publish format-standard has-post-thumbnail hentry category-stiri\">\n<div class=\"fusion-post-wrapper\" style=\"background-color:rgba(255,255,255,0);border:1px solid var(--awb-color2);border-bottom-width:3px;\">\n\n\t\t\t<div class=\"fusion-flexslider flexslider fusion-flexslider-loading fusion-post-slideshow\" style=\"border-color:var(--awb-color2);\">\n\t\t<ul class=\"slides\">\n\t\t\t\n\t\t\t\t\t\t\t\t\t\t\t\t\t\t<li><div  class=\"fusion-image-wrapper\" aria-haspopup=\"true\">\n\t\t\t\t<img decoding=\"async\" width=\"900\" height=\"508\" src=\"https:\/\/muzeulgolesti.ro\/wp-content\/uploads\/2025\/04\/paste-2025.jpg\" class=\"attachment-full size-full wp-post-image\" alt=\"\" srcset=\"https:\/\/muzeulgolesti.ro\/wp-content\/uploads\/2025\/04\/paste-2025-200x113.jpg 200w, https:\/\/muzeulgolesti.ro\/wp-content\/uploads\/2025\/04\/paste-2025-400x226.jpg 400w, https:\/\/muzeulgolesti.ro\/wp-content\/uploads\/2025\/04\/paste-2025-600x339.jpg 600w, https:\/\/muzeulgolesti.ro\/wp-content\/uploads\/2025\/04\/paste-2025-800x452.jpg 800w, https:\/\/muzeulgolesti.ro\/wp-content\/uploads\/2025\/04\/paste-2025.jpg 900w\" sizes=\"(min-width: 2200px) 100vw, (min-width: 712px) 784px, (min-width: 640px) 712px, \" \/><div class=\"fusion-rollover\">\n\t<div class=\"fusion-rollover-content\">\n\n\t\t\t\t\t\t\t\t\t\t\t\t\t\t<a class=\"fusion-rollover-link\" href=\"https:\/\/muzeulgolesti.ro\/ro\/stiri\/programul-muzeului-golesti-in-perioada-sarbatorilor-pascale-2\/\">Programul Muzeului Gole\u0219ti \u00een perioada s\u0103rb\u0103torilor pascale<\/a>\n\t\t\t\n\t\t\t\t\t\t\t\t\t\t\t\t\t\t\n\t\t\t\t\t\t\t\t\n\t\t\t\t\t\t\t\t\t\t\t\t\t<div class=\"fusion-rollover-sep\"><\/div>\n\t\t\t\t\n\t\t\t\t\t\t\t\t\t\t\t\t\t\t\t\t\t\t<a class=\"fusion-rollover-gallery\" href=\"https:\/\/muzeulgolesti.ro\/wp-content\/uploads\/2025\/04\/paste-2025.jpg\" data-options=\"\" data-id=\"7802\" data-rel=\"iLightbox[gallery]\" data-title=\"paste 2025\" data-caption=\"\">\n\t\t\t\t\t\tGallery\t\t\t\t\t<\/a>\n\t\t\t\t\t\t\t\t\t\t\t\t\t\t\n\t\t\n\t\t\t\t\t\t\t\t\t\t\t\t<h4 class=\"fusion-rollover-title\">\n\t\t\t\t\t<a class=\"fusion-rollover-title-link\" href=\"https:\/\/muzeulgolesti.ro\/ro\/stiri\/programul-muzeului-golesti-in-perioada-sarbatorilor-pascale-2\/\">\n\t\t\t\t\t\tProgramul Muzeului Gole\u0219ti \u00een perioada s\u0103rb\u0103torilor pascale\t\t\t\t\t<\/a>\n\t\t\t\t<\/h4>\n\t\t\t\n\t\t\t\t\t\t\t\t\t\t<div class=\"fusion-rollover-categories\"><a href=\"https:\/\/muzeulgolesti.ro\/ro\/category\/stiri\/\" rel=\"tag\">Stiri<\/a><\/div>\t\t\t\t\t\n\t\t\n\t\t\t\t\t\t<a class=\"fusion-link-wrapper\" href=\"https:\/\/muzeulgolesti.ro\/ro\/stiri\/programul-muzeului-golesti-in-perioada-sarbatorilor-pascale-2\/\" aria-label=\"Programul Muzeului Gole\u0219ti \u00een perioada s\u0103rb\u0103torilor pascale\"><\/a>\n\t<\/div>\n<\/div>\n<\/div>\n<\/li>\n\t\t\t\n\t\t\t\n\t\t\t\t\t\t\t\t\t\t\t\t\t\t\t\t\t\t\t\t\t\t\t\t\t\t\t\t\t\t\t\t\t\t\t\t\t\t\t\t\t\t\t\t\t\t\t\t\t\t\t\t\t\t\t\t\t\t\t\t\t\t\t\t\t\t\t\t<\/ul>\n\t<\/div>\n\t<div class=\"fusion-post-content-wrapper\" style=\"padding:30px 25px 25px 25px;\"><div class=\"fusion-post-content post-content\"><h2 class=\"blog-shortcode-post-title entry-title\"><a href=\"https:\/\/muzeulgolesti.ro\/ro\/stiri\/programul-muzeului-golesti-in-perioada-sarbatorilor-pascale-2\/\">Programul Muzeului Gole\u0219ti \u00een perioada s\u0103rb\u0103torilor pascale<\/a><\/h2><div class=\"fusion-post-content-container\"><p>Dragi prieteni, Cu ocazia Pa\u0219telui Ortodox, echipa Muzeului Gole\u0219ti\u00a0 v\u0103 transmite cele mai calde \u0219i sincere ur\u0103ri de bine! Fie ca aceast\u0103\u00a0 [...]<\/p><\/div><\/div><\/div><div class=\"fusion-clearfix\"><\/div><\/div>\n<\/article>\n<article id=\"blog-1-post-7792\" class=\"fusion-post-grid post-7792 post type-post status-publish format-standard has-post-thumbnail hentry category-stiri\">\n<div class=\"fusion-post-wrapper\" style=\"background-color:rgba(255,255,255,0);border:1px solid var(--awb-color2);border-bottom-width:3px;\">\n\n\t\t\t<div class=\"fusion-flexslider flexslider fusion-flexslider-loading fusion-post-slideshow\" style=\"border-color:var(--awb-color2);\">\n\t\t<ul class=\"slides\">\n\t\t\t\n\t\t\t\t\t\t\t\t\t\t\t\t\t\t<li><div  class=\"fusion-image-wrapper\" aria-haspopup=\"true\">\n\t\t\t\t<img decoding=\"async\" width=\"900\" height=\"508\" src=\"https:\/\/muzeulgolesti.ro\/wp-content\/uploads\/2026\/03\/coperta-1.jpg\" class=\"attachment-full size-full wp-post-image\" alt=\"\" srcset=\"https:\/\/muzeulgolesti.ro\/wp-content\/uploads\/2026\/03\/coperta-1-200x113.jpg 200w, https:\/\/muzeulgolesti.ro\/wp-content\/uploads\/2026\/03\/coperta-1-400x226.jpg 400w, https:\/\/muzeulgolesti.ro\/wp-content\/uploads\/2026\/03\/coperta-1-600x339.jpg 600w, https:\/\/muzeulgolesti.ro\/wp-content\/uploads\/2026\/03\/coperta-1-800x452.jpg 800w, https:\/\/muzeulgolesti.ro\/wp-content\/uploads\/2026\/03\/coperta-1.jpg 900w\" sizes=\"(min-width: 2200px) 100vw, (min-width: 712px) 784px, (min-width: 640px) 712px, \" \/><div class=\"fusion-rollover\">\n\t<div class=\"fusion-rollover-content\">\n\n\t\t\t\t\t\t\t\t\t\t\t\t\t\t<a class=\"fusion-rollover-link\" href=\"https:\/\/muzeulgolesti.ro\/ro\/stiri\/orarul-de-vara-al-muzeului-golesti\/\">Orarul de var\u0103 al Muzeului Gole\u0219ti<\/a>\n\t\t\t\n\t\t\t\t\t\t\t\t\t\t\t\t\t\t\n\t\t\t\t\t\t\t\t\n\t\t\t\t\t\t\t\t\t\t\t\t\t<div class=\"fusion-rollover-sep\"><\/div>\n\t\t\t\t\n\t\t\t\t\t\t\t\t\t\t\t\t\t\t\t\t\t\t<a class=\"fusion-rollover-gallery\" href=\"https:\/\/muzeulgolesti.ro\/wp-content\/uploads\/2026\/03\/coperta-1.jpg\" data-options=\"\" data-id=\"7792\" data-rel=\"iLightbox[gallery]\" data-title=\"coperta\" data-caption=\"\">\n\t\t\t\t\t\tGallery\t\t\t\t\t<\/a>\n\t\t\t\t\t\t\t\t\t\t\t\t\t\t\n\t\t\n\t\t\t\t\t\t\t\t\t\t\t\t<h4 class=\"fusion-rollover-title\">\n\t\t\t\t\t<a class=\"fusion-rollover-title-link\" href=\"https:\/\/muzeulgolesti.ro\/ro\/stiri\/orarul-de-vara-al-muzeului-golesti\/\">\n\t\t\t\t\t\tOrarul de var\u0103 al Muzeului Gole\u0219ti\t\t\t\t\t<\/a>\n\t\t\t\t<\/h4>\n\t\t\t\n\t\t\t\t\t\t\t\t\t\t<div class=\"fusion-rollover-categories\"><a href=\"https:\/\/muzeulgolesti.ro\/ro\/category\/stiri\/\" rel=\"tag\">Stiri<\/a><\/div>\t\t\t\t\t\n\t\t\n\t\t\t\t\t\t<a class=\"fusion-link-wrapper\" href=\"https:\/\/muzeulgolesti.ro\/ro\/stiri\/orarul-de-vara-al-muzeului-golesti\/\" aria-label=\"Orarul de var\u0103 al Muzeului Gole\u0219ti\"><\/a>\n\t<\/div>\n<\/div>\n<\/div>\n<\/li>\n\t\t\t\n\t\t\t\n\t\t\t\t\t\t\t\t\t\t\t\t\t\t\t\t\t\t\t\t\t\t\t\t\t\t\t\t\t\t\t\t\t\t\t\t\t\t\t\t\t\t\t\t\t\t\t\t\t\t\t\t\t\t\t\t\t\t\t\t\t\t\t\t\t\t\t\t<\/ul>\n\t<\/div>\n\t<div class=\"fusion-post-content-wrapper\" style=\"padding:30px 25px 25px 25px;\"><div class=\"fusion-post-content post-content\"><h2 class=\"blog-shortcode-post-title entry-title\"><a href=\"https:\/\/muzeulgolesti.ro\/ro\/stiri\/orarul-de-vara-al-muzeului-golesti\/\">Orarul de var\u0103 al Muzeului Gole\u0219ti<\/a><\/h2><div class=\"fusion-post-content-container\"><p>Dragi vizitatori, V\u0103 anun\u021b\u0103m c\u0103, \u00eencep\u00e2nd cu 30 martie 2026, trecem la programul de var\u0103. V\u0103 a\u0219tept\u0103m zilnic, de luni p\u00e2n\u0103 duminic\u0103, [...]<\/p><\/div><\/div><\/div><div class=\"fusion-clearfix\"><\/div><\/div>\n<\/article>\n<article id=\"blog-1-post-7774\" class=\"fusion-post-grid post-7774 post type-post status-publish format-standard has-post-thumbnail hentry category-stiri\">\n<div class=\"fusion-post-wrapper\" style=\"background-color:rgba(255,255,255,0);border:1px solid var(--awb-color2);border-bottom-width:3px;\">\n\n\t\t\t<div class=\"fusion-flexslider flexslider fusion-flexslider-loading fusion-post-slideshow\" style=\"border-color:var(--awb-color2);\">\n\t\t<ul class=\"slides\">\n\t\t\t\n\t\t\t\t\t\t\t\t\t\t\t\t\t\t<li><div  class=\"fusion-image-wrapper\" aria-haspopup=\"true\">\n\t\t\t\t<img decoding=\"async\" width=\"900\" height=\"508\" src=\"https:\/\/muzeulgolesti.ro\/wp-content\/uploads\/2026\/03\/vernisaje.jpg\" class=\"attachment-full size-full wp-post-image\" alt=\"\" srcset=\"https:\/\/muzeulgolesti.ro\/wp-content\/uploads\/2026\/03\/vernisaje-200x113.jpg 200w, https:\/\/muzeulgolesti.ro\/wp-content\/uploads\/2026\/03\/vernisaje-400x226.jpg 400w, https:\/\/muzeulgolesti.ro\/wp-content\/uploads\/2026\/03\/vernisaje-600x339.jpg 600w, https:\/\/muzeulgolesti.ro\/wp-content\/uploads\/2026\/03\/vernisaje-800x452.jpg 800w, https:\/\/muzeulgolesti.ro\/wp-content\/uploads\/2026\/03\/vernisaje.jpg 900w\" sizes=\"(min-width: 2200px) 100vw, (min-width: 712px) 784px, (min-width: 640px) 712px, \" \/><div class=\"fusion-rollover\">\n\t<div class=\"fusion-rollover-content\">\n\n\t\t\t\t\t\t\t\t\t\t\t\t\t\t<a class=\"fusion-rollover-link\" href=\"https:\/\/muzeulgolesti.ro\/ro\/stiri\/muzeul-golesti-marcheaza-ziua-femeii-prin-vernisarea-expozitiilor-perspective-feminine-si-maria-tanase-suflet-romanesc\/\">Muzeul Gole\u0219ti marcheaz\u0103 Ziua Femeii prin vernisarea expozi\u021biilor \u201ePerspective feminine\u201d \u0219i \u201eMaria T\u0103nase \u2013 Suflet rom\u00e2nesc\u201d<\/a>\n\t\t\t\n\t\t\t\t\t\t\t\t\t\t\t\t\t\t\n\t\t\t\t\t\t\t\t\n\t\t\t\t\t\t\t\t\t\t\t\t\t<div class=\"fusion-rollover-sep\"><\/div>\n\t\t\t\t\n\t\t\t\t\t\t\t\t\t\t\t\t\t\t\t\t\t\t<a class=\"fusion-rollover-gallery\" href=\"https:\/\/muzeulgolesti.ro\/wp-content\/uploads\/2026\/03\/vernisaje.jpg\" data-options=\"\" data-id=\"7774\" data-rel=\"iLightbox[gallery]\" data-title=\"vernisaje\" data-caption=\"\">\n\t\t\t\t\t\tGallery\t\t\t\t\t<\/a>\n\t\t\t\t\t\t\t\t\t\t\t\t\t\t\n\t\t\n\t\t\t\t\t\t\t\t\t\t\t\t<h4 class=\"fusion-rollover-title\">\n\t\t\t\t\t<a class=\"fusion-rollover-title-link\" href=\"https:\/\/muzeulgolesti.ro\/ro\/stiri\/muzeul-golesti-marcheaza-ziua-femeii-prin-vernisarea-expozitiilor-perspective-feminine-si-maria-tanase-suflet-romanesc\/\">\n\t\t\t\t\t\tMuzeul Gole\u0219ti marcheaz\u0103 Ziua Femeii prin vernisarea expozi\u021biilor \u201ePerspective feminine\u201d \u0219i \u201eMaria T\u0103nase \u2013 Suflet rom\u00e2nesc\u201d\t\t\t\t\t<\/a>\n\t\t\t\t<\/h4>\n\t\t\t\n\t\t\t\t\t\t\t\t\t\t<div class=\"fusion-rollover-categories\"><a href=\"https:\/\/muzeulgolesti.ro\/ro\/category\/stiri\/\" rel=\"tag\">Stiri<\/a><\/div>\t\t\t\t\t\n\t\t\n\t\t\t\t\t\t<a class=\"fusion-link-wrapper\" href=\"https:\/\/muzeulgolesti.ro\/ro\/stiri\/muzeul-golesti-marcheaza-ziua-femeii-prin-vernisarea-expozitiilor-perspective-feminine-si-maria-tanase-suflet-romanesc\/\" aria-label=\"Muzeul Gole\u0219ti marcheaz\u0103 Ziua Femeii prin vernisarea expozi\u021biilor \u201ePerspective feminine\u201d \u0219i \u201eMaria T\u0103nase \u2013 Suflet rom\u00e2nesc\u201d\"><\/a>\n\t<\/div>\n<\/div>\n<\/div>\n<\/li>\n\t\t\t\n\t\t\t\n\t\t\t\t\t\t\t\t\t\t\t\t\t\t\t\t\t\t\t\t\t\t\t\t\t\t\t\t\t\t\t\t\t\t\t\t\t\t\t\t\t\t\t\t\t\t\t\t\t\t\t\t\t\t\t\t\t\t\t\t\t\t\t\t\t\t\t\t<\/ul>\n\t<\/div>\n\t<div class=\"fusion-post-content-wrapper\" style=\"padding:30px 25px 25px 25px;\"><div class=\"fusion-post-content post-content\"><h2 class=\"blog-shortcode-post-title entry-title\"><a href=\"https:\/\/muzeulgolesti.ro\/ro\/stiri\/muzeul-golesti-marcheaza-ziua-femeii-prin-vernisarea-expozitiilor-perspective-feminine-si-maria-tanase-suflet-romanesc\/\">Muzeul Gole\u0219ti marcheaz\u0103 Ziua Femeii prin vernisarea expozi\u021biilor \u201ePerspective feminine\u201d \u0219i \u201eMaria T\u0103nase \u2013 Suflet rom\u00e2nesc\u201d<\/a><\/h2><div class=\"fusion-post-content-container\"><p>Cu ocazia Zilei Interna\u021bionale a Femeii, Muzeul Viticulturii \u0219i Pomiculturii Gole\u0219ti a vernisat dou\u0103 expozi\u021bii dedicate universului feminin: expozi\u021bia de pictur\u0103 \u201ePerspective [...]<\/p><\/div><\/div><\/div><div class=\"fusion-clearfix\"><\/div><\/div>\n<\/article>\n<article id=\"blog-1-post-7762\" class=\"fusion-post-grid post-7762 post type-post status-publish format-standard has-post-thumbnail hentry category-stiri\">\n<div class=\"fusion-post-wrapper\" style=\"background-color:rgba(255,255,255,0);border:1px solid var(--awb-color2);border-bottom-width:3px;\">\n\n\t\t\t<div class=\"fusion-flexslider flexslider fusion-flexslider-loading fusion-post-slideshow\" style=\"border-color:var(--awb-color2);\">\n\t\t<ul class=\"slides\">\n\t\t\t\n\t\t\t\t\t\t\t\t\t\t\t\t\t\t<li><div  class=\"fusion-image-wrapper\" aria-haspopup=\"true\">\n\t\t\t\t<img decoding=\"async\" width=\"900\" height=\"508\" src=\"https:\/\/muzeulgolesti.ro\/wp-content\/uploads\/2026\/03\/coperta-2.jpg\" class=\"attachment-full size-full wp-post-image\" alt=\"\" srcset=\"https:\/\/muzeulgolesti.ro\/wp-content\/uploads\/2026\/03\/coperta-2-200x113.jpg 200w, https:\/\/muzeulgolesti.ro\/wp-content\/uploads\/2026\/03\/coperta-2-400x226.jpg 400w, https:\/\/muzeulgolesti.ro\/wp-content\/uploads\/2026\/03\/coperta-2-600x339.jpg 600w, https:\/\/muzeulgolesti.ro\/wp-content\/uploads\/2026\/03\/coperta-2-800x452.jpg 800w, https:\/\/muzeulgolesti.ro\/wp-content\/uploads\/2026\/03\/coperta-2.jpg 900w\" sizes=\"(min-width: 2200px) 100vw, (min-width: 712px) 784px, (min-width: 640px) 712px, \" \/><div class=\"fusion-rollover\">\n\t<div class=\"fusion-rollover-content\">\n\n\t\t\t\t\t\t\t\t\t\t\t\t\t\t<a class=\"fusion-rollover-link\" href=\"https:\/\/muzeulgolesti.ro\/ro\/stiri\/8-martie-acces-liber-pentru-doamne-in-muzeul-golesti\/\">8 Martie &#8211; acces liber pentru doamne \u00een Muzeul Gole\u0219ti<\/a>\n\t\t\t\n\t\t\t\t\t\t\t\t\t\t\t\t\t\t\n\t\t\t\t\t\t\t\t\n\t\t\t\t\t\t\t\t\t\t\t\t\t<div class=\"fusion-rollover-sep\"><\/div>\n\t\t\t\t\n\t\t\t\t\t\t\t\t\t\t\t\t\t\t\t\t\t\t<a class=\"fusion-rollover-gallery\" href=\"https:\/\/muzeulgolesti.ro\/wp-content\/uploads\/2026\/03\/coperta-2.jpg\" data-options=\"\" data-id=\"7762\" data-rel=\"iLightbox[gallery]\" data-title=\"coperta\" data-caption=\"\">\n\t\t\t\t\t\tGallery\t\t\t\t\t<\/a>\n\t\t\t\t\t\t\t\t\t\t\t\t\t\t\n\t\t\n\t\t\t\t\t\t\t\t\t\t\t\t<h4 class=\"fusion-rollover-title\">\n\t\t\t\t\t<a class=\"fusion-rollover-title-link\" href=\"https:\/\/muzeulgolesti.ro\/ro\/stiri\/8-martie-acces-liber-pentru-doamne-in-muzeul-golesti\/\">\n\t\t\t\t\t\t8 Martie &#8211; acces liber pentru doamne \u00een Muzeul Gole\u0219ti\t\t\t\t\t<\/a>\n\t\t\t\t<\/h4>\n\t\t\t\n\t\t\t\t\t\t\t\t\t\t<div class=\"fusion-rollover-categories\"><a href=\"https:\/\/muzeulgolesti.ro\/ro\/category\/stiri\/\" rel=\"tag\">Stiri<\/a><\/div>\t\t\t\t\t\n\t\t\n\t\t\t\t\t\t<a class=\"fusion-link-wrapper\" href=\"https:\/\/muzeulgolesti.ro\/ro\/stiri\/8-martie-acces-liber-pentru-doamne-in-muzeul-golesti\/\" aria-label=\"8 Martie &#8211; acces liber pentru doamne \u00een Muzeul Gole\u0219ti\"><\/a>\n\t<\/div>\n<\/div>\n<\/div>\n<\/li>\n\t\t\t\n\t\t\t\n\t\t\t\t\t\t\t\t\t\t\t\t\t\t\t\t\t\t\t\t\t\t\t\t\t\t\t\t\t\t\t\t\t\t\t\t\t\t\t\t\t\t\t\t\t\t\t\t\t\t\t\t\t\t\t\t\t\t\t\t\t\t\t\t\t\t\t\t<\/ul>\n\t<\/div>\n\t<div class=\"fusion-post-content-wrapper\" style=\"padding:30px 25px 25px 25px;\"><div class=\"fusion-post-content post-content\"><h2 class=\"blog-shortcode-post-title entry-title\"><a href=\"https:\/\/muzeulgolesti.ro\/ro\/stiri\/8-martie-acces-liber-pentru-doamne-in-muzeul-golesti\/\">8 Martie &#8211; acces liber pentru doamne \u00een Muzeul Gole\u0219ti<\/a><\/h2><div class=\"fusion-post-content-container\"><p>De 8 Martie, celebr\u0103m frumuse\u021bea, puterea, sensibilitatea \u0219i inspira\u021bia pe care femeile o aduc \u00een fiecare zi \u00een vie\u021bile noastre. V\u0103 dorim [...]<\/p><\/div><\/div><\/div><div class=\"fusion-clearfix\"><\/div><\/div>\n<\/article>\n<article id=\"blog-1-post-7752\" class=\"fusion-post-grid post-7752 post type-post status-publish format-standard has-post-thumbnail hentry category-evenimente\">\n<div class=\"fusion-post-wrapper\" style=\"background-color:rgba(255,255,255,0);border:1px solid var(--awb-color2);border-bottom-width:3px;\">\n\n\t\t\t<div class=\"fusion-flexslider flexslider fusion-flexslider-loading fusion-post-slideshow\" style=\"border-color:var(--awb-color2);\">\n\t\t<ul class=\"slides\">\n\t\t\t\n\t\t\t\t\t\t\t\t\t\t\t\t\t\t<li><div  class=\"fusion-image-wrapper\" aria-haspopup=\"true\">\n\t\t\t\t<img decoding=\"async\" width=\"900\" height=\"508\" src=\"https:\/\/muzeulgolesti.ro\/wp-content\/uploads\/2024\/03\/coperta-site-1.png\" class=\"attachment-full size-full wp-post-image\" alt=\"\" srcset=\"https:\/\/muzeulgolesti.ro\/wp-content\/uploads\/2024\/03\/coperta-site-1-200x113.png 200w, https:\/\/muzeulgolesti.ro\/wp-content\/uploads\/2024\/03\/coperta-site-1-400x226.png 400w, https:\/\/muzeulgolesti.ro\/wp-content\/uploads\/2024\/03\/coperta-site-1-600x339.png 600w, https:\/\/muzeulgolesti.ro\/wp-content\/uploads\/2024\/03\/coperta-site-1-800x452.png 800w, https:\/\/muzeulgolesti.ro\/wp-content\/uploads\/2024\/03\/coperta-site-1.png 900w\" sizes=\"(min-width: 2200px) 100vw, (min-width: 712px) 784px, (min-width: 640px) 712px, \" \/><div class=\"fusion-rollover\">\n\t<div class=\"fusion-rollover-content\">\n\n\t\t\t\t\t\t\t\t\t\t\t\t\t\t<a class=\"fusion-rollover-link\" href=\"https:\/\/muzeulgolesti.ro\/ro\/evenimente\/ziua-poeziei-2026\/\">Ziua Poeziei 2026<\/a>\n\t\t\t\n\t\t\t\t\t\t\t\t\t\t\t\t\t\t\n\t\t\t\t\t\t\t\t\n\t\t\t\t\t\t\t\t\t\t\t\t\t<div class=\"fusion-rollover-sep\"><\/div>\n\t\t\t\t\n\t\t\t\t\t\t\t\t\t\t\t\t\t\t\t\t\t\t<a class=\"fusion-rollover-gallery\" href=\"https:\/\/muzeulgolesti.ro\/wp-content\/uploads\/2024\/03\/coperta-site-1.png\" data-options=\"\" data-id=\"7752\" data-rel=\"iLightbox[gallery]\" data-title=\"coperta site\" data-caption=\"\">\n\t\t\t\t\t\tGallery\t\t\t\t\t<\/a>\n\t\t\t\t\t\t\t\t\t\t\t\t\t\t\n\t\t\n\t\t\t\t\t\t\t\t\t\t\t\t<h4 class=\"fusion-rollover-title\">\n\t\t\t\t\t<a class=\"fusion-rollover-title-link\" href=\"https:\/\/muzeulgolesti.ro\/ro\/evenimente\/ziua-poeziei-2026\/\">\n\t\t\t\t\t\tZiua Poeziei 2026\t\t\t\t\t<\/a>\n\t\t\t\t<\/h4>\n\t\t\t\n\t\t\t\t\t\t\t\t\t\t<div class=\"fusion-rollover-categories\"><a href=\"https:\/\/muzeulgolesti.ro\/ro\/category\/evenimente\/\" rel=\"tag\">Evenimente<\/a><\/div>\t\t\t\t\t\n\t\t\n\t\t\t\t\t\t<a class=\"fusion-link-wrapper\" href=\"https:\/\/muzeulgolesti.ro\/ro\/evenimente\/ziua-poeziei-2026\/\" aria-label=\"Ziua Poeziei 2026\"><\/a>\n\t<\/div>\n<\/div>\n<\/div>\n<\/li>\n\t\t\t\n\t\t\t\n\t\t\t\t\t\t\t\t\t\t\t\t\t\t\t\t\t\t\t\t\t\t\t\t\t\t\t\t\t\t\t\t\t\t\t\t\t\t\t\t\t\t\t\t\t\t\t\t\t\t\t\t\t\t\t\t\t\t\t\t\t\t\t\t\t\t\t\t<\/ul>\n\t<\/div>\n\t<div class=\"fusion-post-content-wrapper\" style=\"padding:30px 25px 25px 25px;\"><div class=\"fusion-post-content post-content\"><h2 class=\"blog-shortcode-post-title entry-title\"><a href=\"https:\/\/muzeulgolesti.ro\/ro\/evenimente\/ziua-poeziei-2026\/\">Ziua Poeziei 2026<\/a><\/h2><div class=\"fusion-post-content-container\"><p>Dragi iubitori de literatur\u0103, s\u00e2mb\u0103t\u0103 21 martie 2026, de la ora 13:00, se va desf\u0103\u0219ura la Muzeul Gole\u0219ti evenimentul anual intitulat Ziua [...]<\/p><\/div><\/div><\/div><div class=\"fusion-clearfix\"><\/div><\/div>\n<\/article>\n<article id=\"blog-1-post-7746\" class=\"fusion-post-grid post-7746 post type-post status-publish format-standard has-post-thumbnail hentry category-evenimente\">\n<div class=\"fusion-post-wrapper\" style=\"background-color:rgba(255,255,255,0);border:1px solid var(--awb-color2);border-bottom-width:3px;\">\n\n\t\t\t<div class=\"fusion-flexslider flexslider fusion-flexslider-loading fusion-post-slideshow\" style=\"border-color:var(--awb-color2);\">\n\t\t<ul class=\"slides\">\n\t\t\t\n\t\t\t\t\t\t\t\t\t\t\t\t\t\t<li><div  class=\"fusion-image-wrapper\" aria-haspopup=\"true\">\n\t\t\t\t<img decoding=\"async\" width=\"900\" height=\"508\" src=\"https:\/\/muzeulgolesti.ro\/wp-content\/uploads\/2026\/03\/coperta.jpg\" class=\"attachment-full size-full wp-post-image\" alt=\"\" srcset=\"https:\/\/muzeulgolesti.ro\/wp-content\/uploads\/2026\/03\/coperta-200x113.jpg 200w, https:\/\/muzeulgolesti.ro\/wp-content\/uploads\/2026\/03\/coperta-400x226.jpg 400w, https:\/\/muzeulgolesti.ro\/wp-content\/uploads\/2026\/03\/coperta-600x339.jpg 600w, https:\/\/muzeulgolesti.ro\/wp-content\/uploads\/2026\/03\/coperta-800x452.jpg 800w, https:\/\/muzeulgolesti.ro\/wp-content\/uploads\/2026\/03\/coperta.jpg 900w\" sizes=\"(min-width: 2200px) 100vw, (min-width: 712px) 784px, (min-width: 640px) 712px, \" \/><div class=\"fusion-rollover\">\n\t<div class=\"fusion-rollover-content\">\n\n\t\t\t\t\t\t\t\t\t\t\t\t\t\t<a class=\"fusion-rollover-link\" href=\"https:\/\/muzeulgolesti.ro\/ro\/evenimente\/expozitie-de-pictura-perspective-feminine\/\">Expozi\u021bie de pictur\u0103: \u201ePerspective feminine\u201d<\/a>\n\t\t\t\n\t\t\t\t\t\t\t\t\t\t\t\t\t\t\n\t\t\t\t\t\t\t\t\n\t\t\t\t\t\t\t\t\t\t\t\t\t<div class=\"fusion-rollover-sep\"><\/div>\n\t\t\t\t\n\t\t\t\t\t\t\t\t\t\t\t\t\t\t\t\t\t\t<a class=\"fusion-rollover-gallery\" href=\"https:\/\/muzeulgolesti.ro\/wp-content\/uploads\/2026\/03\/coperta.jpg\" data-options=\"\" data-id=\"7746\" data-rel=\"iLightbox[gallery]\" data-title=\"coperta\" data-caption=\"\">\n\t\t\t\t\t\tGallery\t\t\t\t\t<\/a>\n\t\t\t\t\t\t\t\t\t\t\t\t\t\t\n\t\t\n\t\t\t\t\t\t\t\t\t\t\t\t<h4 class=\"fusion-rollover-title\">\n\t\t\t\t\t<a class=\"fusion-rollover-title-link\" href=\"https:\/\/muzeulgolesti.ro\/ro\/evenimente\/expozitie-de-pictura-perspective-feminine\/\">\n\t\t\t\t\t\tExpozi\u021bie de pictur\u0103: \u201ePerspective feminine\u201d\t\t\t\t\t<\/a>\n\t\t\t\t<\/h4>\n\t\t\t\n\t\t\t\t\t\t\t\t\t\t<div class=\"fusion-rollover-categories\"><a href=\"https:\/\/muzeulgolesti.ro\/ro\/category\/evenimente\/\" rel=\"tag\">Evenimente<\/a><\/div>\t\t\t\t\t\n\t\t\n\t\t\t\t\t\t<a class=\"fusion-link-wrapper\" href=\"https:\/\/muzeulgolesti.ro\/ro\/evenimente\/expozitie-de-pictura-perspective-feminine\/\" aria-label=\"Expozi\u021bie de pictur\u0103: \u201ePerspective feminine\u201d\"><\/a>\n\t<\/div>\n<\/div>\n<\/div>\n<\/li>\n\t\t\t\n\t\t\t\n\t\t\t\t\t\t\t\t\t\t\t\t\t\t\t\t\t\t\t\t\t\t\t\t\t\t\t\t\t\t\t\t\t\t\t\t\t\t\t\t\t\t\t\t\t\t\t\t\t\t\t\t\t\t\t\t\t\t\t\t\t\t\t\t\t\t\t\t<\/ul>\n\t<\/div>\n\t<div class=\"fusion-post-content-wrapper\" style=\"padding:30px 25px 25px 25px;\"><div class=\"fusion-post-content post-content\"><h2 class=\"blog-shortcode-post-title entry-title\"><a href=\"https:\/\/muzeulgolesti.ro\/ro\/evenimente\/expozitie-de-pictura-perspective-feminine\/\">Expozi\u021bie de pictur\u0103: \u201ePerspective feminine\u201d<\/a><\/h2><div class=\"fusion-post-content-container\"><p>\u00cen perioada 6 martie - 21 aprilie 2026, Muzeul Gole\u0219ti \u00een parteneriat cu Muzeul Municipal Curtea de Arge\u0219 redevine scena unei expozi\u021bii [...]<\/p><\/div><\/div><\/div><div class=\"fusion-clearfix\"><\/div><\/div>\n<\/article>\n<article id=\"blog-1-post-7736\" class=\"fusion-post-grid post-7736 post type-post status-publish format-standard has-post-thumbnail hentry category-evenimente\">\n<div class=\"fusion-post-wrapper\" style=\"background-color:rgba(255,255,255,0);border:1px solid var(--awb-color2);border-bottom-width:3px;\">\n\n\t\t\t<div class=\"fusion-flexslider flexslider fusion-flexslider-loading fusion-post-slideshow\" style=\"border-color:var(--awb-color2);\">\n\t\t<ul class=\"slides\">\n\t\t\t\n\t\t\t\t\t\t\t\t\t\t\t\t\t\t<li><div  class=\"fusion-image-wrapper\" aria-haspopup=\"true\">\n\t\t\t\t<img decoding=\"async\" width=\"900\" height=\"508\" src=\"https:\/\/muzeulgolesti.ro\/wp-content\/uploads\/2026\/03\/coperta-expo-Maria-Tanase.jpg\" class=\"attachment-full size-full wp-post-image\" alt=\"\" srcset=\"https:\/\/muzeulgolesti.ro\/wp-content\/uploads\/2026\/03\/coperta-expo-Maria-Tanase-200x113.jpg 200w, https:\/\/muzeulgolesti.ro\/wp-content\/uploads\/2026\/03\/coperta-expo-Maria-Tanase-400x226.jpg 400w, https:\/\/muzeulgolesti.ro\/wp-content\/uploads\/2026\/03\/coperta-expo-Maria-Tanase-600x339.jpg 600w, https:\/\/muzeulgolesti.ro\/wp-content\/uploads\/2026\/03\/coperta-expo-Maria-Tanase-800x452.jpg 800w, https:\/\/muzeulgolesti.ro\/wp-content\/uploads\/2026\/03\/coperta-expo-Maria-Tanase.jpg 900w\" sizes=\"(min-width: 2200px) 100vw, (min-width: 712px) 784px, (min-width: 640px) 712px, \" \/><div class=\"fusion-rollover\">\n\t<div class=\"fusion-rollover-content\">\n\n\t\t\t\t\t\t\t\t\t\t\t\t\t\t<a class=\"fusion-rollover-link\" href=\"https:\/\/muzeulgolesti.ro\/ro\/evenimente\/expozitie-maria-tanase-suflet-romanesc\/\">Expozi\u021bie: \u201eMaria T\u0103nase \u2013 Suflet rom\u00e2nesc\u201d<\/a>\n\t\t\t\n\t\t\t\t\t\t\t\t\t\t\t\t\t\t\n\t\t\t\t\t\t\t\t\n\t\t\t\t\t\t\t\t\t\t\t\t\t<div class=\"fusion-rollover-sep\"><\/div>\n\t\t\t\t\n\t\t\t\t\t\t\t\t\t\t\t\t\t\t\t\t\t\t<a class=\"fusion-rollover-gallery\" href=\"https:\/\/muzeulgolesti.ro\/wp-content\/uploads\/2026\/03\/coperta-expo-Maria-Tanase.jpg\" data-options=\"\" data-id=\"7736\" data-rel=\"iLightbox[gallery]\" data-title=\"coperta expo Maria Tanase\" data-caption=\"\">\n\t\t\t\t\t\tGallery\t\t\t\t\t<\/a>\n\t\t\t\t\t\t\t\t\t\t\t\t\t\t\n\t\t\n\t\t\t\t\t\t\t\t\t\t\t\t<h4 class=\"fusion-rollover-title\">\n\t\t\t\t\t<a class=\"fusion-rollover-title-link\" href=\"https:\/\/muzeulgolesti.ro\/ro\/evenimente\/expozitie-maria-tanase-suflet-romanesc\/\">\n\t\t\t\t\t\tExpozi\u021bie: \u201eMaria T\u0103nase \u2013 Suflet rom\u00e2nesc\u201d\t\t\t\t\t<\/a>\n\t\t\t\t<\/h4>\n\t\t\t\n\t\t\t\t\t\t\t\t\t\t<div class=\"fusion-rollover-categories\"><a href=\"https:\/\/muzeulgolesti.ro\/ro\/category\/evenimente\/\" rel=\"tag\">Evenimente<\/a><\/div>\t\t\t\t\t\n\t\t\n\t\t\t\t\t\t<a class=\"fusion-link-wrapper\" href=\"https:\/\/muzeulgolesti.ro\/ro\/evenimente\/expozitie-maria-tanase-suflet-romanesc\/\" aria-label=\"Expozi\u021bie: \u201eMaria T\u0103nase \u2013 Suflet rom\u00e2nesc\u201d\"><\/a>\n\t<\/div>\n<\/div>\n<\/div>\n<\/li>\n\t\t\t\n\t\t\t\n\t\t\t\t\t\t\t\t\t\t\t\t\t\t\t\t\t\t\t\t\t\t\t\t\t\t\t\t\t\t\t\t\t\t\t\t\t\t\t\t\t\t\t\t\t\t\t\t\t\t\t\t\t\t\t\t\t\t\t\t\t\t\t\t\t\t\t\t<\/ul>\n\t<\/div>\n\t<div class=\"fusion-post-content-wrapper\" style=\"padding:30px 25px 25px 25px;\"><div class=\"fusion-post-content post-content\"><h2 class=\"blog-shortcode-post-title entry-title\"><a href=\"https:\/\/muzeulgolesti.ro\/ro\/evenimente\/expozitie-maria-tanase-suflet-romanesc\/\">Expozi\u021bie: \u201eMaria T\u0103nase \u2013 Suflet rom\u00e2nesc\u201d<\/a><\/h2><div class=\"fusion-post-content-container\"><p>Cu ocazia Zilei Interna\u021bionale a Femeii, Muzeul Olteniei \u0219i Muzeul Gole\u0219ti celebreaz\u0103 memoria Mariei T\u0103nase, una dintre cele mai mari voci ale [...]<\/p><\/div><\/div><\/div><div class=\"fusion-clearfix\"><\/div><\/div>\n<\/article>\n<article id=\"blog-1-post-7713\" class=\"fusion-post-grid post-7713 post type-post status-publish format-standard has-post-thumbnail hentry category-evenimente\">\n<div class=\"fusion-post-wrapper\" style=\"background-color:rgba(255,255,255,0);border:1px solid var(--awb-color2);border-bottom-width:3px;\">\n\n\t\t\t<div class=\"fusion-flexslider flexslider fusion-flexslider-loading fusion-post-slideshow\" style=\"border-color:var(--awb-color2);\">\n\t\t<ul class=\"slides\">\n\t\t\t\n\t\t\t\t\t\t\t\t\t\t\t\t\t\t<li><div  class=\"fusion-image-wrapper\" aria-haspopup=\"true\">\n\t\t\t\t<img decoding=\"async\" width=\"900\" height=\"508\" src=\"https:\/\/muzeulgolesti.ro\/wp-content\/uploads\/2026\/02\/Coperta-1.png\" class=\"attachment-full size-full wp-post-image\" alt=\"\" srcset=\"https:\/\/muzeulgolesti.ro\/wp-content\/uploads\/2026\/02\/Coperta-1-200x113.png 200w, https:\/\/muzeulgolesti.ro\/wp-content\/uploads\/2026\/02\/Coperta-1-400x226.png 400w, https:\/\/muzeulgolesti.ro\/wp-content\/uploads\/2026\/02\/Coperta-1-600x339.png 600w, https:\/\/muzeulgolesti.ro\/wp-content\/uploads\/2026\/02\/Coperta-1-800x452.png 800w, https:\/\/muzeulgolesti.ro\/wp-content\/uploads\/2026\/02\/Coperta-1.png 900w\" sizes=\"(min-width: 2200px) 100vw, (min-width: 712px) 784px, (min-width: 640px) 712px, \" \/><div class=\"fusion-rollover\">\n\t<div class=\"fusion-rollover-content\">\n\n\t\t\t\t\t\t\t\t\t\t\t\t\t\t<a class=\"fusion-rollover-link\" href=\"https:\/\/muzeulgolesti.ro\/ro\/evenimente\/expozitie-nicolae-m-nica-cioplitorul-de-ganduri-vine-la-bucuresti\/\">Expozi\u021bie Nicolae M. Nica, \u201eCioplitorul de g\u00e2nduri\u201d merge la Bucure\u0219ti<\/a>\n\t\t\t\n\t\t\t\t\t\t\t\t\t\t\t\t\t\t\n\t\t\t\t\t\t\t\t\n\t\t\t\t\t\t\t\t\t\t\t\t\t<div class=\"fusion-rollover-sep\"><\/div>\n\t\t\t\t\n\t\t\t\t\t\t\t\t\t\t\t\t\t\t\t\t\t\t<a class=\"fusion-rollover-gallery\" href=\"https:\/\/muzeulgolesti.ro\/wp-content\/uploads\/2026\/02\/Coperta-1.png\" data-options=\"\" data-id=\"7713\" data-rel=\"iLightbox[gallery]\" data-title=\"Coperta\" data-caption=\"\">\n\t\t\t\t\t\tGallery\t\t\t\t\t<\/a>\n\t\t\t\t\t\t\t\t\t\t\t\t\t\t\n\t\t\n\t\t\t\t\t\t\t\t\t\t\t\t<h4 class=\"fusion-rollover-title\">\n\t\t\t\t\t<a class=\"fusion-rollover-title-link\" href=\"https:\/\/muzeulgolesti.ro\/ro\/evenimente\/expozitie-nicolae-m-nica-cioplitorul-de-ganduri-vine-la-bucuresti\/\">\n\t\t\t\t\t\tExpozi\u021bie Nicolae M. Nica, \u201eCioplitorul de g\u00e2nduri\u201d merge la Bucure\u0219ti\t\t\t\t\t<\/a>\n\t\t\t\t<\/h4>\n\t\t\t\n\t\t\t\t\t\t\t\t\t\t<div class=\"fusion-rollover-categories\"><a href=\"https:\/\/muzeulgolesti.ro\/ro\/category\/evenimente\/\" rel=\"tag\">Evenimente<\/a><\/div>\t\t\t\t\t\n\t\t\n\t\t\t\t\t\t<a class=\"fusion-link-wrapper\" href=\"https:\/\/muzeulgolesti.ro\/ro\/evenimente\/expozitie-nicolae-m-nica-cioplitorul-de-ganduri-vine-la-bucuresti\/\" aria-label=\"Expozi\u021bie Nicolae M. Nica, \u201eCioplitorul de g\u00e2nduri\u201d merge la Bucure\u0219ti\"><\/a>\n\t<\/div>\n<\/div>\n<\/div>\n<\/li>\n\t\t\t\n\t\t\t\n\t\t\t\t\t\t\t\t\t\t\t\t\t\t\t\t\t\t\t\t\t\t\t\t\t\t\t\t\t\t\t\t\t\t\t\t\t\t\t\t\t\t\t\t\t\t\t\t\t\t\t\t\t\t\t\t\t\t\t\t\t\t\t\t\t\t\t\t<\/ul>\n\t<\/div>\n\t<div class=\"fusion-post-content-wrapper\" style=\"padding:30px 25px 25px 25px;\"><div class=\"fusion-post-content post-content\"><h2 class=\"blog-shortcode-post-title entry-title\"><a href=\"https:\/\/muzeulgolesti.ro\/ro\/evenimente\/expozitie-nicolae-m-nica-cioplitorul-de-ganduri-vine-la-bucuresti\/\">Expozi\u021bie Nicolae M. Nica, \u201eCioplitorul de g\u00e2nduri\u201d merge la Bucure\u0219ti<\/a><\/h2><div class=\"fusion-post-content-container\"><p>\u00a0 Bucure\u0219tiul devine, \u00een aceast\u0103 prim\u0103var\u0103, locul unei re\u00eent\u00e2lniri simbolice cu destinul \u0219i opera unuia dintre cei mai importan\u021bi creatori populari ai [...]<\/p><\/div><\/div><\/div><div class=\"fusion-clearfix\"><\/div><\/div>\n<\/article>\n<article id=\"blog-1-post-7694\" class=\"fusion-post-grid post-7694 post type-post status-publish format-standard has-post-thumbnail hentry category-evenimente\">\n<div class=\"fusion-post-wrapper\" style=\"background-color:rgba(255,255,255,0);border:1px solid var(--awb-color2);border-bottom-width:3px;\">\n\n\t\t\t<div class=\"fusion-flexslider flexslider fusion-flexslider-loading fusion-post-slideshow\" style=\"border-color:var(--awb-color2);\">\n\t\t<ul class=\"slides\">\n\t\t\t\n\t\t\t\t\t\t\t\t\t\t\t\t\t\t<li><div  class=\"fusion-image-wrapper\" aria-haspopup=\"true\">\n\t\t\t\t<img decoding=\"async\" width=\"900\" height=\"508\" src=\"https:\/\/muzeulgolesti.ro\/wp-content\/uploads\/2026\/02\/coperta.png\" class=\"attachment-full size-full wp-post-image\" alt=\"\" srcset=\"https:\/\/muzeulgolesti.ro\/wp-content\/uploads\/2026\/02\/coperta-200x113.png 200w, https:\/\/muzeulgolesti.ro\/wp-content\/uploads\/2026\/02\/coperta-400x226.png 400w, https:\/\/muzeulgolesti.ro\/wp-content\/uploads\/2026\/02\/coperta-600x339.png 600w, https:\/\/muzeulgolesti.ro\/wp-content\/uploads\/2026\/02\/coperta-800x452.png 800w, https:\/\/muzeulgolesti.ro\/wp-content\/uploads\/2026\/02\/coperta.png 900w\" sizes=\"(min-width: 2200px) 100vw, (min-width: 712px) 784px, (min-width: 640px) 712px, \" \/><div class=\"fusion-rollover\">\n\t<div class=\"fusion-rollover-content\">\n\n\t\t\t\t\t\t\t\t\t\t\t\t\t\t<a class=\"fusion-rollover-link\" href=\"https:\/\/muzeulgolesti.ro\/ro\/evenimente\/expozitie-natura-gaseste-mereu-o-cale-ramona-slug\/\">Expozi\u021bie \u201eNatura g\u0103se\u0219te mereu o cale\u201d, Ramona \u0218lug<\/a>\n\t\t\t\n\t\t\t\t\t\t\t\t\t\t\t\t\t\t\n\t\t\t\t\t\t\t\t\n\t\t\t\t\t\t\t\t\t\t\t\t\t<div class=\"fusion-rollover-sep\"><\/div>\n\t\t\t\t\n\t\t\t\t\t\t\t\t\t\t\t\t\t\t\t\t\t\t<a class=\"fusion-rollover-gallery\" href=\"https:\/\/muzeulgolesti.ro\/wp-content\/uploads\/2026\/02\/coperta.png\" data-options=\"\" data-id=\"7694\" data-rel=\"iLightbox[gallery]\" data-title=\"coperta\" data-caption=\"\">\n\t\t\t\t\t\tGallery\t\t\t\t\t<\/a>\n\t\t\t\t\t\t\t\t\t\t\t\t\t\t\n\t\t\n\t\t\t\t\t\t\t\t\t\t\t\t<h4 class=\"fusion-rollover-title\">\n\t\t\t\t\t<a class=\"fusion-rollover-title-link\" href=\"https:\/\/muzeulgolesti.ro\/ro\/evenimente\/expozitie-natura-gaseste-mereu-o-cale-ramona-slug\/\">\n\t\t\t\t\t\tExpozi\u021bie \u201eNatura g\u0103se\u0219te mereu o cale\u201d, Ramona \u0218lug\t\t\t\t\t<\/a>\n\t\t\t\t<\/h4>\n\t\t\t\n\t\t\t\t\t\t\t\t\t\t<div class=\"fusion-rollover-categories\"><a href=\"https:\/\/muzeulgolesti.ro\/ro\/category\/evenimente\/\" rel=\"tag\">Evenimente<\/a><\/div>\t\t\t\t\t\n\t\t\n\t\t\t\t\t\t<a class=\"fusion-link-wrapper\" href=\"https:\/\/muzeulgolesti.ro\/ro\/evenimente\/expozitie-natura-gaseste-mereu-o-cale-ramona-slug\/\" aria-label=\"Expozi\u021bie \u201eNatura g\u0103se\u0219te mereu o cale\u201d, Ramona \u0218lug\"><\/a>\n\t<\/div>\n<\/div>\n<\/div>\n<\/li>\n\t\t\t\n\t\t\t\n\t\t\t\t\t\t\t\t\t\t\t\t\t\t\t\t\t\t\t\t\t\t\t\t\t\t\t\t\t\t\t\t\t\t\t\t\t\t\t\t\t\t\t\t\t\t\t\t\t\t\t\t\t\t\t\t\t\t\t\t\t\t\t\t\t\t\t\t<\/ul>\n\t<\/div>\n\t<div class=\"fusion-post-content-wrapper\" style=\"padding:30px 25px 25px 25px;\"><div class=\"fusion-post-content post-content\"><h2 class=\"blog-shortcode-post-title entry-title\"><a href=\"https:\/\/muzeulgolesti.ro\/ro\/evenimente\/expozitie-natura-gaseste-mereu-o-cale-ramona-slug\/\">Expozi\u021bie \u201eNatura g\u0103se\u0219te mereu o cale\u201d, Ramona \u0218lug<\/a><\/h2><div class=\"fusion-post-content-container\"><p>Expozi\u021bia Natura g\u0103se\u015fte mereu o cale semnat\u0103 de artista Ramona \u015elug \u0219i curatoriat\u0103 de Nicoleta Popa Grigore se deschide luni, 16 februarie [...]<\/p><\/div><\/div><\/div><div class=\"fusion-clearfix\"><\/div><\/div>\n<\/article>\n<article id=\"blog-1-post-7678\" class=\"fusion-post-grid post-7678 post type-post status-publish format-standard has-post-thumbnail hentry category-stiri\">\n<div class=\"fusion-post-wrapper\" style=\"background-color:rgba(255,255,255,0);border:1px solid var(--awb-color2);border-bottom-width:3px;\">\n\n\t\t\t<div class=\"fusion-flexslider flexslider fusion-flexslider-loading fusion-post-slideshow\" style=\"border-color:var(--awb-color2);\">\n\t\t<ul class=\"slides\">\n\t\t\t\n\t\t\t\t\t\t\t\t\t\t\t\t\t\t<li><div  class=\"fusion-image-wrapper\" aria-haspopup=\"true\">\n\t\t\t\t<img decoding=\"async\" width=\"900\" height=\"508\" src=\"https:\/\/muzeulgolesti.ro\/wp-content\/uploads\/2026\/01\/coperta.png\" class=\"attachment-full size-full wp-post-image\" alt=\"\" srcset=\"https:\/\/muzeulgolesti.ro\/wp-content\/uploads\/2026\/01\/coperta-200x113.png 200w, https:\/\/muzeulgolesti.ro\/wp-content\/uploads\/2026\/01\/coperta-400x226.png 400w, https:\/\/muzeulgolesti.ro\/wp-content\/uploads\/2026\/01\/coperta-600x339.png 600w, https:\/\/muzeulgolesti.ro\/wp-content\/uploads\/2026\/01\/coperta-800x452.png 800w, https:\/\/muzeulgolesti.ro\/wp-content\/uploads\/2026\/01\/coperta.png 900w\" sizes=\"(min-width: 2200px) 100vw, (min-width: 712px) 784px, (min-width: 640px) 712px, \" \/><div class=\"fusion-rollover\">\n\t<div class=\"fusion-rollover-content\">\n\n\t\t\t\t\t\t\t\t\t\t\t\t\t\t<a class=\"fusion-rollover-link\" href=\"https:\/\/muzeulgolesti.ro\/ro\/stiri\/unirea-principatelor-romane-sarbatorita-la-golesti\/\">Unirea Principatelor Rom\u00e2ne s\u0103rb\u0103torit\u0103 la Gole\u0219ti<\/a>\n\t\t\t\n\t\t\t\t\t\t\t\t\t\t\t\t\t\t\n\t\t\t\t\t\t\t\t\n\t\t\t\t\t\t\t\t\t\t\t\t\t<div class=\"fusion-rollover-sep\"><\/div>\n\t\t\t\t\n\t\t\t\t\t\t\t\t\t\t\t\t\t\t\t\t\t\t<a class=\"fusion-rollover-gallery\" href=\"https:\/\/muzeulgolesti.ro\/wp-content\/uploads\/2026\/01\/coperta.png\" data-options=\"\" data-id=\"7678\" data-rel=\"iLightbox[gallery]\" data-title=\"coperta\" data-caption=\"\">\n\t\t\t\t\t\tGallery\t\t\t\t\t<\/a>\n\t\t\t\t\t\t\t\t\t\t\t\t\t\t\n\t\t\n\t\t\t\t\t\t\t\t\t\t\t\t<h4 class=\"fusion-rollover-title\">\n\t\t\t\t\t<a class=\"fusion-rollover-title-link\" href=\"https:\/\/muzeulgolesti.ro\/ro\/stiri\/unirea-principatelor-romane-sarbatorita-la-golesti\/\">\n\t\t\t\t\t\tUnirea Principatelor Rom\u00e2ne s\u0103rb\u0103torit\u0103 la Gole\u0219ti\t\t\t\t\t<\/a>\n\t\t\t\t<\/h4>\n\t\t\t\n\t\t\t\t\t\t\t\t\t\t<div class=\"fusion-rollover-categories\"><a href=\"https:\/\/muzeulgolesti.ro\/ro\/category\/stiri\/\" rel=\"tag\">Stiri<\/a><\/div>\t\t\t\t\t\n\t\t\n\t\t\t\t\t\t<a class=\"fusion-link-wrapper\" href=\"https:\/\/muzeulgolesti.ro\/ro\/stiri\/unirea-principatelor-romane-sarbatorita-la-golesti\/\" aria-label=\"Unirea Principatelor Rom\u00e2ne s\u0103rb\u0103torit\u0103 la Gole\u0219ti\"><\/a>\n\t<\/div>\n<\/div>\n<\/div>\n<\/li>\n\t\t\t\n\t\t\t\n\t\t\t\t\t\t\t\t\t\t\t\t\t\t\t\t\t\t\t\t\t\t\t\t\t\t\t\t\t\t\t\t\t\t\t\t\t\t\t\t\t\t\t\t\t\t\t\t\t\t\t\t\t\t\t\t\t\t\t\t\t\t\t\t\t\t\t\t<\/ul>\n\t<\/div>\n\t<div class=\"fusion-post-content-wrapper\" style=\"padding:30px 25px 25px 25px;\"><div class=\"fusion-post-content post-content\"><h2 class=\"blog-shortcode-post-title entry-title\"><a href=\"https:\/\/muzeulgolesti.ro\/ro\/stiri\/unirea-principatelor-romane-sarbatorita-la-golesti\/\">Unirea Principatelor Rom\u00e2ne s\u0103rb\u0103torit\u0103 la Gole\u0219ti<\/a><\/h2><div class=\"fusion-post-content-container\"><p>Muzeul Viticulturii \u0219i Pomiculturii Gole\u0219ti a marcat 167 de ani de la Unirea Principatelor Rom\u00e2ne printr-un simpozion dedicat unuia dintre cele mai [...]<\/p><\/div><\/div><\/div><div class=\"fusion-clearfix\"><\/div><\/div>\n<\/article>\n<article id=\"blog-1-post-7665\" class=\"fusion-post-grid post-7665 post type-post status-publish format-standard has-post-thumbnail hentry category-evenimente\">\n<div class=\"fusion-post-wrapper\" style=\"background-color:rgba(255,255,255,0);border:1px solid var(--awb-color2);border-bottom-width:3px;\">\n\n\t\t\t<div class=\"fusion-flexslider flexslider fusion-flexslider-loading fusion-post-slideshow\" style=\"border-color:var(--awb-color2);\">\n\t\t<ul class=\"slides\">\n\t\t\t\n\t\t\t\t\t\t\t\t\t\t\t\t\t\t<li><div  class=\"fusion-image-wrapper\" aria-haspopup=\"true\">\n\t\t\t\t<img decoding=\"async\" width=\"900\" height=\"508\" src=\"https:\/\/muzeulgolesti.ro\/wp-content\/uploads\/2026\/01\/COPERTA-1.png\" class=\"attachment-full size-full wp-post-image\" alt=\"\" srcset=\"https:\/\/muzeulgolesti.ro\/wp-content\/uploads\/2026\/01\/COPERTA-1-200x113.png 200w, https:\/\/muzeulgolesti.ro\/wp-content\/uploads\/2026\/01\/COPERTA-1-400x226.png 400w, https:\/\/muzeulgolesti.ro\/wp-content\/uploads\/2026\/01\/COPERTA-1-600x339.png 600w, https:\/\/muzeulgolesti.ro\/wp-content\/uploads\/2026\/01\/COPERTA-1-800x452.png 800w, https:\/\/muzeulgolesti.ro\/wp-content\/uploads\/2026\/01\/COPERTA-1.png 900w\" sizes=\"(min-width: 2200px) 100vw, (min-width: 712px) 784px, (min-width: 640px) 712px, \" \/><div class=\"fusion-rollover\">\n\t<div class=\"fusion-rollover-content\">\n\n\t\t\t\t\t\t\t\t\t\t\t\t\t\t<a class=\"fusion-rollover-link\" href=\"https:\/\/muzeulgolesti.ro\/ro\/evenimente\/trifonul-viilor-ritual-agrar-credinta-si-traditie-viticola-la-muzeul-golesti\/\">Trifonul Viilor \u2013 ritual agrar, credin\u021b\u0103 \u0219i tradi\u021bie viticol\u0103, la Muzeul Gole\u0219ti<\/a>\n\t\t\t\n\t\t\t\t\t\t\t\t\t\t\t\t\t\t\n\t\t\t\t\t\t\t\t\n\t\t\t\t\t\t\t\t\t\t\t\t\t<div class=\"fusion-rollover-sep\"><\/div>\n\t\t\t\t\n\t\t\t\t\t\t\t\t\t\t\t\t\t\t\t\t\t\t<a class=\"fusion-rollover-gallery\" href=\"https:\/\/muzeulgolesti.ro\/wp-content\/uploads\/2026\/01\/COPERTA-1.png\" data-options=\"\" data-id=\"7665\" data-rel=\"iLightbox[gallery]\" data-title=\"COPERTA\" data-caption=\"\">\n\t\t\t\t\t\tGallery\t\t\t\t\t<\/a>\n\t\t\t\t\t\t\t\t\t\t\t\t\t\t\n\t\t\n\t\t\t\t\t\t\t\t\t\t\t\t<h4 class=\"fusion-rollover-title\">\n\t\t\t\t\t<a class=\"fusion-rollover-title-link\" href=\"https:\/\/muzeulgolesti.ro\/ro\/evenimente\/trifonul-viilor-ritual-agrar-credinta-si-traditie-viticola-la-muzeul-golesti\/\">\n\t\t\t\t\t\tTrifonul Viilor \u2013 ritual agrar, credin\u021b\u0103 \u0219i tradi\u021bie viticol\u0103, la Muzeul Gole\u0219ti\t\t\t\t\t<\/a>\n\t\t\t\t<\/h4>\n\t\t\t\n\t\t\t\t\t\t\t\t\t\t<div class=\"fusion-rollover-categories\"><a href=\"https:\/\/muzeulgolesti.ro\/ro\/category\/evenimente\/\" rel=\"tag\">Evenimente<\/a><\/div>\t\t\t\t\t\n\t\t\n\t\t\t\t\t\t<a class=\"fusion-link-wrapper\" href=\"https:\/\/muzeulgolesti.ro\/ro\/evenimente\/trifonul-viilor-ritual-agrar-credinta-si-traditie-viticola-la-muzeul-golesti\/\" aria-label=\"Trifonul Viilor \u2013 ritual agrar, credin\u021b\u0103 \u0219i tradi\u021bie viticol\u0103, la Muzeul Gole\u0219ti\"><\/a>\n\t<\/div>\n<\/div>\n<\/div>\n<\/li>\n\t\t\t\n\t\t\t\n\t\t\t\t\t\t\t\t\t\t\t\t\t\t\t\t\t\t\t\t\t\t\t\t\t\t\t\t\t\t\t\t\t\t\t\t\t\t\t\t\t\t\t\t\t\t\t\t\t\t\t\t\t\t\t\t\t\t\t\t\t\t\t\t\t\t\t\t<\/ul>\n\t<\/div>\n\t<div class=\"fusion-post-content-wrapper\" style=\"padding:30px 25px 25px 25px;\"><div class=\"fusion-post-content post-content\"><h2 class=\"blog-shortcode-post-title entry-title\"><a href=\"https:\/\/muzeulgolesti.ro\/ro\/evenimente\/trifonul-viilor-ritual-agrar-credinta-si-traditie-viticola-la-muzeul-golesti\/\">Trifonul Viilor \u2013 ritual agrar, credin\u021b\u0103 \u0219i tradi\u021bie viticol\u0103, la Muzeul Gole\u0219ti<\/a><\/h2><div class=\"fusion-post-content-container\"><p>Duminic\u0103, 1 februarie 2026, Muzeul Viticulturii \u0219i Pomiculturii Gole\u0219ti invit\u0103 publicul la evenimentul \u201eTrifonul Viilor (Gurbanul sau Arezanul)\u201d, o manifestare cultural\u0103 \u0219i [...]<\/p><\/div><\/div><\/div><div class=\"fusion-clearfix\"><\/div><\/div>\n<\/article>\n<article id=\"blog-1-post-7658\" class=\"fusion-post-grid post-7658 post type-post status-publish format-standard has-post-thumbnail hentry category-evenimente\">\n<div class=\"fusion-post-wrapper\" style=\"background-color:rgba(255,255,255,0);border:1px solid var(--awb-color2);border-bottom-width:3px;\">\n\n\t\t\t<div class=\"fusion-flexslider flexslider fusion-flexslider-loading fusion-post-slideshow\" style=\"border-color:var(--awb-color2);\">\n\t\t<ul class=\"slides\">\n\t\t\t\n\t\t\t\t\t\t\t\t\t\t\t\t\t\t<li><div  class=\"fusion-image-wrapper\" aria-haspopup=\"true\">\n\t\t\t\t<img decoding=\"async\" width=\"900\" height=\"508\" src=\"https:\/\/muzeulgolesti.ro\/wp-content\/uploads\/2026\/01\/coperta.png\" class=\"attachment-full size-full wp-post-image\" alt=\"\" srcset=\"https:\/\/muzeulgolesti.ro\/wp-content\/uploads\/2026\/01\/coperta-200x113.png 200w, https:\/\/muzeulgolesti.ro\/wp-content\/uploads\/2026\/01\/coperta-400x226.png 400w, https:\/\/muzeulgolesti.ro\/wp-content\/uploads\/2026\/01\/coperta-600x339.png 600w, https:\/\/muzeulgolesti.ro\/wp-content\/uploads\/2026\/01\/coperta-800x452.png 800w, https:\/\/muzeulgolesti.ro\/wp-content\/uploads\/2026\/01\/coperta.png 900w\" sizes=\"(min-width: 2200px) 100vw, (min-width: 712px) 784px, (min-width: 640px) 712px, \" \/><div class=\"fusion-rollover\">\n\t<div class=\"fusion-rollover-content\">\n\n\t\t\t\t\t\t\t\t\t\t\t\t\t\t<a class=\"fusion-rollover-link\" href=\"https:\/\/muzeulgolesti.ro\/ro\/evenimente\/simpozion-dedicat-unirii-principatelor-romane-24-ianuarie-1859\/\">Simpozion dedicat Unirii Principatelor Rom\u00e2ne &#8211; 24 ianuarie 1859<\/a>\n\t\t\t\n\t\t\t\t\t\t\t\t\t\t\t\t\t\t\n\t\t\t\t\t\t\t\t\n\t\t\t\t\t\t\t\t\t\t\t\t\t<div class=\"fusion-rollover-sep\"><\/div>\n\t\t\t\t\n\t\t\t\t\t\t\t\t\t\t\t\t\t\t\t\t\t\t<a class=\"fusion-rollover-gallery\" href=\"https:\/\/muzeulgolesti.ro\/wp-content\/uploads\/2026\/01\/coperta.png\" data-options=\"\" data-id=\"7658\" data-rel=\"iLightbox[gallery]\" data-title=\"coperta\" data-caption=\"\">\n\t\t\t\t\t\tGallery\t\t\t\t\t<\/a>\n\t\t\t\t\t\t\t\t\t\t\t\t\t\t\n\t\t\n\t\t\t\t\t\t\t\t\t\t\t\t<h4 class=\"fusion-rollover-title\">\n\t\t\t\t\t<a class=\"fusion-rollover-title-link\" href=\"https:\/\/muzeulgolesti.ro\/ro\/evenimente\/simpozion-dedicat-unirii-principatelor-romane-24-ianuarie-1859\/\">\n\t\t\t\t\t\tSimpozion dedicat Unirii Principatelor Rom\u00e2ne &#8211; 24 ianuarie 1859\t\t\t\t\t<\/a>\n\t\t\t\t<\/h4>\n\t\t\t\n\t\t\t\t\t\t\t\t\t\t<div class=\"fusion-rollover-categories\"><a href=\"https:\/\/muzeulgolesti.ro\/ro\/category\/evenimente\/\" rel=\"tag\">Evenimente<\/a><\/div>\t\t\t\t\t\n\t\t\n\t\t\t\t\t\t<a class=\"fusion-link-wrapper\" href=\"https:\/\/muzeulgolesti.ro\/ro\/evenimente\/simpozion-dedicat-unirii-principatelor-romane-24-ianuarie-1859\/\" aria-label=\"Simpozion dedicat Unirii Principatelor Rom\u00e2ne &#8211; 24 ianuarie 1859\"><\/a>\n\t<\/div>\n<\/div>\n<\/div>\n<\/li>\n\t\t\t\n\t\t\t\n\t\t\t\t\t\t\t\t\t\t\t\t\t\t\t\t\t\t\t\t\t\t\t\t\t\t\t\t\t\t\t\t\t\t\t\t\t\t\t\t\t\t\t\t\t\t\t\t\t\t\t\t\t\t\t\t\t\t\t\t\t\t\t\t\t\t\t\t<\/ul>\n\t<\/div>\n\t<div class=\"fusion-post-content-wrapper\" style=\"padding:30px 25px 25px 25px;\"><div class=\"fusion-post-content post-content\"><h2 class=\"blog-shortcode-post-title entry-title\"><a href=\"https:\/\/muzeulgolesti.ro\/ro\/evenimente\/simpozion-dedicat-unirii-principatelor-romane-24-ianuarie-1859\/\">Simpozion dedicat Unirii Principatelor Rom\u00e2ne &#8211; 24 ianuarie 1859<\/a><\/h2><div class=\"fusion-post-content-container\"><p>Muzeul Gole\u0219ti invit\u0103 publicul vineri, 23 ianuarie 2026, \u00eencep\u00e2nd cu ora 12:30, la un simpozion aniversar dedicat \u00eemplinirii a 167 de ani [...]<\/p><\/div><\/div><\/div><div class=\"fusion-clearfix\"><\/div><\/div>\n<\/article>\n<article id=\"blog-1-post-7645\" class=\"fusion-post-grid post-7645 post type-post status-publish format-standard has-post-thumbnail hentry category-stiri\">\n<div class=\"fusion-post-wrapper\" style=\"background-color:rgba(255,255,255,0);border:1px solid var(--awb-color2);border-bottom-width:3px;\">\n\n\t\t\t<div class=\"fusion-flexslider flexslider fusion-flexslider-loading fusion-post-slideshow\" style=\"border-color:var(--awb-color2);\">\n\t\t<ul class=\"slides\">\n\t\t\t\n\t\t\t\t\t\t\t\t\t\t\t\t\t\t<li><div  class=\"fusion-image-wrapper\" aria-haspopup=\"true\">\n\t\t\t\t<img decoding=\"async\" width=\"900\" height=\"508\" src=\"https:\/\/muzeulgolesti.ro\/wp-content\/uploads\/2026\/01\/coperta-boboteaza.jpg\" class=\"attachment-full size-full wp-post-image\" alt=\"\" srcset=\"https:\/\/muzeulgolesti.ro\/wp-content\/uploads\/2026\/01\/coperta-boboteaza-200x113.jpg 200w, https:\/\/muzeulgolesti.ro\/wp-content\/uploads\/2026\/01\/coperta-boboteaza-400x226.jpg 400w, https:\/\/muzeulgolesti.ro\/wp-content\/uploads\/2026\/01\/coperta-boboteaza-600x339.jpg 600w, https:\/\/muzeulgolesti.ro\/wp-content\/uploads\/2026\/01\/coperta-boboteaza-800x452.jpg 800w, https:\/\/muzeulgolesti.ro\/wp-content\/uploads\/2026\/01\/coperta-boboteaza.jpg 900w\" sizes=\"(min-width: 2200px) 100vw, (min-width: 712px) 784px, (min-width: 640px) 712px, \" \/><div class=\"fusion-rollover\">\n\t<div class=\"fusion-rollover-content\">\n\n\t\t\t\t\t\t\t\t\t\t\t\t\t\t<a class=\"fusion-rollover-link\" href=\"https:\/\/muzeulgolesti.ro\/ro\/stiri\/program-muzeu-67-ianuarie-2026\/\">Program muzeu &#8211; 6&amp;7 ianuarie 2026<\/a>\n\t\t\t\n\t\t\t\t\t\t\t\t\t\t\t\t\t\t\n\t\t\t\t\t\t\t\t\n\t\t\t\t\t\t\t\t\t\t\t\t\t<div class=\"fusion-rollover-sep\"><\/div>\n\t\t\t\t\n\t\t\t\t\t\t\t\t\t\t\t\t\t\t\t\t\t\t<a class=\"fusion-rollover-gallery\" href=\"https:\/\/muzeulgolesti.ro\/wp-content\/uploads\/2026\/01\/coperta-boboteaza.jpg\" data-options=\"\" data-id=\"7645\" data-rel=\"iLightbox[gallery]\" data-title=\"coperta boboteaza\" data-caption=\"\">\n\t\t\t\t\t\tGallery\t\t\t\t\t<\/a>\n\t\t\t\t\t\t\t\t\t\t\t\t\t\t\n\t\t\n\t\t\t\t\t\t\t\t\t\t\t\t<h4 class=\"fusion-rollover-title\">\n\t\t\t\t\t<a class=\"fusion-rollover-title-link\" href=\"https:\/\/muzeulgolesti.ro\/ro\/stiri\/program-muzeu-67-ianuarie-2026\/\">\n\t\t\t\t\t\tProgram muzeu &#8211; 6&#038;7 ianuarie 2026\t\t\t\t\t<\/a>\n\t\t\t\t<\/h4>\n\t\t\t\n\t\t\t\t\t\t\t\t\t\t<div class=\"fusion-rollover-categories\"><a href=\"https:\/\/muzeulgolesti.ro\/ro\/category\/stiri\/\" rel=\"tag\">Stiri<\/a><\/div>\t\t\t\t\t\n\t\t\n\t\t\t\t\t\t<a class=\"fusion-link-wrapper\" href=\"https:\/\/muzeulgolesti.ro\/ro\/stiri\/program-muzeu-67-ianuarie-2026\/\" aria-label=\"Program muzeu &#8211; 6&amp;7 ianuarie 2026\"><\/a>\n\t<\/div>\n<\/div>\n<\/div>\n<\/li>\n\t\t\t\n\t\t\t\n\t\t\t\t\t\t\t\t\t\t\t\t\t\t\t\t\t\t\t\t\t\t\t\t\t\t\t\t\t\t\t\t\t\t\t\t\t\t\t\t\t\t\t\t\t\t\t\t\t\t\t\t\t\t\t\t\t\t\t\t\t\t\t\t\t\t\t\t<\/ul>\n\t<\/div>\n\t<div class=\"fusion-post-content-wrapper\" style=\"padding:30px 25px 25px 25px;\"><div class=\"fusion-post-content post-content\"><h2 class=\"blog-shortcode-post-title entry-title\"><a href=\"https:\/\/muzeulgolesti.ro\/ro\/stiri\/program-muzeu-67-ianuarie-2026\/\">Program muzeu &#8211; 6&#038;7 ianuarie 2026<\/a><\/h2><div class=\"fusion-post-content-container\"><p>Stima\u021bi vizitatori, \u00cen zilele de 6&amp;7 ianuarie 2026, Muzeul Gole\u0219ti va fi \u00ceNCHIS. V\u0103 a\u0219tept\u0103m \u00eencep\u00e2nd cu 8 ianuarie 2026, conform programului [...]<\/p><\/div><\/div><\/div><div class=\"fusion-clearfix\"><\/div><\/div>\n<\/article>\n<article id=\"blog-1-post-7637\" class=\"fusion-post-grid post-7637 post type-post status-publish format-standard has-post-thumbnail hentry category-stiri\">\n<div class=\"fusion-post-wrapper\" style=\"background-color:rgba(255,255,255,0);border:1px solid var(--awb-color2);border-bottom-width:3px;\">\n\n\t\t\t<div class=\"fusion-flexslider flexslider fusion-flexslider-loading fusion-post-slideshow\" style=\"border-color:var(--awb-color2);\">\n\t\t<ul class=\"slides\">\n\t\t\t\n\t\t\t\t\t\t\t\t\t\t\t\t\t\t<li><div  class=\"fusion-image-wrapper\" aria-haspopup=\"true\">\n\t\t\t\t<img decoding=\"async\" width=\"900\" height=\"508\" src=\"https:\/\/muzeulgolesti.ro\/wp-content\/uploads\/2024\/12\/coperta-craciun-2024.png\" class=\"attachment-full size-full wp-post-image\" alt=\"\" srcset=\"https:\/\/muzeulgolesti.ro\/wp-content\/uploads\/2024\/12\/coperta-craciun-2024-200x113.png 200w, https:\/\/muzeulgolesti.ro\/wp-content\/uploads\/2024\/12\/coperta-craciun-2024-400x226.png 400w, https:\/\/muzeulgolesti.ro\/wp-content\/uploads\/2024\/12\/coperta-craciun-2024-600x339.png 600w, https:\/\/muzeulgolesti.ro\/wp-content\/uploads\/2024\/12\/coperta-craciun-2024-800x452.png 800w, https:\/\/muzeulgolesti.ro\/wp-content\/uploads\/2024\/12\/coperta-craciun-2024.png 900w\" sizes=\"(min-width: 2200px) 100vw, (min-width: 712px) 784px, (min-width: 640px) 712px, \" \/><div class=\"fusion-rollover\">\n\t<div class=\"fusion-rollover-content\">\n\n\t\t\t\t\t\t\t\t\t\t\t\t\t\t<a class=\"fusion-rollover-link\" href=\"https:\/\/muzeulgolesti.ro\/ro\/stiri\/programul-muzeului-golesti-2025-2026\/\">Programul Muzeului Gole\u0219ti 2025\/2026<\/a>\n\t\t\t\n\t\t\t\t\t\t\t\t\t\t\t\t\t\t\n\t\t\t\t\t\t\t\t\n\t\t\t\t\t\t\t\t\t\t\t\t\t<div class=\"fusion-rollover-sep\"><\/div>\n\t\t\t\t\n\t\t\t\t\t\t\t\t\t\t\t\t\t\t\t\t\t\t<a class=\"fusion-rollover-gallery\" href=\"https:\/\/muzeulgolesti.ro\/wp-content\/uploads\/2024\/12\/coperta-craciun-2024.png\" data-options=\"\" data-id=\"7637\" data-rel=\"iLightbox[gallery]\" data-title=\"coperta craciun 2024\" data-caption=\"\">\n\t\t\t\t\t\tGallery\t\t\t\t\t<\/a>\n\t\t\t\t\t\t\t\t\t\t\t\t\t\t\n\t\t\n\t\t\t\t\t\t\t\t\t\t\t\t<h4 class=\"fusion-rollover-title\">\n\t\t\t\t\t<a class=\"fusion-rollover-title-link\" href=\"https:\/\/muzeulgolesti.ro\/ro\/stiri\/programul-muzeului-golesti-2025-2026\/\">\n\t\t\t\t\t\tProgramul Muzeului Gole\u0219ti 2025\/2026\t\t\t\t\t<\/a>\n\t\t\t\t<\/h4>\n\t\t\t\n\t\t\t\t\t\t\t\t\t\t<div class=\"fusion-rollover-categories\"><a href=\"https:\/\/muzeulgolesti.ro\/ro\/category\/stiri\/\" rel=\"tag\">Stiri<\/a><\/div>\t\t\t\t\t\n\t\t\n\t\t\t\t\t\t<a class=\"fusion-link-wrapper\" href=\"https:\/\/muzeulgolesti.ro\/ro\/stiri\/programul-muzeului-golesti-2025-2026\/\" aria-label=\"Programul Muzeului Gole\u0219ti 2025\/2026\"><\/a>\n\t<\/div>\n<\/div>\n<\/div>\n<\/li>\n\t\t\t\n\t\t\t\n\t\t\t\t\t\t\t\t\t\t\t\t\t\t\t\t\t\t\t\t\t\t\t\t\t\t\t\t\t\t\t\t\t\t\t\t\t\t\t\t\t\t\t\t\t\t\t\t\t\t\t\t\t\t\t\t\t\t\t\t\t\t\t\t\t\t\t\t<\/ul>\n\t<\/div>\n\t<div class=\"fusion-post-content-wrapper\" style=\"padding:30px 25px 25px 25px;\"><div class=\"fusion-post-content post-content\"><h2 class=\"blog-shortcode-post-title entry-title\"><a href=\"https:\/\/muzeulgolesti.ro\/ro\/stiri\/programul-muzeului-golesti-2025-2026\/\">Programul Muzeului Gole\u0219ti 2025\/2026<\/a><\/h2><div class=\"fusion-post-content-container\"><p>Dragi prieteni, \u00cen perioda 25 decembrie 2025 - 2 ianuarie 2026, Muzeul Gole\u0219ti va avea urm\u0103torul program: 25 \u0219i 26 decembrie 2025 [...]<\/p><\/div><\/div><\/div><div class=\"fusion-clearfix\"><\/div><\/div>\n<\/article>\n<article id=\"blog-1-post-7569\" class=\"fusion-post-grid post-7569 post type-post status-publish format-standard has-post-thumbnail hentry category-stiri\">\n<div class=\"fusion-post-wrapper\" style=\"background-color:rgba(255,255,255,0);border:1px solid var(--awb-color2);border-bottom-width:3px;\">\n\n\t\t\t<div class=\"fusion-flexslider flexslider fusion-flexslider-loading fusion-post-slideshow\" style=\"border-color:var(--awb-color2);\">\n\t\t<ul class=\"slides\">\n\t\t\t\n\t\t\t\t\t\t\t\t\t\t\t\t\t\t<li><div  class=\"fusion-image-wrapper\" aria-haspopup=\"true\">\n\t\t\t\t<img decoding=\"async\" width=\"900\" height=\"508\" src=\"https:\/\/muzeulgolesti.ro\/wp-content\/uploads\/2025\/11\/coperta-1.jpg\" class=\"attachment-full size-full wp-post-image\" alt=\"\" srcset=\"https:\/\/muzeulgolesti.ro\/wp-content\/uploads\/2025\/11\/coperta-1-200x113.jpg 200w, https:\/\/muzeulgolesti.ro\/wp-content\/uploads\/2025\/11\/coperta-1-400x226.jpg 400w, https:\/\/muzeulgolesti.ro\/wp-content\/uploads\/2025\/11\/coperta-1-600x339.jpg 600w, https:\/\/muzeulgolesti.ro\/wp-content\/uploads\/2025\/11\/coperta-1-800x452.jpg 800w, https:\/\/muzeulgolesti.ro\/wp-content\/uploads\/2025\/11\/coperta-1.jpg 900w\" sizes=\"(min-width: 2200px) 100vw, (min-width: 712px) 784px, (min-width: 640px) 712px, \" \/><div class=\"fusion-rollover\">\n\t<div class=\"fusion-rollover-content\">\n\n\t\t\t\t\t\t\t\t\t\t\t\t\t\t<a class=\"fusion-rollover-link\" href=\"https:\/\/muzeulgolesti.ro\/ro\/stiri\/diplomele-laureatilor-concursului-international-de-pictura-si-catalogul-celei-de-a-xv-a-editii\/\">Diplomele laurea\u021bilor Concursului Interna\u021bional de Pictur\u0103 \u0219i Catalogul celei de-a XV-a edi\u021bii<\/a>\n\t\t\t\n\t\t\t\t\t\t\t\t\t\t\t\t\t\t\n\t\t\t\t\t\t\t\t\n\t\t\t\t\t\t\t\t\t\t\t\t\t<div class=\"fusion-rollover-sep\"><\/div>\n\t\t\t\t\n\t\t\t\t\t\t\t\t\t\t\t\t\t\t\t\t\t\t<a class=\"fusion-rollover-gallery\" href=\"https:\/\/muzeulgolesti.ro\/wp-content\/uploads\/2025\/11\/coperta-1.jpg\" data-options=\"\" data-id=\"7569\" data-rel=\"iLightbox[gallery]\" data-title=\"coperta\" data-caption=\"\">\n\t\t\t\t\t\tGallery\t\t\t\t\t<\/a>\n\t\t\t\t\t\t\t\t\t\t\t\t\t\t\n\t\t\n\t\t\t\t\t\t\t\t\t\t\t\t<h4 class=\"fusion-rollover-title\">\n\t\t\t\t\t<a class=\"fusion-rollover-title-link\" href=\"https:\/\/muzeulgolesti.ro\/ro\/stiri\/diplomele-laureatilor-concursului-international-de-pictura-si-catalogul-celei-de-a-xv-a-editii\/\">\n\t\t\t\t\t\tDiplomele laurea\u021bilor Concursului Interna\u021bional de Pictur\u0103 \u0219i Catalogul celei de-a XV-a edi\u021bii\t\t\t\t\t<\/a>\n\t\t\t\t<\/h4>\n\t\t\t\n\t\t\t\t\t\t\t\t\t\t<div class=\"fusion-rollover-categories\"><a href=\"https:\/\/muzeulgolesti.ro\/ro\/category\/stiri\/\" rel=\"tag\">Stiri<\/a><\/div>\t\t\t\t\t\n\t\t\n\t\t\t\t\t\t<a class=\"fusion-link-wrapper\" href=\"https:\/\/muzeulgolesti.ro\/ro\/stiri\/diplomele-laureatilor-concursului-international-de-pictura-si-catalogul-celei-de-a-xv-a-editii\/\" aria-label=\"Diplomele laurea\u021bilor Concursului Interna\u021bional de Pictur\u0103 \u0219i Catalogul celei de-a XV-a edi\u021bii\"><\/a>\n\t<\/div>\n<\/div>\n<\/div>\n<\/li>\n\t\t\t\n\t\t\t\n\t\t\t\t\t\t\t\t\t\t\t\t\t\t\t\t\t\t\t\t\t\t\t\t\t\t\t\t\t\t\t\t\t\t\t\t\t\t\t\t\t\t\t\t\t\t\t\t\t\t\t\t\t\t\t\t\t\t\t\t\t\t\t\t\t\t\t\t<\/ul>\n\t<\/div>\n\t<div class=\"fusion-post-content-wrapper\" style=\"padding:30px 25px 25px 25px;\"><div class=\"fusion-post-content post-content\"><h2 class=\"blog-shortcode-post-title entry-title\"><a href=\"https:\/\/muzeulgolesti.ro\/ro\/stiri\/diplomele-laureatilor-concursului-international-de-pictura-si-catalogul-celei-de-a-xv-a-editii\/\">Diplomele laurea\u021bilor Concursului Interna\u021bional de Pictur\u0103 \u0219i Catalogul celei de-a XV-a edi\u021bii<\/a><\/h2><div class=\"fusion-post-content-container\"><p>DIPLOMELE LAUREA\u021aILOR CELEI DE-A XV-A EDI\u021aII A CONCURSULUI INTERNA\u021aIONAL DE PICTUR\u0102 \u201ePOVE\u0218TILE DIN JURUL NOSTRU - DESPRE OAMNEI ANIMALE \u0218I PLANTE\u201d. DIPLOMAS [...]<\/p><\/div><\/div><\/div><div class=\"fusion-clearfix\"><\/div><\/div>\n<\/article>\n<article id=\"blog-1-post-7559\" class=\"fusion-post-grid post-7559 post type-post status-publish format-standard has-post-thumbnail hentry category-evenimente\">\n<div class=\"fusion-post-wrapper\" style=\"background-color:rgba(255,255,255,0);border:1px solid var(--awb-color2);border-bottom-width:3px;\">\n\n\t\t\t<div class=\"fusion-flexslider flexslider fusion-flexslider-loading fusion-post-slideshow\" style=\"border-color:var(--awb-color2);\">\n\t\t<ul class=\"slides\">\n\t\t\t\n\t\t\t\t\t\t\t\t\t\t\t\t\t\t<li><div  class=\"fusion-image-wrapper\" aria-haspopup=\"true\">\n\t\t\t\t<img decoding=\"async\" width=\"900\" height=\"508\" src=\"https:\/\/muzeulgolesti.ro\/wp-content\/uploads\/2025\/12\/coperta.jpg\" class=\"attachment-full size-full wp-post-image\" alt=\"\" srcset=\"https:\/\/muzeulgolesti.ro\/wp-content\/uploads\/2025\/12\/coperta-200x113.jpg 200w, https:\/\/muzeulgolesti.ro\/wp-content\/uploads\/2025\/12\/coperta-400x226.jpg 400w, https:\/\/muzeulgolesti.ro\/wp-content\/uploads\/2025\/12\/coperta-600x339.jpg 600w, https:\/\/muzeulgolesti.ro\/wp-content\/uploads\/2025\/12\/coperta-800x452.jpg 800w, https:\/\/muzeulgolesti.ro\/wp-content\/uploads\/2025\/12\/coperta.jpg 900w\" sizes=\"(min-width: 2200px) 100vw, (min-width: 712px) 784px, (min-width: 640px) 712px, \" \/><div class=\"fusion-rollover\">\n\t<div class=\"fusion-rollover-content\">\n\n\t\t\t\t\t\t\t\t\t\t\t\t\t\t<a class=\"fusion-rollover-link\" href=\"https:\/\/muzeulgolesti.ro\/ro\/evenimente\/expozitie-veste-minunata-miniaturi-medievale-de-manuscris\/\">Expozi\u021bie: \u201eVeste minunat\u0103. Miniaturi medievale de manuscris\u201d<\/a>\n\t\t\t\n\t\t\t\t\t\t\t\t\t\t\t\t\t\t\n\t\t\t\t\t\t\t\t\n\t\t\t\t\t\t\t\t\t\t\t\t\t<div class=\"fusion-rollover-sep\"><\/div>\n\t\t\t\t\n\t\t\t\t\t\t\t\t\t\t\t\t\t\t\t\t\t\t<a class=\"fusion-rollover-gallery\" href=\"https:\/\/muzeulgolesti.ro\/wp-content\/uploads\/2025\/12\/coperta.jpg\" data-options=\"\" data-id=\"7559\" data-rel=\"iLightbox[gallery]\" data-title=\"coperta\" data-caption=\"\">\n\t\t\t\t\t\tGallery\t\t\t\t\t<\/a>\n\t\t\t\t\t\t\t\t\t\t\t\t\t\t\n\t\t\n\t\t\t\t\t\t\t\t\t\t\t\t<h4 class=\"fusion-rollover-title\">\n\t\t\t\t\t<a class=\"fusion-rollover-title-link\" href=\"https:\/\/muzeulgolesti.ro\/ro\/evenimente\/expozitie-veste-minunata-miniaturi-medievale-de-manuscris\/\">\n\t\t\t\t\t\tExpozi\u021bie: \u201eVeste minunat\u0103. Miniaturi medievale de manuscris\u201d\t\t\t\t\t<\/a>\n\t\t\t\t<\/h4>\n\t\t\t\n\t\t\t\t\t\t\t\t\t\t<div class=\"fusion-rollover-categories\"><a href=\"https:\/\/muzeulgolesti.ro\/ro\/category\/evenimente\/\" rel=\"tag\">Evenimente<\/a><\/div>\t\t\t\t\t\n\t\t\n\t\t\t\t\t\t<a class=\"fusion-link-wrapper\" href=\"https:\/\/muzeulgolesti.ro\/ro\/evenimente\/expozitie-veste-minunata-miniaturi-medievale-de-manuscris\/\" aria-label=\"Expozi\u021bie: \u201eVeste minunat\u0103. Miniaturi medievale de manuscris\u201d\"><\/a>\n\t<\/div>\n<\/div>\n<\/div>\n<\/li>\n\t\t\t\n\t\t\t\n\t\t\t\t\t\t\t\t\t\t\t\t\t\t\t\t\t\t\t\t\t\t\t\t\t\t\t\t\t\t\t\t\t\t\t\t\t\t\t\t\t\t\t\t\t\t\t\t\t\t\t\t\t\t\t\t\t\t\t\t\t\t\t\t\t\t\t\t<\/ul>\n\t<\/div>\n\t<div class=\"fusion-post-content-wrapper\" style=\"padding:30px 25px 25px 25px;\"><div class=\"fusion-post-content post-content\"><h2 class=\"blog-shortcode-post-title entry-title\"><a href=\"https:\/\/muzeulgolesti.ro\/ro\/evenimente\/expozitie-veste-minunata-miniaturi-medievale-de-manuscris\/\">Expozi\u021bie: \u201eVeste minunat\u0103. Miniaturi medievale de manuscris\u201d<\/a><\/h2><div class=\"fusion-post-content-container\"><p>\u00cen a\u0219teptarea \u201eCr\u0103ciunului la Conac\u201d, Universitatea Politehnic\u0103 Bucure\u0219ti-Centrul Universitar Pite\u0219ti \u0219i Muzeul Gole\u0219ti v\u0103 invit\u0103 vineri, 19 decembrie 2025, ora 12.00, la [...]<\/p><\/div><\/div><\/div><div class=\"fusion-clearfix\"><\/div><\/div>\n<\/article>\n<article id=\"blog-1-post-7537\" class=\"fusion-post-grid post-7537 post type-post status-publish format-standard has-post-thumbnail hentry category-stiri\">\n<div class=\"fusion-post-wrapper\" style=\"background-color:rgba(255,255,255,0);border:1px solid var(--awb-color2);border-bottom-width:3px;\">\n\n\t\t\t<div class=\"fusion-flexslider flexslider fusion-flexslider-loading fusion-post-slideshow\" style=\"border-color:var(--awb-color2);\">\n\t\t<ul class=\"slides\">\n\t\t\t\n\t\t\t\t\t\t\t\t\t\t\t\t\t\t<li><div  class=\"fusion-image-wrapper\" aria-haspopup=\"true\">\n\t\t\t\t<img decoding=\"async\" width=\"900\" height=\"508\" src=\"https:\/\/muzeulgolesti.ro\/wp-content\/uploads\/2025\/12\/coperta.png\" class=\"attachment-full size-full wp-post-image\" alt=\"\" srcset=\"https:\/\/muzeulgolesti.ro\/wp-content\/uploads\/2025\/12\/coperta-200x113.png 200w, https:\/\/muzeulgolesti.ro\/wp-content\/uploads\/2025\/12\/coperta-400x226.png 400w, https:\/\/muzeulgolesti.ro\/wp-content\/uploads\/2025\/12\/coperta-600x339.png 600w, https:\/\/muzeulgolesti.ro\/wp-content\/uploads\/2025\/12\/coperta-800x452.png 800w, https:\/\/muzeulgolesti.ro\/wp-content\/uploads\/2025\/12\/coperta.png 900w\" sizes=\"(min-width: 2200px) 100vw, (min-width: 712px) 784px, (min-width: 640px) 712px, \" \/><div class=\"fusion-rollover\">\n\t<div class=\"fusion-rollover-content\">\n\n\t\t\t\t\t\t\t\t\t\t\t\t\t\t<a class=\"fusion-rollover-link\" href=\"https:\/\/muzeulgolesti.ro\/ro\/stiri\/craciun-la-conac\/\">Cr\u0103ciun la conac<\/a>\n\t\t\t\n\t\t\t\t\t\t\t\t\t\t\t\t\t\t\n\t\t\t\t\t\t\t\t\n\t\t\t\t\t\t\t\t\t\t\t\t\t<div class=\"fusion-rollover-sep\"><\/div>\n\t\t\t\t\n\t\t\t\t\t\t\t\t\t\t\t\t\t\t\t\t\t\t<a class=\"fusion-rollover-gallery\" href=\"https:\/\/muzeulgolesti.ro\/wp-content\/uploads\/2025\/12\/coperta.png\" data-options=\"\" data-id=\"7537\" data-rel=\"iLightbox[gallery]\" data-title=\"coperta\" data-caption=\"\">\n\t\t\t\t\t\tGallery\t\t\t\t\t<\/a>\n\t\t\t\t\t\t\t\t\t\t\t\t\t\t\n\t\t\n\t\t\t\t\t\t\t\t\t\t\t\t<h4 class=\"fusion-rollover-title\">\n\t\t\t\t\t<a class=\"fusion-rollover-title-link\" href=\"https:\/\/muzeulgolesti.ro\/ro\/stiri\/craciun-la-conac\/\">\n\t\t\t\t\t\tCr\u0103ciun la conac\t\t\t\t\t<\/a>\n\t\t\t\t<\/h4>\n\t\t\t\n\t\t\t\t\t\t\t\t\t\t<div class=\"fusion-rollover-categories\"><a href=\"https:\/\/muzeulgolesti.ro\/ro\/category\/stiri\/\" rel=\"tag\">Stiri<\/a><\/div>\t\t\t\t\t\n\t\t\n\t\t\t\t\t\t<a class=\"fusion-link-wrapper\" href=\"https:\/\/muzeulgolesti.ro\/ro\/stiri\/craciun-la-conac\/\" aria-label=\"Cr\u0103ciun la conac\"><\/a>\n\t<\/div>\n<\/div>\n<\/div>\n<\/li>\n\t\t\t\n\t\t\t\n\t\t\t\t\t\t\t\t\t\t\t\t\t\t\t\t\t\t\t\t\t\t\t\t\t\t\t\t\t\t\t\t\t\t\t\t\t\t\t\t\t\t\t\t\t\t\t\t\t\t\t\t\t\t\t\t\t\t\t\t\t\t\t\t\t\t\t\t<\/ul>\n\t<\/div>\n\t<div class=\"fusion-post-content-wrapper\" style=\"padding:30px 25px 25px 25px;\"><div class=\"fusion-post-content post-content\"><h2 class=\"blog-shortcode-post-title entry-title\"><a href=\"https:\/\/muzeulgolesti.ro\/ro\/stiri\/craciun-la-conac\/\">Cr\u0103ciun la conac<\/a><\/h2><div class=\"fusion-post-content-container\"><p>\u00centre 19 \u0219i 23 decembrie 2025, curtea Conacului Gole\u0219tilor se transform\u0103 \u00eentr-un col\u021b fermecat, amenajat \u00a0de s\u0103rb\u0103toare! V\u0103 a\u0219tept\u0103m la un festival [...]<\/p><\/div><\/div><\/div><div class=\"fusion-clearfix\"><\/div><\/div>\n<\/article>\n<article id=\"blog-1-post-7526\" class=\"fusion-post-grid post-7526 post type-post status-publish format-standard has-post-thumbnail hentry category-stiri\">\n<div class=\"fusion-post-wrapper\" style=\"background-color:rgba(255,255,255,0);border:1px solid var(--awb-color2);border-bottom-width:3px;\">\n\n\t\t\t<div class=\"fusion-flexslider flexslider fusion-flexslider-loading fusion-post-slideshow\" style=\"border-color:var(--awb-color2);\">\n\t\t<ul class=\"slides\">\n\t\t\t\n\t\t\t\t\t\t\t\t\t\t\t\t\t\t<li><div  class=\"fusion-image-wrapper\" aria-haspopup=\"true\">\n\t\t\t\t<img decoding=\"async\" width=\"900\" height=\"508\" src=\"https:\/\/muzeulgolesti.ro\/wp-content\/uploads\/2025\/11\/coperta-3.png\" class=\"attachment-full size-full wp-post-image\" alt=\"\" srcset=\"https:\/\/muzeulgolesti.ro\/wp-content\/uploads\/2025\/11\/coperta-3-200x113.png 200w, https:\/\/muzeulgolesti.ro\/wp-content\/uploads\/2025\/11\/coperta-3-400x226.png 400w, https:\/\/muzeulgolesti.ro\/wp-content\/uploads\/2025\/11\/coperta-3-600x339.png 600w, https:\/\/muzeulgolesti.ro\/wp-content\/uploads\/2025\/11\/coperta-3-800x452.png 800w, https:\/\/muzeulgolesti.ro\/wp-content\/uploads\/2025\/11\/coperta-3.png 900w\" sizes=\"(min-width: 2200px) 100vw, (min-width: 712px) 784px, (min-width: 640px) 712px, \" \/><div class=\"fusion-rollover\">\n\t<div class=\"fusion-rollover-content\">\n\n\t\t\t\t\t\t\t\t\t\t\t\t\t\t<a class=\"fusion-rollover-link\" href=\"https:\/\/muzeulgolesti.ro\/ro\/stiri\/program-muzeul-golesti-1-decembrie-2025\/\">Program Muzeul Gole\u0219ti &#8211; 1 DECEMBRIE 2025<\/a>\n\t\t\t\n\t\t\t\t\t\t\t\t\t\t\t\t\t\t\n\t\t\t\t\t\t\t\t\n\t\t\t\t\t\t\t\t\t\t\t\t\t<div class=\"fusion-rollover-sep\"><\/div>\n\t\t\t\t\n\t\t\t\t\t\t\t\t\t\t\t\t\t\t\t\t\t\t<a class=\"fusion-rollover-gallery\" href=\"https:\/\/muzeulgolesti.ro\/wp-content\/uploads\/2025\/11\/coperta-3.png\" data-options=\"\" data-id=\"7526\" data-rel=\"iLightbox[gallery]\" data-title=\"\" data-caption=\"\">\n\t\t\t\t\t\tGallery\t\t\t\t\t<\/a>\n\t\t\t\t\t\t\t\t\t\t\t\t\t\t\n\t\t\n\t\t\t\t\t\t\t\t\t\t\t\t<h4 class=\"fusion-rollover-title\">\n\t\t\t\t\t<a class=\"fusion-rollover-title-link\" href=\"https:\/\/muzeulgolesti.ro\/ro\/stiri\/program-muzeul-golesti-1-decembrie-2025\/\">\n\t\t\t\t\t\tProgram Muzeul Gole\u0219ti &#8211; 1 DECEMBRIE 2025\t\t\t\t\t<\/a>\n\t\t\t\t<\/h4>\n\t\t\t\n\t\t\t\t\t\t\t\t\t\t<div class=\"fusion-rollover-categories\"><a href=\"https:\/\/muzeulgolesti.ro\/ro\/category\/stiri\/\" rel=\"tag\">Stiri<\/a><\/div>\t\t\t\t\t\n\t\t\n\t\t\t\t\t\t<a class=\"fusion-link-wrapper\" href=\"https:\/\/muzeulgolesti.ro\/ro\/stiri\/program-muzeul-golesti-1-decembrie-2025\/\" aria-label=\"Program Muzeul Gole\u0219ti &#8211; 1 DECEMBRIE 2025\"><\/a>\n\t<\/div>\n<\/div>\n<\/div>\n<\/li>\n\t\t\t\n\t\t\t\n\t\t\t\t\t\t\t\t\t\t\t\t\t\t\t\t\t\t\t\t\t\t\t\t\t\t\t\t\t\t\t\t\t\t\t\t\t\t\t\t\t\t\t\t\t\t\t\t\t\t\t\t\t\t\t\t\t\t\t\t\t\t\t\t\t\t\t\t<\/ul>\n\t<\/div>\n\t<div class=\"fusion-post-content-wrapper\" style=\"padding:30px 25px 25px 25px;\"><div class=\"fusion-post-content post-content\"><h2 class=\"blog-shortcode-post-title entry-title\"><a href=\"https:\/\/muzeulgolesti.ro\/ro\/stiri\/program-muzeul-golesti-1-decembrie-2025\/\">Program Muzeul Gole\u0219ti &#8211; 1 DECEMBRIE 2025<\/a><\/h2><div class=\"fusion-post-content-container\"><p>La mul\u021bi ani, Rom\u00e2nia! De 1 Decembrie, ziua noastr\u0103 na\u021bional\u0103, celebr\u0103m unitatea, curajul \u0219i demnitatea poporului rom\u00e2n. Cu acest prilej, aducem un [...]<\/p><\/div><\/div><\/div><div class=\"fusion-clearfix\"><\/div><\/div>\n<\/article>\n<article id=\"blog-1-post-7511\" class=\"fusion-post-grid post-7511 post type-post status-publish format-standard has-post-thumbnail hentry category-stiri\">\n<div class=\"fusion-post-wrapper\" style=\"background-color:rgba(255,255,255,0);border:1px solid var(--awb-color2);border-bottom-width:3px;\">\n\n\t\t\t<div class=\"fusion-flexslider flexslider fusion-flexslider-loading fusion-post-slideshow\" style=\"border-color:var(--awb-color2);\">\n\t\t<ul class=\"slides\">\n\t\t\t\n\t\t\t\t\t\t\t\t\t\t\t\t\t\t<li><div  class=\"fusion-image-wrapper\" aria-haspopup=\"true\">\n\t\t\t\t<img decoding=\"async\" width=\"900\" height=\"508\" src=\"https:\/\/muzeulgolesti.ro\/wp-content\/uploads\/2025\/11\/coperta-1.jpg\" class=\"attachment-full size-full wp-post-image\" alt=\"\" srcset=\"https:\/\/muzeulgolesti.ro\/wp-content\/uploads\/2025\/11\/coperta-1-200x113.jpg 200w, https:\/\/muzeulgolesti.ro\/wp-content\/uploads\/2025\/11\/coperta-1-400x226.jpg 400w, https:\/\/muzeulgolesti.ro\/wp-content\/uploads\/2025\/11\/coperta-1-600x339.jpg 600w, https:\/\/muzeulgolesti.ro\/wp-content\/uploads\/2025\/11\/coperta-1-800x452.jpg 800w, https:\/\/muzeulgolesti.ro\/wp-content\/uploads\/2025\/11\/coperta-1.jpg 900w\" sizes=\"(min-width: 2200px) 100vw, (min-width: 712px) 784px, (min-width: 640px) 712px, \" \/><div class=\"fusion-rollover\">\n\t<div class=\"fusion-rollover-content\">\n\n\t\t\t\t\t\t\t\t\t\t\t\t\t\t<a class=\"fusion-rollover-link\" href=\"https:\/\/muzeulgolesti.ro\/ro\/stiri\/premiile-concursului-international-de-pictura-al-muzeului-golesti\/\">Premiile Concursului international de pictur\u0103 al Muzeului Gole\u0219ti 2025<\/a>\n\t\t\t\n\t\t\t\t\t\t\t\t\t\t\t\t\t\t\n\t\t\t\t\t\t\t\t\n\t\t\t\t\t\t\t\t\t\t\t\t\t<div class=\"fusion-rollover-sep\"><\/div>\n\t\t\t\t\n\t\t\t\t\t\t\t\t\t\t\t\t\t\t\t\t\t\t<a class=\"fusion-rollover-gallery\" href=\"https:\/\/muzeulgolesti.ro\/wp-content\/uploads\/2025\/11\/coperta-1.jpg\" data-options=\"\" data-id=\"7511\" data-rel=\"iLightbox[gallery]\" data-title=\"coperta\" data-caption=\"\">\n\t\t\t\t\t\tGallery\t\t\t\t\t<\/a>\n\t\t\t\t\t\t\t\t\t\t\t\t\t\t\n\t\t\n\t\t\t\t\t\t\t\t\t\t\t\t<h4 class=\"fusion-rollover-title\">\n\t\t\t\t\t<a class=\"fusion-rollover-title-link\" href=\"https:\/\/muzeulgolesti.ro\/ro\/stiri\/premiile-concursului-international-de-pictura-al-muzeului-golesti\/\">\n\t\t\t\t\t\tPremiile Concursului international de pictur\u0103 al Muzeului Gole\u0219ti 2025\t\t\t\t\t<\/a>\n\t\t\t\t<\/h4>\n\t\t\t\n\t\t\t\t\t\t\t\t\t\t<div class=\"fusion-rollover-categories\"><a href=\"https:\/\/muzeulgolesti.ro\/ro\/category\/stiri\/\" rel=\"tag\">Stiri<\/a><\/div>\t\t\t\t\t\n\t\t\n\t\t\t\t\t\t<a class=\"fusion-link-wrapper\" href=\"https:\/\/muzeulgolesti.ro\/ro\/stiri\/premiile-concursului-international-de-pictura-al-muzeului-golesti\/\" aria-label=\"Premiile Concursului international de pictur\u0103 al Muzeului Gole\u0219ti 2025\"><\/a>\n\t<\/div>\n<\/div>\n<\/div>\n<\/li>\n\t\t\t\n\t\t\t\n\t\t\t\t\t\t\t\t\t\t\t\t\t\t\t\t\t\t\t\t\t\t\t\t\t\t\t\t\t\t\t\t\t\t\t\t\t\t\t\t\t\t\t\t\t\t\t\t\t\t\t\t\t\t\t\t\t\t\t\t\t\t\t\t\t\t\t\t<\/ul>\n\t<\/div>\n\t<div class=\"fusion-post-content-wrapper\" style=\"padding:30px 25px 25px 25px;\"><div class=\"fusion-post-content post-content\"><h2 class=\"blog-shortcode-post-title entry-title\"><a href=\"https:\/\/muzeulgolesti.ro\/ro\/stiri\/premiile-concursului-international-de-pictura-al-muzeului-golesti\/\">Premiile Concursului international de pictur\u0103 al Muzeului Gole\u0219ti 2025<\/a><\/h2><div class=\"fusion-post-content-container\"><p>Dragi copii, Muzeul Viticulturii \u0219i Pomiculturii Gole\u0219ti v\u0103 felicit\u0103 cu toat\u0103 bucuria pentru rezultatele extraordinare ob\u021binute \u00een cadrul Concursului Interna\u021bional de Pictur\u0103! [...]<\/p><\/div><\/div><\/div><div class=\"fusion-clearfix\"><\/div><\/div>\n<\/article>\n<article id=\"blog-1-post-7505\" class=\"fusion-post-grid post-7505 post type-post status-publish format-standard has-post-thumbnail hentry category-evenimente\">\n<div class=\"fusion-post-wrapper\" style=\"background-color:rgba(255,255,255,0);border:1px solid var(--awb-color2);border-bottom-width:3px;\">\n\n\t\t\t<div class=\"fusion-flexslider flexslider fusion-flexslider-loading fusion-post-slideshow\" style=\"border-color:var(--awb-color2);\">\n\t\t<ul class=\"slides\">\n\t\t\t\n\t\t\t\t\t\t\t\t\t\t\t\t\t\t<li><div  class=\"fusion-image-wrapper\" aria-haspopup=\"true\">\n\t\t\t\t<img decoding=\"async\" width=\"900\" height=\"508\" src=\"https:\/\/muzeulgolesti.ro\/wp-content\/uploads\/2025\/11\/coperta.jpg\" class=\"attachment-full size-full wp-post-image\" alt=\"\" srcset=\"https:\/\/muzeulgolesti.ro\/wp-content\/uploads\/2025\/11\/coperta-200x113.jpg 200w, https:\/\/muzeulgolesti.ro\/wp-content\/uploads\/2025\/11\/coperta-400x226.jpg 400w, https:\/\/muzeulgolesti.ro\/wp-content\/uploads\/2025\/11\/coperta-600x339.jpg 600w, https:\/\/muzeulgolesti.ro\/wp-content\/uploads\/2025\/11\/coperta-800x452.jpg 800w, https:\/\/muzeulgolesti.ro\/wp-content\/uploads\/2025\/11\/coperta.jpg 900w\" sizes=\"(min-width: 2200px) 100vw, (min-width: 712px) 784px, (min-width: 640px) 712px, \" \/><div class=\"fusion-rollover\">\n\t<div class=\"fusion-rollover-content\">\n\n\t\t\t\t\t\t\t\t\t\t\t\t\t\t<a class=\"fusion-rollover-link\" href=\"https:\/\/muzeulgolesti.ro\/ro\/evenimente\/expozitie-portul-popular-romanesc-maretie-si-rafinament\/\">Expozi\u021bie: \u201ePortul popular rom\u00e2nesc. M\u0103re\u021bie \u0219i rafinament\u201d<\/a>\n\t\t\t\n\t\t\t\t\t\t\t\t\t\t\t\t\t\t\n\t\t\t\t\t\t\t\t\n\t\t\t\t\t\t\t\t\t\t\t\t\t<div class=\"fusion-rollover-sep\"><\/div>\n\t\t\t\t\n\t\t\t\t\t\t\t\t\t\t\t\t\t\t\t\t\t\t<a class=\"fusion-rollover-gallery\" href=\"https:\/\/muzeulgolesti.ro\/wp-content\/uploads\/2025\/11\/coperta.jpg\" data-options=\"\" data-id=\"7505\" data-rel=\"iLightbox[gallery]\" data-title=\"coperta\" data-caption=\"\">\n\t\t\t\t\t\tGallery\t\t\t\t\t<\/a>\n\t\t\t\t\t\t\t\t\t\t\t\t\t\t\n\t\t\n\t\t\t\t\t\t\t\t\t\t\t\t<h4 class=\"fusion-rollover-title\">\n\t\t\t\t\t<a class=\"fusion-rollover-title-link\" href=\"https:\/\/muzeulgolesti.ro\/ro\/evenimente\/expozitie-portul-popular-romanesc-maretie-si-rafinament\/\">\n\t\t\t\t\t\tExpozi\u021bie: \u201ePortul popular rom\u00e2nesc. M\u0103re\u021bie \u0219i rafinament\u201d\t\t\t\t\t<\/a>\n\t\t\t\t<\/h4>\n\t\t\t\n\t\t\t\t\t\t\t\t\t\t<div class=\"fusion-rollover-categories\"><a href=\"https:\/\/muzeulgolesti.ro\/ro\/category\/evenimente\/\" rel=\"tag\">Evenimente<\/a><\/div>\t\t\t\t\t\n\t\t\n\t\t\t\t\t\t<a class=\"fusion-link-wrapper\" href=\"https:\/\/muzeulgolesti.ro\/ro\/evenimente\/expozitie-portul-popular-romanesc-maretie-si-rafinament\/\" aria-label=\"Expozi\u021bie: \u201ePortul popular rom\u00e2nesc. M\u0103re\u021bie \u0219i rafinament\u201d\"><\/a>\n\t<\/div>\n<\/div>\n<\/div>\n<\/li>\n\t\t\t\n\t\t\t\n\t\t\t\t\t\t\t\t\t\t\t\t\t\t\t\t\t\t\t\t\t\t\t\t\t\t\t\t\t\t\t\t\t\t\t\t\t\t\t\t\t\t\t\t\t\t\t\t\t\t\t\t\t\t\t\t\t\t\t\t\t\t\t\t\t\t\t\t<\/ul>\n\t<\/div>\n\t<div class=\"fusion-post-content-wrapper\" style=\"padding:30px 25px 25px 25px;\"><div class=\"fusion-post-content post-content\"><h2 class=\"blog-shortcode-post-title entry-title\"><a href=\"https:\/\/muzeulgolesti.ro\/ro\/evenimente\/expozitie-portul-popular-romanesc-maretie-si-rafinament\/\">Expozi\u021bie: \u201ePortul popular rom\u00e2nesc. M\u0103re\u021bie \u0219i rafinament\u201d<\/a><\/h2><div class=\"fusion-post-content-container\"><p>Muzeul Viticulturii \u0219i Pomiculturii Gole\u0219ti, \u00een parteneriat cu Muzeul Jude\u021bean Olt, s\u0103rb\u0103tore\u0219te Ziua Na\u021bional\u0103 a Rom\u00e2niei prin deschiderea unei expozi\u021bii deosebite - [...]<\/p><\/div><\/div><\/div><div class=\"fusion-clearfix\"><\/div><\/div>\n<\/article>\n<article id=\"blog-1-post-7490\" class=\"fusion-post-grid post-7490 post type-post status-publish format-standard has-post-thumbnail hentry category-stiri\">\n<div class=\"fusion-post-wrapper\" style=\"background-color:rgba(255,255,255,0);border:1px solid var(--awb-color2);border-bottom-width:3px;\">\n\n\t\t\t<div class=\"fusion-flexslider flexslider fusion-flexslider-loading fusion-post-slideshow\" style=\"border-color:var(--awb-color2);\">\n\t\t<ul class=\"slides\">\n\t\t\t\n\t\t\t\t\t\t\t\t\t\t\t\t\t\t<li><div  class=\"fusion-image-wrapper\" aria-haspopup=\"true\">\n\t\t\t\t<img decoding=\"async\" width=\"900\" height=\"508\" src=\"https:\/\/muzeulgolesti.ro\/wp-content\/uploads\/2025\/11\/coperta-1.png\" class=\"attachment-full size-full wp-post-image\" alt=\"\" srcset=\"https:\/\/muzeulgolesti.ro\/wp-content\/uploads\/2025\/11\/coperta-1-200x113.png 200w, https:\/\/muzeulgolesti.ro\/wp-content\/uploads\/2025\/11\/coperta-1-400x226.png 400w, https:\/\/muzeulgolesti.ro\/wp-content\/uploads\/2025\/11\/coperta-1-600x339.png 600w, https:\/\/muzeulgolesti.ro\/wp-content\/uploads\/2025\/11\/coperta-1-800x452.png 800w, https:\/\/muzeulgolesti.ro\/wp-content\/uploads\/2025\/11\/coperta-1.png 900w\" sizes=\"(min-width: 2200px) 100vw, (min-width: 712px) 784px, (min-width: 640px) 712px, \" \/><div class=\"fusion-rollover\">\n\t<div class=\"fusion-rollover-content\">\n\n\t\t\t\t\t\t\t\t\t\t\t\t\t\t<a class=\"fusion-rollover-link\" href=\"https:\/\/muzeulgolesti.ro\/ro\/stiri\/intitutiile-de-cultura-din-arges-si-educatia-copiilor\/\">Institu\u021biile de cultur\u0103 din Arge\u0219 \u0219i educa\u021bia copiilor<\/a>\n\t\t\t\n\t\t\t\t\t\t\t\t\t\t\t\t\t\t\n\t\t\t\t\t\t\t\t\n\t\t\t\t\t\t\t\t\t\t\t\t\t<div class=\"fusion-rollover-sep\"><\/div>\n\t\t\t\t\n\t\t\t\t\t\t\t\t\t\t\t\t\t\t\t\t\t\t<a class=\"fusion-rollover-gallery\" href=\"https:\/\/muzeulgolesti.ro\/wp-content\/uploads\/2025\/11\/coperta-1.png\" data-options=\"\" data-id=\"7490\" data-rel=\"iLightbox[gallery]\" data-title=\"coperta\" data-caption=\"\">\n\t\t\t\t\t\tGallery\t\t\t\t\t<\/a>\n\t\t\t\t\t\t\t\t\t\t\t\t\t\t\n\t\t\n\t\t\t\t\t\t\t\t\t\t\t\t<h4 class=\"fusion-rollover-title\">\n\t\t\t\t\t<a class=\"fusion-rollover-title-link\" href=\"https:\/\/muzeulgolesti.ro\/ro\/stiri\/intitutiile-de-cultura-din-arges-si-educatia-copiilor\/\">\n\t\t\t\t\t\tInstitu\u021biile de cultur\u0103 din Arge\u0219 \u0219i educa\u021bia copiilor\t\t\t\t\t<\/a>\n\t\t\t\t<\/h4>\n\t\t\t\n\t\t\t\t\t\t\t\t\t\t<div class=\"fusion-rollover-categories\"><a href=\"https:\/\/muzeulgolesti.ro\/ro\/category\/stiri\/\" rel=\"tag\">Stiri<\/a><\/div>\t\t\t\t\t\n\t\t\n\t\t\t\t\t\t<a class=\"fusion-link-wrapper\" href=\"https:\/\/muzeulgolesti.ro\/ro\/stiri\/intitutiile-de-cultura-din-arges-si-educatia-copiilor\/\" aria-label=\"Institu\u021biile de cultur\u0103 din Arge\u0219 \u0219i educa\u021bia copiilor\"><\/a>\n\t<\/div>\n<\/div>\n<\/div>\n<\/li>\n\t\t\t\n\t\t\t\n\t\t\t\t\t\t\t\t\t\t\t\t\t\t\t\t\t\t\t\t\t\t\t\t\t\t\t\t\t\t\t\t\t\t\t\t\t\t\t\t\t\t\t\t\t\t\t\t\t\t\t\t\t\t\t\t\t\t\t\t\t\t\t\t\t\t\t\t<\/ul>\n\t<\/div>\n\t<div class=\"fusion-post-content-wrapper\" style=\"padding:30px 25px 25px 25px;\"><div class=\"fusion-post-content post-content\"><h2 class=\"blog-shortcode-post-title entry-title\"><a href=\"https:\/\/muzeulgolesti.ro\/ro\/stiri\/intitutiile-de-cultura-din-arges-si-educatia-copiilor\/\">Institu\u021biile de cultur\u0103 din Arge\u0219 \u0219i educa\u021bia copiilor<\/a><\/h2><div class=\"fusion-post-content-container\"><p>Duminic\u0103, 9 noiembrie 2025, la Teatrul \u201eAlexandru Davila\u201d din Pite\u0219ti, a avut loc lansarea volumului \u201eAtitudinea institu\u021biilor de cultur\u0103 \u0219i a presei [...]<\/p><\/div><\/div><\/div><div class=\"fusion-clearfix\"><\/div><\/div>\n<\/article>\n<div class=\"fusion-clearfix\"><\/div><\/div><\/div><\/div><\/div><\/div><\/div>\n","protected":false},"excerpt":{"rendered":"","protected":false},"author":4,"featured_media":0,"parent":0,"menu_order":0,"comment_status":"closed","ping_status":"closed","template":"100-width.php","meta":{"footnotes":""},"class_list":["post-5072","page","type-page","status-publish","hentry"],"yoast_head":"<!-- This site is optimized with the Yoast SEO plugin v27.5 - https:\/\/yoast.com\/product\/yoast-seo-wordpress\/ -->\n<title>Ghid Muzeul Viticulturii si Pomiculturii Golesti<\/title>\n<meta name=\"description\" content=\"Ghid Muzeul Viticulturii si Pomiculturii Golesti\" \/>\n<meta name=\"robots\" content=\"index, follow, max-snippet:-1, max-image-preview:large, max-video-preview:-1\" \/>\n<link rel=\"canonical\" href=\"https:\/\/muzeulgolesti.ro\/ro\/ghid-muzeul-viticulturii-si-pomiculturii-golesti\/\" \/>\n<meta property=\"og:locale\" content=\"ro_RO\" \/>\n<meta property=\"og:locale:alternate\" content=\"en_UK\" \/>\n<meta property=\"og:type\" content=\"article\" \/>\n<meta property=\"og:title\" content=\"Ghid Muzeul Viticulturii si Pomiculturii Golesti\" \/>\n<meta property=\"og:description\" content=\"Ghid Muzeul Viticulturii si Pomiculturii Golesti\" \/>\n<meta property=\"og:url\" content=\"https:\/\/muzeulgolesti.ro\/ro\/stiri\/intitutiile-de-cultura-din-arges-si-educatia-copiilor\/\" \/>\n<meta property=\"og:site_name\" content=\"Muzeul Viticulturii si Pomiculturii Golesti\" \/>\n<meta property=\"article:publisher\" content=\"https:\/\/web.facebook.com\/www.muzeulgolesti.ro\" \/>\n<meta property=\"article:modified_time\" content=\"2023-01-06T12:56:37+00:00\" \/>\n<meta name=\"twitter:card\" content=\"summary_large_image\" \/>\n<meta name=\"twitter:label1\" content=\"Timp estimat pentru citire\" \/>\n\t<meta name=\"twitter:data1\" content=\"2 minute\" \/>\n<script type=\"application\/ld+json\" class=\"yoast-schema-graph\">{\"@context\":\"https:\\\/\\\/schema.org\",\"@graph\":[{\"@type\":\"WebPage\",\"@id\":\"https:\\\/\\\/muzeulgolesti.ro\\\/en\\\/ghid-muzeul-viticulturii-si-pomiculturii-golesti\\\/\",\"url\":\"https:\\\/\\\/muzeulgolesti.ro\\\/en\\\/ghid-muzeul-viticulturii-si-pomiculturii-golesti\\\/\",\"name\":\"Ghid Muzeul Viticulturii si Pomiculturii Golesti\",\"isPartOf\":{\"@id\":\"https:\\\/\\\/muzeulgolesti.ro\\\/ro\\\/#website\"},\"datePublished\":\"2023-01-06T12:55:47+00:00\",\"dateModified\":\"2023-01-06T12:56:37+00:00\",\"description\":\"Ghid Muzeul Viticulturii si Pomiculturii Golesti\",\"breadcrumb\":{\"@id\":\"https:\\\/\\\/muzeulgolesti.ro\\\/en\\\/ghid-muzeul-viticulturii-si-pomiculturii-golesti\\\/#breadcrumb\"},\"inLanguage\":\"ro-RO\",\"potentialAction\":[{\"@type\":\"ReadAction\",\"target\":[\"https:\\\/\\\/muzeulgolesti.ro\\\/en\\\/ghid-muzeul-viticulturii-si-pomiculturii-golesti\\\/\"]}]},{\"@type\":\"BreadcrumbList\",\"@id\":\"https:\\\/\\\/muzeulgolesti.ro\\\/en\\\/ghid-muzeul-viticulturii-si-pomiculturii-golesti\\\/#breadcrumb\",\"itemListElement\":[{\"@type\":\"ListItem\",\"position\":1,\"name\":\"Prima pagin\u0103\",\"item\":\"https:\\\/\\\/muzeulgolesti.ro\\\/ro\\\/\"},{\"@type\":\"ListItem\",\"position\":2,\"name\":\"Ghid Muzeul Viticulturii si Pomiculturii Golesti\"}]},{\"@type\":\"WebSite\",\"@id\":\"https:\\\/\\\/muzeulgolesti.ro\\\/ro\\\/#website\",\"url\":\"https:\\\/\\\/muzeulgolesti.ro\\\/ro\\\/\",\"name\":\"Muzeul Vititculturii si Pomiculturii Golesti\",\"description\":\"Cultura, Etnografie, Istorie - Muzeul Vititculturii si Pomiculturii Golesti\",\"publisher\":{\"@id\":\"https:\\\/\\\/muzeulgolesti.ro\\\/ro\\\/#organization\"},\"potentialAction\":[{\"@type\":\"SearchAction\",\"target\":{\"@type\":\"EntryPoint\",\"urlTemplate\":\"https:\\\/\\\/muzeulgolesti.ro\\\/ro\\\/?s={search_term_string}\"},\"query-input\":{\"@type\":\"PropertyValueSpecification\",\"valueRequired\":true,\"valueName\":\"search_term_string\"}}],\"inLanguage\":\"ro-RO\"},{\"@type\":\"Organization\",\"@id\":\"https:\\\/\\\/muzeulgolesti.ro\\\/ro\\\/#organization\",\"name\":\"Muzeul Vititculturii si Pomiculturii Golesti\",\"url\":\"https:\\\/\\\/muzeulgolesti.ro\\\/ro\\\/\",\"logo\":{\"@type\":\"ImageObject\",\"inLanguage\":\"ro-RO\",\"@id\":\"https:\\\/\\\/muzeulgolesti.ro\\\/ro\\\/#\\\/schema\\\/logo\\\/image\\\/\",\"url\":\"https:\\\/\\\/muzeulgolesti.ro\\\/wp-content\\\/uploads\\\/2022\\\/11\\\/SiglaMuzeu.jpg\",\"contentUrl\":\"https:\\\/\\\/muzeulgolesti.ro\\\/wp-content\\\/uploads\\\/2022\\\/11\\\/SiglaMuzeu.jpg\",\"width\":86,\"height\":50,\"caption\":\"Muzeul Vititculturii si Pomiculturii Golesti\"},\"image\":{\"@id\":\"https:\\\/\\\/muzeulgolesti.ro\\\/ro\\\/#\\\/schema\\\/logo\\\/image\\\/\"},\"sameAs\":[\"https:\\\/\\\/web.facebook.com\\\/www.muzeulgolesti.ro\"]}]}<\/script>\n<!-- \/ Yoast SEO plugin. -->","yoast_head_json":{"title":"Ghid Muzeul Viticulturii si Pomiculturii Golesti","description":"[:ro]Ghid Muzeul Viticulturii si Pomiculturii Golesti[:] - Muzeul Viticulturii si Pomiculturii Golesti","robots":{"index":"index","follow":"follow","max-snippet":"max-snippet:-1","max-image-preview":"max-image-preview:large","max-video-preview":"max-video-preview:-1"},"canonical":"https:\/\/muzeulgolesti.ro\/ro\/ghid-muzeul-viticulturii-si-pomiculturii-golesti\/","og_locale":"ro_RO","og_type":"article","og_title":"[:ro]Ghid Muzeul Viticulturii si Pomiculturii Golesti[:] - Muzeul Viticulturii si Pomiculturii Golesti","og_description":"[:ro]Ghid Muzeul Viticulturii si Pomiculturii Golesti[:] - Muzeul Viticulturii si Pomiculturii Golesti","og_url":"https:\/\/muzeulgolesti.ro\/ro\/stiri\/intitutiile-de-cultura-din-arges-si-educatia-copiilor\/","og_site_name":"Muzeul Viticulturii si Pomiculturii Golesti","article_publisher":"https:\/\/web.facebook.com\/www.muzeulgolesti.ro","article_modified_time":"2023-01-06T12:56:37+00:00","twitter_card":"summary_large_image","twitter_misc":{"Timp estimat pentru citire":"2 minute"},"schema":{"@context":"https:\/\/schema.org","@graph":[{"@type":"WebPage","@id":"https:\/\/muzeulgolesti.ro\/en\/ghid-muzeul-viticulturii-si-pomiculturii-golesti\/","url":"https:\/\/muzeulgolesti.ro\/en\/ghid-muzeul-viticulturii-si-pomiculturii-golesti\/","name":"Ghid Muzeul Viticulturii si Pomiculturii Golesti","isPartOf":{"@id":"https:\/\/muzeulgolesti.ro\/ro\/#website"},"datePublished":"2023-01-06T12:55:47+00:00","dateModified":"2023-01-06T12:56:37+00:00","description":"Ghid Muzeul Viticulturii si Pomiculturii Golesti","breadcrumb":{"@id":"https:\/\/muzeulgolesti.ro\/en\/ghid-muzeul-viticulturii-si-pomiculturii-golesti\/#breadcrumb"},"inLanguage":"ro-RO","potentialAction":[{"@type":"ReadAction","target":["https:\/\/muzeulgolesti.ro\/en\/ghid-muzeul-viticulturii-si-pomiculturii-golesti\/"]}]},{"@type":"BreadcrumbList","@id":"https:\/\/muzeulgolesti.ro\/en\/ghid-muzeul-viticulturii-si-pomiculturii-golesti\/#breadcrumb","itemListElement":[{"@type":"ListItem","position":1,"name":"Prima pagin\u0103","item":"https:\/\/muzeulgolesti.ro\/ro\/"},{"@type":"ListItem","position":2,"name":"Ghid Muzeul Viticulturii si Pomiculturii Golesti"}]},{"@type":"WebSite","@id":"https:\/\/muzeulgolesti.ro\/ro\/#website","url":"https:\/\/muzeulgolesti.ro\/ro\/","name":"Muzeul Vititculturii si Pomiculturii Golesti","description":"Cultura, Etnografie, Istorie - Muzeul Vititculturii si Pomiculturii Golesti","publisher":{"@id":"https:\/\/muzeulgolesti.ro\/ro\/#organization"},"potentialAction":[{"@type":"SearchAction","target":{"@type":"EntryPoint","urlTemplate":"https:\/\/muzeulgolesti.ro\/ro\/?s={search_term_string}"},"query-input":{"@type":"PropertyValueSpecification","valueRequired":true,"valueName":"search_term_string"}}],"inLanguage":"ro-RO"},{"@type":"Organization","@id":"https:\/\/muzeulgolesti.ro\/ro\/#organization","name":"Muzeul Vititculturii si Pomiculturii Golesti","url":"https:\/\/muzeulgolesti.ro\/ro\/","logo":{"@type":"ImageObject","inLanguage":"ro-RO","@id":"https:\/\/muzeulgolesti.ro\/ro\/#\/schema\/logo\/image\/","url":"https:\/\/muzeulgolesti.ro\/wp-content\/uploads\/2022\/11\/SiglaMuzeu.jpg","contentUrl":"https:\/\/muzeulgolesti.ro\/wp-content\/uploads\/2022\/11\/SiglaMuzeu.jpg","width":86,"height":50,"caption":"Muzeul Vititculturii si Pomiculturii Golesti"},"image":{"@id":"https:\/\/muzeulgolesti.ro\/ro\/#\/schema\/logo\/image\/"},"sameAs":["https:\/\/web.facebook.com\/www.muzeulgolesti.ro"]}]}},"_links":{"self":[{"href":"https:\/\/muzeulgolesti.ro\/ro\/wp-json\/wp\/v2\/pages\/5072","targetHints":{"allow":["GET"]}}],"collection":[{"href":"https:\/\/muzeulgolesti.ro\/ro\/wp-json\/wp\/v2\/pages"}],"about":[{"href":"https:\/\/muzeulgolesti.ro\/ro\/wp-json\/wp\/v2\/types\/page"}],"author":[{"embeddable":true,"href":"https:\/\/muzeulgolesti.ro\/ro\/wp-json\/wp\/v2\/users\/4"}],"replies":[{"embeddable":true,"href":"https:\/\/muzeulgolesti.ro\/ro\/wp-json\/wp\/v2\/comments?post=5072"}],"version-history":[{"count":1,"href":"https:\/\/muzeulgolesti.ro\/ro\/wp-json\/wp\/v2\/pages\/5072\/revisions"}],"predecessor-version":[{"id":5075,"href":"https:\/\/muzeulgolesti.ro\/ro\/wp-json\/wp\/v2\/pages\/5072\/revisions\/5075"}],"wp:attachment":[{"href":"https:\/\/muzeulgolesti.ro\/ro\/wp-json\/wp\/v2\/media?parent=5072"}],"curies":[{"name":"wp","href":"https:\/\/api.w.org\/{rel}","templated":true}]}}